{"id":182,"date":"2025-06-25T11:49:45","date_gmt":"2025-06-25T11:49:45","guid":{"rendered":"https:\/\/asadorfaneco.com\/?page_id=182"},"modified":"2025-09-11T20:57:34","modified_gmt":"2025-09-11T20:57:34","slug":"marikina-park","status":"publish","type":"page","link":"https:\/\/asadorfaneco.com\/es\/marikina-park\/","title":{"rendered":"Marikin\u00e1 Park"},"content":{"rendered":"\n<div class=\"is-style-default sin-border-box wp-block-group alignfull is-layout-flow wp-container-core-group-is-layout-ed2d1f84 wp-block-group-is-layout-flow\" id=\"hero\" style=\"border-style:none;border-width:0px;margin-top:0;margin-bottom:0;padding-right:0px;padding-left:0px\">\n<div class=\"nfd-stretch-cover-child nfd-bg-gray-800 sin-border-box wp-block-cover\" style=\"margin-top:0;margin-bottom:0;padding-top:0;padding-right:0;padding-bottom:0;padding-left:0\"><img data-recalc-dims=\"1\" decoding=\"async\" loading=\"lazy\" class=\"wp-block-cover__image-background wp-image-183 size-full\" alt=\"Roc\u00f3dromo Marikin\u00e1\" src=\"https:\/\/i0.wp.com\/asadorfaneco.com\/wp-content\/uploads\/2025\/06\/marikina-rocodromo.jpg?ssl=1\" data-object-fit=\"cover\"\/><span aria-hidden=\"true\" class=\"wp-block-cover__background has-black-background-color has-background-dim-30 has-background-dim\"><\/span><div class=\"wp-block-cover__inner-container is-layout-flow wp-block-cover-is-layout-flow\">\n<div class=\"nfd-px-base nfd-grow nfd-w-full md:nfd-border-none alignfull sin-border-box wp-block-group is-vertical is-layout-flex wp-container-core-group-is-layout-afc903cf wp-block-group-is-layout-flex\" style=\"border-top-style:none;border-top-width:0px;border-right-color:var(--wp--preset--color--white);border-right-width:32px;border-bottom-color:var(--wp--preset--color--white);border-bottom-width:32px;border-left-color:var(--wp--preset--color--white);border-left-width:32px\">\n<div style=\"height:0px;width:0px\" aria-hidden=\"true\" class=\"nfd-my-0 wp-block-spacer wp-container-content-95b39f08\"><\/div>\n\n\n\n<h2 class=\"wp-block-heading has-text-align-center has-text-color has-link-color wp-elements-9946fe3a5c1d2f285d1ff05fa2b69a5c\" style=\"border-style:none;border-width:0px;color:#f9f9f9\">Marikin\u00e1 Park<\/h2>\n\n\n\n<div class=\"nfd-text-md md:nfd-justify-start md:nfd-self-start wp-block-group has-global-padding is-content-justification-left is-layout-constrained wp-container-core-group-is-layout-d5209ea4 wp-block-group-is-layout-constrained\">\n<p class=\"has-text-align-center has-text-color has-link-color wp-elements-318acad166aa9d65e632fb25ad20a4a7\" style=\"color:#f9f9f9;font-size:clamp(14.082px, 0.88rem + ((1vw - 3.2px) * 0.786), 21px);\">Ecoparque de aventuras en el Parque Forestal de Beade<\/p>\n<\/div>\n<\/div>\n<\/div><\/div>\n<\/div>\n\n\n\n<div class=\"nfd-p-md nfd-pb-lg nfd-container is-style-nfd-theme-white wp-block-group has-background has-global-padding is-layout-constrained wp-container-core-group-is-layout-24bd993d wp-block-group-is-layout-constrained\" style=\"background-color:#212121\">\n<div class=\"nfd-gap-3xl wp-block-columns are-vertically-aligned-center has-background is-layout-flex wp-container-core-columns-is-layout-28f84493 wp-block-columns-is-layout-flex\" style=\"background-color:#212121\">\n<div class=\"md:nfd-order-2 wp-block-column is-vertically-aligned-center is-layout-flow wp-container-core-column-is-layout-369f67fb wp-block-column-is-layout-flow\" style=\"flex-basis:50%\">\n<div class=\"nfd-gap-md wp-block-group is-vertical is-layout-flex wp-container-core-group-is-layout-fe9cc265 wp-block-group-is-layout-flex\">\n<h3 class=\"nfd-text-xl nfd-text-contrast nfd-text-balance wp-block-heading has-text-color has-link-color wp-elements-d82e5dca48f2e522608777018965383c\" style=\"color:#f9f9f9\">El ecoparque<\/h3>\n\n\n\n<p class=\"has-text-color has-link-color wp-elements-43f9ebd56766e4ed1fcde0ef2dae9206\" style=\"color:#f9f9f9\">A pocos minutos andando desde nuestro asador Marikin\u00e1 Park, el mayor ecoparque de aventuras en los \u00e1rboles de Galicia. 26.000 metros cuadrados de circuitos a\u00e9reos que se recorren de \u00e1rbol en \u00e1rbol a trav\u00e9s de puentes colgantes, tirolinas y lianas.<\/p>\n\n\n\n<p class=\"has-text-color has-link-color wp-elements-5d01656c2a39ed6bbc6bc315085393cf\" style=\"color:#f9f9f9\">Adem\u00e1s, posee un roc\u00f3dromo y tipis de siete metros que se pueden arrendar para hacer cumplea\u00f1os, comuniones o de cualquier tipo.<\/p>\n\n\n\n<p class=\"has-text-color has-link-color wp-elements-ee0e6f92e48695f1b0f054f86741722a\" style=\"color:#f9f9f9\">Destaca su sistema de seguridad: una l\u00ednea de vida continua. Consiste en un sistema de poleas atado a un arn\u00e9s, dise\u00f1ado para tener siempre un amarre personal y evitar cualquier caida.<\/p>\n<\/div>\n<\/div>\n\n\n\n<div class=\"wp-block-column is-vertically-aligned-center is-layout-flow wp-block-column-is-layout-flow\" style=\"flex-basis:50%\">\n<div class=\"wp-block-group has-global-padding is-layout-constrained wp-block-group-is-layout-constrained\">\n<figure class=\"nfd-rounded wp-block-image size-full\"><img data-recalc-dims=\"1\" decoding=\"async\" loading=\"lazy\" src=\"https:\/\/i0.wp.com\/asadorfaneco.com\/wp-content\/uploads\/2025\/06\/marikina-beade.jpg?ssl=1\" alt=\"Cartel Marikin\u00e1 en el Parque Forestal de Beade\" class=\"wp-image-184\" style=\"aspect-ratio:1;object-fit:cover\"\/><figcaption class=\"wp-element-caption\">Cartel Marikin\u00e1<\/figcaption><\/figure>\n<\/div>\n<\/div>\n<\/div>\n\n\n\n<div class=\"nfd-gap-3xl wp-block-columns are-vertically-aligned-center is-layout-flex wp-container-core-columns-is-layout-28f84493 wp-block-columns-is-layout-flex\">\n<div class=\"wp-block-column is-vertically-aligned-center is-layout-flow wp-block-column-is-layout-flow\" style=\"flex-basis:50%\">\n<div class=\"wp-block-group has-global-padding is-layout-constrained wp-block-group-is-layout-constrained\">\n<figure class=\"nfd-rounded is-style-default wp-block-image size-full wp-duotone-unset-1\"><img data-recalc-dims=\"1\" decoding=\"async\" loading=\"lazy\" src=\"https:\/\/i0.wp.com\/asadorfaneco.com\/wp-content\/uploads\/2025\/06\/marikina-tipis.jpg?ssl=1\" alt=\"Tipis Marikin\u00e1\" class=\"wp-image-185\" style=\"aspect-ratio:1;object-fit:cover\"\/><figcaption class=\"wp-element-caption\">Tipis de siete metros<\/figcaption><\/figure>\n<\/div>\n<\/div>\n\n\n\n<div class=\"md:nfd-order-2 wp-block-column is-vertically-aligned-center is-layout-flow wp-container-core-column-is-layout-369f67fb wp-block-column-is-layout-flow\" style=\"flex-basis:50%\">\n<div class=\"nfd-gap-md wp-block-group is-vertical is-layout-flex wp-container-core-group-is-layout-fe9cc265 wp-block-group-is-layout-flex\">\n<h3 class=\"nfd-text-xl nfd-text-contrast nfd-text-balance wp-block-heading has-text-color has-link-color wp-elements-f5c018d881ec4749c30bca52ba459b09\" style=\"color:#f9f9f9\">Circuitos<\/h3>\n\n\n\n<p class=\"has-text-color has-link-color wp-elements-5731ae3c99ec5ebb4367e5ec2c8febc6\" style=\"color:#f9f9f9\">Marikin\u00e1 Park cuenta con cuatro circuitos familiares y siete circuitos deportivos.<\/p>\n\n\n\n<p class=\"has-text-color has-link-color wp-elements-b9e48e840cae6df77556a66a661b30d3\" style=\"color:#f9f9f9\">Se puede participar en los circuitos familiares a partir de los 7 a\u00f1os si se mide m\u00e1s de 1,20 m. Tienen una altura m\u00e1xima de 11 metros. La actividad tiene una duraci\u00f3n total de 90 minutos y consta de un total de 36 juegos. <\/p>\n\n\n\n<p class=\"has-text-color has-link-color wp-elements-53b02e5cd582e790875191d9903e4682\" style=\"color:#f9f9f9\">Se puede participar en los circuitos deportivos a partir de los 13 a\u00f1os si se mide m\u00e1s de 1,45 m. Tienen una altura m\u00e1xima de 20 metros. La actividad tiene una duraci\u00f3n total de 120 minutos y consta de un total de 47 juegos. <\/p>\n<\/div>\n<\/div>\n<\/div>\n\n\n\n<div class=\"nfd-gap-3xl wp-block-columns are-vertically-aligned-center has-background is-layout-flex wp-container-core-columns-is-layout-28f84493 wp-block-columns-is-layout-flex\" style=\"background-color:#212121\">\n<div class=\"md:nfd-order-2 wp-block-column is-vertically-aligned-center is-layout-flow wp-container-core-column-is-layout-369f67fb wp-block-column-is-layout-flow\" style=\"flex-basis:50%\">\n<div class=\"nfd-gap-md wp-block-group is-vertical is-layout-flex wp-container-core-group-is-layout-fe9cc265 wp-block-group-is-layout-flex\">\n<h3 class=\"nfd-text-xl nfd-text-contrast nfd-text-balance wp-block-heading has-text-color has-link-color wp-elements-18f634e4dfd77af4a3f4052b148c7e96\" style=\"color:#f9f9f9\">\u00bfC\u00f3mo funciona?<\/h3>\n\n\n\n<p class=\"has-text-color has-link-color wp-elements-25d98e7399ba42285dbf90fa674504c5\" style=\"color:#f9f9f9\">Despu\u00e9s de hacer la reserva online, se aconseja llegar al recinto con quince minutos de antelaci\u00f3n. All\u00ed, los monitores dar\u00e1n unas peque\u00f1as instrucciones de seguridad y har\u00e1n una peque\u00f1a prueba para verificar que los participantes las cumplen correctamente. <\/p>\n\n\n\n<p class=\"has-text-color has-link-color wp-elements-909ec57ad163de39a4f54be2cd7d46ff\" style=\"color:#f9f9f9\">Despu\u00e9s, todo lo que queda es disfrutar de los circuitos con el acompa\u00f1amiento de los monitores cualificados.<\/p>\n\n\n\n<p class=\"has-text-color has-link-color wp-elements-a6e692a926502c4a736a45abd52aaccb\" style=\"color:#f9f9f9\">Al acabar la sesi\u00f3n, se pueden pedir men\u00fas de churrasco o de pizza en su cantina. Tambi\u00e9n pod\u00e9is pasaros por nuestro asador O Faneco, que estamos al lado, si os interesa una experiencia gastron\u00f3mica m\u00e1s completa. <\/p>\n<\/div>\n<\/div>\n\n\n\n<div class=\"wp-block-column is-vertically-aligned-center is-layout-flow wp-block-column-is-layout-flow\" style=\"flex-basis:50%\">\n<div class=\"wp-block-group has-global-padding is-layout-constrained wp-block-group-is-layout-constrained\">\n<figure class=\"nfd-rounded wp-block-image size-full\"><img data-recalc-dims=\"1\" decoding=\"async\" loading=\"lazy\" src=\"https:\/\/i0.wp.com\/asadorfaneco.com\/wp-content\/uploads\/2025\/06\/marikina-rocodromo.jpg?ssl=1\" alt=\"Roc\u00f3dromo Marikin\u00e1\" class=\"wp-image-183\" style=\"aspect-ratio:1;object-fit:cover\"\/><figcaption class=\"wp-element-caption\">Roc\u00f3dromo Marikin\u00e1<\/figcaption><\/figure>\n<\/div>\n<\/div>\n<\/div>\n<\/div>\n\n\n\n<div class=\"nfd-container nfd-p-md  nfd-wb-features__features-15 is-style-nfd-theme-white wp-block-group has-background has-global-padding is-layout-constrained wp-block-group-is-layout-constrained\" style=\"background-color:#212121\">\n<h3 class=\"nfd-text-xl nfd-text-contrast nfd-text-balance wp-block-heading has-text-color has-link-color wp-elements-aa969e3b857459ca64778b4b185612c1\" style=\"color:#f9f9f9\">Nuestro asador<\/h3>\n\n\n\n<div class=\"nfd-gap-xl nfd-gap-y-2xl wp-block-columns is-layout-flex wp-container-core-columns-is-layout-28f84493 wp-block-columns-is-layout-flex\">\n<div class=\"wp-block-column is-layout-flow wp-block-column-is-layout-flow\">\n<figure class=\"nfd-rounded-sm wp-block-image size-large\"><a href=\"https:\/\/asadorfaneco.com\/es\/gastronomia\/\"><img data-recalc-dims=\"1\" decoding=\"async\" width=\"1024\" height=\"768\" loading=\"lazy\" src=\"https:\/\/i0.wp.com\/asadorfaneco.com\/wp-content\/uploads\/2025\/07\/carne-parrilla.webp?resize=1024%2C768&#038;ssl=1\" alt=\"Gastronom\u00eda Asador O Faneco\" class=\"wp-image-245\" style=\"aspect-ratio:16\/9;object-fit:cover\" srcset=\"https:\/\/i0.wp.com\/asadorfaneco.com\/wp-content\/uploads\/2025\/07\/carne-parrilla.webp?resize=1024%2C768&amp;ssl=1 1024w, https:\/\/i0.wp.com\/asadorfaneco.com\/wp-content\/uploads\/2025\/07\/carne-parrilla.webp?resize=300%2C225&amp;ssl=1 300w, https:\/\/i0.wp.com\/asadorfaneco.com\/wp-content\/uploads\/2025\/07\/carne-parrilla.webp?resize=768%2C576&amp;ssl=1 768w, https:\/\/i0.wp.com\/asadorfaneco.com\/wp-content\/uploads\/2025\/07\/carne-parrilla.webp?resize=1536%2C1152&amp;ssl=1 1536w, https:\/\/i0.wp.com\/asadorfaneco.com\/wp-content\/uploads\/2025\/07\/carne-parrilla.webp?resize=16%2C12&amp;ssl=1 16w, https:\/\/i0.wp.com\/asadorfaneco.com\/wp-content\/uploads\/2025\/07\/carne-parrilla.webp?w=2000&amp;ssl=1 2000w\" sizes=\"auto, (max-width: 1000px) 100vw, 1000px\" \/><\/a><\/figure>\n\n\n\n<div class=\"wp-block-group is-vertical is-content-justification-stretch is-layout-flex wp-container-core-group-is-layout-38a18bb4 wp-block-group-is-layout-flex\">\n<h3 class=\"nfd-text-lg nfd-text-contrast wp-block-heading has-text-align-left has-text-color has-link-color wp-elements-882fef7119d097589930b56e0086ac54\" style=\"color:#f9f9f9fa;text-decoration:none\"><a href=\"https:\/\/asadorfaneco.com\/es\/gastronomia\/\">Gastronom\u00eda<\/a><\/h3>\n\n\n\n<p class=\"nfd-text-base nfd-text-balance has-text-color has-link-color wp-elements-2e05131ab2fe1080038e04f252e4a309\" style=\"color:#f9f9f9\">Ofrecemos raciones t\u00edpicas de comida tradicional gallega. Destacan nuestras carnes y pescados a la brasa.<\/p>\n<\/div>\n<\/div>\n\n\n\n<div class=\"wp-block-column is-layout-flow wp-block-column-is-layout-flow\">\n<figure class=\"nfd-rounded-sm wp-block-image size-full\"><a href=\"https:\/\/asadorfaneco.com\/es\/instalaciones\/\"><img data-recalc-dims=\"1\" decoding=\"async\" loading=\"lazy\" src=\"https:\/\/i0.wp.com\/asadorfaneco.com\/wp-content\/uploads\/2025\/08\/mesas-terraza.jpg?ssl=1\" alt=\"Instalaciones Asador O Faneco\" class=\"wp-image-585\" style=\"aspect-ratio:16\/9;object-fit:cover\"\/><\/a><\/figure>\n\n\n\n<div class=\"wp-block-group is-vertical is-content-justification-stretch is-layout-flex wp-container-core-group-is-layout-38a18bb4 wp-block-group-is-layout-flex\">\n<h3 class=\"nfd-text-lg nfd-text-contrast wp-block-heading has-text-align-left has-text-color has-link-color wp-elements-1480a66d5fb260cc95a5659c72aac51e\" style=\"color:#f9f9f9;text-decoration:none\"><a href=\"https:\/\/asadorfaneco.com\/es\/instalaciones\/\">Instalaciones<\/a><\/h3>\n\n\n\n<p class=\"nfd-text-base nfd-text-balance has-text-color has-link-color wp-elements-fcd2d985f75609c21f1a87a83cfd0ca0\" style=\"color:#f9f9f9\">Tenemos una gran parrilla, un sal\u00f3n de comidas, dos terrazas al aire libre, escenario y bar exterior en verano.<\/p>\n<\/div>\n<\/div>\n\n\n\n<div class=\"wp-block-column is-layout-flow wp-block-column-is-layout-flow\">\n<figure class=\"nfd-rounded-sm wp-block-image size-large\"><a href=\"https:\/\/asadorfaneco.com\/es\/eventos\/\"><img data-recalc-dims=\"1\" decoding=\"async\" width=\"1024\" height=\"698\" loading=\"lazy\" src=\"https:\/\/i0.wp.com\/asadorfaneco.com\/wp-content\/uploads\/2025\/08\/escenario-1.webp?resize=1024%2C698&#038;ssl=1\" alt=\"Eventos Asador O Faneco\" class=\"wp-image-597\" style=\"aspect-ratio:16\/9;object-fit:cover\" srcset=\"https:\/\/i0.wp.com\/asadorfaneco.com\/wp-content\/uploads\/2025\/08\/escenario-1-scaled.webp?resize=1024%2C698&amp;ssl=1 1024w, https:\/\/i0.wp.com\/asadorfaneco.com\/wp-content\/uploads\/2025\/08\/escenario-1-scaled.webp?resize=300%2C205&amp;ssl=1 300w, https:\/\/i0.wp.com\/asadorfaneco.com\/wp-content\/uploads\/2025\/08\/escenario-1-scaled.webp?resize=768%2C524&amp;ssl=1 768w, https:\/\/i0.wp.com\/asadorfaneco.com\/wp-content\/uploads\/2025\/08\/escenario-1-scaled.webp?resize=1536%2C1048&amp;ssl=1 1536w, https:\/\/i0.wp.com\/asadorfaneco.com\/wp-content\/uploads\/2025\/08\/escenario-1-scaled.webp?resize=2048%2C1397&amp;ssl=1 2048w, https:\/\/i0.wp.com\/asadorfaneco.com\/wp-content\/uploads\/2025\/08\/escenario-1-scaled.webp?resize=18%2C12&amp;ssl=1 18w\" sizes=\"auto, (max-width: 1000px) 100vw, 1000px\" \/><\/a><\/figure>\n\n\n\n<div class=\"wp-block-group is-vertical is-content-justification-stretch is-layout-flex wp-container-core-group-is-layout-38a18bb4 wp-block-group-is-layout-flex\">\n<h3 class=\"nfd-text-lg nfd-text-contrast wp-block-heading has-text-align-left has-text-color has-link-color wp-elements-e839e8dd2078354ad2ab19e63dcae4d5\" style=\"color:#f9f9f9;text-decoration:none\"><a href=\"https:\/\/asadorfaneco.com\/es\/eventos\/\">Eventos<\/a><\/h3>\n\n\n\n<p class=\"nfd-text-base nfd-text-balance has-text-color has-link-color wp-elements-8d88bafa696439529e7a529fe7556dcb\" style=\"color:#f9f9f9\">Organiza eventos en nuestra terraza con escenario o en el la sala interior. Puede incluir oferta gastron\u00f3mica.<\/p>\n<\/div>\n<\/div>\n<\/div>\n<\/div>\n\n\n\n<div style=\"height:4vw\" aria-hidden=\"true\" class=\"wp-block-spacer\"><\/div>\n","protected":false},"excerpt":{"rendered":"<p>El ecoparque A pocos minutos andando desde nuestro asador Marikin\u00e1 Park, el mayor ecoparque de aventuras en los \u00e1rboles de Galicia. 26.000 metros cuadrados de circuitos a\u00e9reos que se recorren de \u00e1rbol en \u00e1rbol a trav\u00e9s de puentes colgantes, tirolinas y lianas. Adem\u00e1s, posee un roc\u00f3dromo y tipis de siete metros que se pueden arrendar [&hellip;]<\/p>\n","protected":false},"author":1,"featured_media":0,"parent":0,"menu_order":0,"comment_status":"closed","ping_status":"closed","template":"","meta":{"nf_dc_page":"","om_disable_all_campaigns":false,"_monsterinsights_skip_tracking":false,"_monsterinsights_sitenote_active":false,"_monsterinsights_sitenote_note":"","_monsterinsights_sitenote_category":0,"footnotes":""},"class_list":["post-182","page","type-page","status-publish","hentry"],"yoast_head":"<!-- This site is optimized with the Yoast SEO plugin v27.5 - https:\/\/yoast.com\/product\/yoast-seo-wordpress\/ -->\n<title>Marikin\u00e1 Park - Asador Faneco<\/title>\n<meta name=\"robots\" content=\"index, follow, max-snippet:-1, max-image-preview:large, max-video-preview:-1\" \/>\n<link rel=\"canonical\" href=\"https:\/\/asadorfaneco.com\/es\/marikina-park\/\" \/>\n<meta property=\"og:locale\" content=\"es_ES\" \/>\n<meta property=\"og:type\" content=\"article\" \/>\n<meta property=\"og:title\" content=\"Marikin\u00e1 Park - Asador Faneco\" \/>\n<meta property=\"og:description\" content=\"El ecoparque A pocos minutos andando desde nuestro asador Marikin\u00e1 Park, el mayor ecoparque de aventuras en los \u00e1rboles de Galicia. 26.000 metros cuadrados de circuitos a\u00e9reos que se recorren de \u00e1rbol en \u00e1rbol a trav\u00e9s de puentes colgantes, tirolinas y lianas. Adem\u00e1s, posee un roc\u00f3dromo y tipis de siete metros que se pueden arrendar [&hellip;]\" \/>\n<meta property=\"og:url\" content=\"https:\/\/asadorfaneco.com\/es\/marikina-park\/\" \/>\n<meta property=\"og:site_name\" content=\"Asador Faneco\" \/>\n<meta property=\"article:modified_time\" content=\"2025-09-11T20:57:34+00:00\" \/>\n<meta property=\"og:image\" content=\"https:\/\/asadorfaneco.com\/wp-content\/uploads\/2025\/06\/marikina-rocodromo.jpg\" \/>\n<meta name=\"twitter:card\" content=\"summary_large_image\" \/>\n<meta name=\"twitter:label1\" content=\"Tiempo de lectura\" \/>\n\t<meta name=\"twitter:data1\" content=\"3 minutos\" \/>\n<script type=\"application\/ld+json\" class=\"yoast-schema-graph\">{\"@context\":\"https:\\\/\\\/schema.org\",\"@graph\":[{\"@type\":\"WebPage\",\"@id\":\"https:\\\/\\\/asadorfaneco.com\\\/marikina-park\\\/\",\"url\":\"https:\\\/\\\/asadorfaneco.com\\\/marikina-park\\\/\",\"name\":\"Marikin\u00e1 Park - Asador Faneco\",\"isPartOf\":{\"@id\":\"https:\\\/\\\/asadorfaneco.com\\\/#website\"},\"primaryImageOfPage\":{\"@id\":\"https:\\\/\\\/asadorfaneco.com\\\/marikina-park\\\/#primaryimage\"},\"image\":{\"@id\":\"https:\\\/\\\/asadorfaneco.com\\\/marikina-park\\\/#primaryimage\"},\"thumbnailUrl\":\"https:\\\/\\\/asadorfaneco.com\\\/wp-content\\\/uploads\\\/2025\\\/06\\\/marikina-rocodromo.jpg\",\"datePublished\":\"2025-06-25T11:49:45+00:00\",\"dateModified\":\"2025-09-11T20:57:34+00:00\",\"breadcrumb\":{\"@id\":\"https:\\\/\\\/asadorfaneco.com\\\/marikina-park\\\/#breadcrumb\"},\"inLanguage\":\"es\",\"potentialAction\":[{\"@type\":\"ReadAction\",\"target\":[\"https:\\\/\\\/asadorfaneco.com\\\/marikina-park\\\/\"]}]},{\"@type\":\"ImageObject\",\"inLanguage\":\"es\",\"@id\":\"https:\\\/\\\/asadorfaneco.com\\\/marikina-park\\\/#primaryimage\",\"url\":\"https:\\\/\\\/asadorfaneco.com\\\/wp-content\\\/uploads\\\/2025\\\/06\\\/marikina-rocodromo.jpg\",\"contentUrl\":\"https:\\\/\\\/asadorfaneco.com\\\/wp-content\\\/uploads\\\/2025\\\/06\\\/marikina-rocodromo.jpg\"},{\"@type\":\"BreadcrumbList\",\"@id\":\"https:\\\/\\\/asadorfaneco.com\\\/marikina-park\\\/#breadcrumb\",\"itemListElement\":[{\"@type\":\"ListItem\",\"position\":1,\"name\":\"Home\",\"item\":\"https:\\\/\\\/asadorfaneco.com\\\/\"},{\"@type\":\"ListItem\",\"position\":2,\"name\":\"Marikin\u00e1 Park\"}]},{\"@type\":\"WebSite\",\"@id\":\"https:\\\/\\\/asadorfaneco.com\\\/#website\",\"url\":\"https:\\\/\\\/asadorfaneco.com\\\/\",\"name\":\"Asador Faneco\",\"description\":\"Brasas, m\u00fasica y naturaleza\",\"potentialAction\":[{\"@type\":\"SearchAction\",\"target\":{\"@type\":\"EntryPoint\",\"urlTemplate\":\"https:\\\/\\\/asadorfaneco.com\\\/?s={search_term_string}\"},\"query-input\":{\"@type\":\"PropertyValueSpecification\",\"valueRequired\":true,\"valueName\":\"search_term_string\"}}],\"inLanguage\":\"es\"}]}<\/script>\n<!-- \/ Yoast SEO plugin. -->","yoast_head_json":{"title":"Marikin\u00e1 Park - Asador Faneco","robots":{"index":"index","follow":"follow","max-snippet":"max-snippet:-1","max-image-preview":"max-image-preview:large","max-video-preview":"max-video-preview:-1"},"canonical":"https:\/\/asadorfaneco.com\/es\/marikina-park\/","og_locale":"es_ES","og_type":"article","og_title":"Marikin\u00e1 Park - Asador Faneco","og_description":"El ecoparque A pocos minutos andando desde nuestro asador Marikin\u00e1 Park, el mayor ecoparque de aventuras en los \u00e1rboles de Galicia. 26.000 metros cuadrados de circuitos a\u00e9reos que se recorren de \u00e1rbol en \u00e1rbol a trav\u00e9s de puentes colgantes, tirolinas y lianas. Adem\u00e1s, posee un roc\u00f3dromo y tipis de siete metros que se pueden arrendar [&hellip;]","og_url":"https:\/\/asadorfaneco.com\/es\/marikina-park\/","og_site_name":"Asador Faneco","article_modified_time":"2025-09-11T20:57:34+00:00","og_image":[{"url":"https:\/\/asadorfaneco.com\/wp-content\/uploads\/2025\/06\/marikina-rocodromo.jpg","type":"","width":"","height":""}],"twitter_card":"summary_large_image","twitter_misc":{"Tiempo de lectura":"3 minutos"},"schema":{"@context":"https:\/\/schema.org","@graph":[{"@type":"WebPage","@id":"https:\/\/asadorfaneco.com\/marikina-park\/","url":"https:\/\/asadorfaneco.com\/marikina-park\/","name":"Marikin\u00e1 Park - Asador Faneco","isPartOf":{"@id":"https:\/\/asadorfaneco.com\/#website"},"primaryImageOfPage":{"@id":"https:\/\/asadorfaneco.com\/marikina-park\/#primaryimage"},"image":{"@id":"https:\/\/asadorfaneco.com\/marikina-park\/#primaryimage"},"thumbnailUrl":"https:\/\/asadorfaneco.com\/wp-content\/uploads\/2025\/06\/marikina-rocodromo.jpg","datePublished":"2025-06-25T11:49:45+00:00","dateModified":"2025-09-11T20:57:34+00:00","breadcrumb":{"@id":"https:\/\/asadorfaneco.com\/marikina-park\/#breadcrumb"},"inLanguage":"es","potentialAction":[{"@type":"ReadAction","target":["https:\/\/asadorfaneco.com\/marikina-park\/"]}]},{"@type":"ImageObject","inLanguage":"es","@id":"https:\/\/asadorfaneco.com\/marikina-park\/#primaryimage","url":"https:\/\/asadorfaneco.com\/wp-content\/uploads\/2025\/06\/marikina-rocodromo.jpg","contentUrl":"https:\/\/asadorfaneco.com\/wp-content\/uploads\/2025\/06\/marikina-rocodromo.jpg"},{"@type":"BreadcrumbList","@id":"https:\/\/asadorfaneco.com\/marikina-park\/#breadcrumb","itemListElement":[{"@type":"ListItem","position":1,"name":"Home","item":"https:\/\/asadorfaneco.com\/"},{"@type":"ListItem","position":2,"name":"Marikin\u00e1 Park"}]},{"@type":"WebSite","@id":"https:\/\/asadorfaneco.com\/#website","url":"https:\/\/asadorfaneco.com\/","name":"Asador Faneco","description":"Brasas, m\u00fasica y naturaleza","potentialAction":[{"@type":"SearchAction","target":{"@type":"EntryPoint","urlTemplate":"https:\/\/asadorfaneco.com\/?s={search_term_string}"},"query-input":{"@type":"PropertyValueSpecification","valueRequired":true,"valueName":"search_term_string"}}],"inLanguage":"es"}]}},"jetpack_sharing_enabled":true,"_links":{"self":[{"href":"https:\/\/asadorfaneco.com\/es\/wp-json\/wp\/v2\/pages\/182","targetHints":{"allow":["GET"]}}],"collection":[{"href":"https:\/\/asadorfaneco.com\/es\/wp-json\/wp\/v2\/pages"}],"about":[{"href":"https:\/\/asadorfaneco.com\/es\/wp-json\/wp\/v2\/types\/page"}],"author":[{"embeddable":true,"href":"https:\/\/asadorfaneco.com\/es\/wp-json\/wp\/v2\/users\/1"}],"replies":[{"embeddable":true,"href":"https:\/\/asadorfaneco.com\/es\/wp-json\/wp\/v2\/comments?post=182"}],"version-history":[{"count":4,"href":"https:\/\/asadorfaneco.com\/es\/wp-json\/wp\/v2\/pages\/182\/revisions"}],"predecessor-version":[{"id":871,"href":"https:\/\/asadorfaneco.com\/es\/wp-json\/wp\/v2\/pages\/182\/revisions\/871"}],"wp:attachment":[{"href":"https:\/\/asadorfaneco.com\/es\/wp-json\/wp\/v2\/media?parent=182"}],"curies":[{"name":"wp","href":"https:\/\/api.w.org\/{rel}","templated":true}]}}