{"id":195,"date":"2025-06-26T12:28:55","date_gmt":"2025-06-26T12:28:55","guid":{"rendered":"https:\/\/asadorfaneco.com\/?page_id=195"},"modified":"2025-09-11T20:56:00","modified_gmt":"2025-09-11T20:56:00","slug":"cuvi","status":"publish","type":"page","link":"https:\/\/asadorfaneco.com\/es\/cuvi\/","title":{"rendered":"CUVI"},"content":{"rendered":"\n<div class=\"is-style-default sin-border-box wp-block-group alignfull is-layout-flow wp-container-core-group-is-layout-ed2d1f84 wp-block-group-is-layout-flow\" id=\"hero\" style=\"border-style:none;border-width:0px;margin-top:0;margin-bottom:0;padding-right:0px;padding-left:0px\">\n<div class=\"nfd-stretch-cover-child nfd-bg-gray-800 sin-border-box wp-block-cover\" style=\"margin-top:0;margin-bottom:0;padding-top:0;padding-right:0;padding-bottom:0;padding-left:0\"><img decoding=\"async\" width=\"1500\" height=\"1125\" loading=\"lazy\" class=\"wp-block-cover__image-background wp-image-197 size-full\" alt=\"\" src=\"https:\/\/i0.wp.com\/asadorfaneco.com\/wp-content\/uploads\/2025\/06\/CUVI-facultades.jpg?fit=1500%2C1125&amp;ssl=1\" data-object-fit=\"cover\" srcset=\"https:\/\/i0.wp.com\/asadorfaneco.com\/wp-content\/uploads\/2025\/06\/CUVI-facultades.jpg?w=1500&amp;ssl=1 1500w, https:\/\/i0.wp.com\/asadorfaneco.com\/wp-content\/uploads\/2025\/06\/CUVI-facultades.jpg?resize=300%2C225&amp;ssl=1 300w, https:\/\/i0.wp.com\/asadorfaneco.com\/wp-content\/uploads\/2025\/06\/CUVI-facultades.jpg?resize=1024%2C768&amp;ssl=1 1024w, https:\/\/i0.wp.com\/asadorfaneco.com\/wp-content\/uploads\/2025\/06\/CUVI-facultades.jpg?resize=768%2C576&amp;ssl=1 768w\" sizes=\"auto, (max-width: 1000px) 100vw, 1000px\" \/><span aria-hidden=\"true\" class=\"wp-block-cover__background has-black-background-color has-background-dim-30 has-background-dim\"><\/span><div class=\"wp-block-cover__inner-container is-layout-flow wp-block-cover-is-layout-flow\">\n<div class=\"nfd-px-base nfd-grow nfd-w-full md:nfd-border-none alignfull sin-border-box wp-block-group is-vertical is-layout-flex wp-container-core-group-is-layout-afc903cf wp-block-group-is-layout-flex\" style=\"border-top-style:none;border-top-width:0px;border-right-color:var(--wp--preset--color--white);border-right-width:32px;border-bottom-color:var(--wp--preset--color--white);border-bottom-width:32px;border-left-color:var(--wp--preset--color--white);border-left-width:32px\">\n<div style=\"height:0px;width:0px\" aria-hidden=\"true\" class=\"nfd-my-0 wp-block-spacer wp-container-content-95b39f08\"><\/div>\n\n\n\n<h2 class=\"wp-block-heading has-text-align-center has-text-color has-link-color wp-elements-470296b4cb1cf0ba699ef74f3d7917f7\" style=\"border-style:none;border-width:0px;color:#f9f9f9\">CUVI<\/h2>\n\n\n\n<div class=\"nfd-text-md md:nfd-justify-start md:nfd-self-start wp-block-group has-global-padding is-content-justification-left is-layout-constrained wp-container-core-group-is-layout-d5209ea4 wp-block-group-is-layout-constrained\">\n<p class=\"has-text-align-center has-text-color has-link-color wp-elements-c566e916be298feeebe48ff29b26201d\" style=\"color:#f9f9f9;font-size:clamp(14.082px, 0.88rem + ((1vw - 3.2px) * 0.786), 21px);\">Campus Universitario de Vigo<\/p>\n<\/div>\n<\/div>\n<\/div><\/div>\n<\/div>\n\n\n\n<div class=\"nfd-p-md nfd-pb-lg nfd-container is-style-nfd-theme-white wp-block-group has-background has-global-padding is-layout-constrained wp-container-core-group-is-layout-24bd993d wp-block-group-is-layout-constrained\" style=\"background-color:#212121\">\n<div class=\"nfd-gap-3xl wp-block-columns are-vertically-aligned-center has-background is-layout-flex wp-container-core-columns-is-layout-28f84493 wp-block-columns-is-layout-flex\" style=\"background-color:#212121\">\n<div class=\"md:nfd-order-2 wp-block-column is-vertically-aligned-center is-layout-flow wp-container-core-column-is-layout-369f67fb wp-block-column-is-layout-flow\" style=\"flex-basis:50%\">\n<div class=\"nfd-gap-md wp-block-group is-vertical is-layout-flex wp-container-core-group-is-layout-fe9cc265 wp-block-group-is-layout-flex\">\n<h3 class=\"nfd-text-xl nfd-text-contrast nfd-text-balance wp-block-heading has-text-color has-link-color wp-elements-6160cc4ef061e09d3a06ff68fadb287d\" style=\"color:#f9f9f9\">\u00bfQu\u00e9 es el CUVI?<\/h3>\n\n\n\n<p class=\"has-text-color has-link-color wp-elements-557b5e6a66b3108903ba2b5a19e9ac01\" style=\"color:#f9f9f9\">Muy cerca de nuestro asador se encuentra el CUVI (Campus Universitario de Vigo). Situado en Lagoas\u2011Marcosende, se alza en un paraje natural a 15\u202fkm de Vigo, insertado en montes de entre 390 y 450\u202fm de altitud. Este campus combina arquitectura contempor\u00e1nea, con edificios de Enric Miralles, y amplias zonas verdes, donde m\u00e1s del 80\u202f% del territorio est\u00e1 dedicado a bosque aut\u00f3ctono. La Oficina de Medio Ambiente ha plantado m\u00e1s de 15.000 \u00e1rboles desde el a\u00f1o 2000, generando un entorno de gran riqueza biol\u00f3gica\u202f<\/p>\n\n\n\n<p class=\"has-text-color has-link-color wp-elements-13ed99875b8f36bf15843cb87a8681ae\" style=\"color:#f9f9f9\">Originalmente conocido como Colegio Universitario de Vigo, fue promovido mediante una cesi\u00f3n del Concello en 1974 y construido entre 1976 y 1977. Desde entonces ha crecido hasta ocupar 643.215\u202fm\u00b2 incluyendo \u00e1reas educativas, deportivas y aparcamientos. <\/p>\n\n\n\n<p class=\"has-text-color has-link-color wp-elements-8f771c4f3bc5f1e0564facbd1f9088e0\" style=\"color:#f9f9f9\">Originalmente adscrito a la Universidad de Santiago de Compostela, pasar\u00eda a formar parte Universidad de Vigo en 1990 cuando esta nace, tras su segregaci\u00f3n como instituci\u00f3n independiente de la USC.<\/p>\n<\/div>\n<\/div>\n\n\n\n<div class=\"wp-block-column is-vertically-aligned-center is-layout-flow wp-block-column-is-layout-flow\" style=\"flex-basis:50%\">\n<div class=\"wp-block-group has-global-padding is-layout-constrained wp-block-group-is-layout-constrained\">\n<figure class=\"nfd-rounded wp-block-image size-full\"><img data-recalc-dims=\"1\" decoding=\"async\" width=\"2300\" height=\"1722\" loading=\"lazy\" src=\"https:\/\/i0.wp.com\/asadorfaneco.com\/wp-content\/uploads\/2025\/06\/CUVI-edificio-miralles.webp?resize=2300%2C1722&#038;ssl=1\" alt=\"Edificio Mirall\u00e9s CUVI\" class=\"wp-image-198\" style=\"aspect-ratio:1;object-fit:cover\" srcset=\"https:\/\/i0.wp.com\/asadorfaneco.com\/wp-content\/uploads\/2025\/06\/CUVI-edificio-miralles.webp?w=2300&amp;ssl=1 2300w, https:\/\/i0.wp.com\/asadorfaneco.com\/wp-content\/uploads\/2025\/06\/CUVI-edificio-miralles.webp?resize=300%2C225&amp;ssl=1 300w, https:\/\/i0.wp.com\/asadorfaneco.com\/wp-content\/uploads\/2025\/06\/CUVI-edificio-miralles.webp?resize=1024%2C767&amp;ssl=1 1024w, https:\/\/i0.wp.com\/asadorfaneco.com\/wp-content\/uploads\/2025\/06\/CUVI-edificio-miralles.webp?resize=768%2C575&amp;ssl=1 768w, https:\/\/i0.wp.com\/asadorfaneco.com\/wp-content\/uploads\/2025\/06\/CUVI-edificio-miralles.webp?resize=1536%2C1150&amp;ssl=1 1536w, https:\/\/i0.wp.com\/asadorfaneco.com\/wp-content\/uploads\/2025\/06\/CUVI-edificio-miralles.webp?resize=2048%2C1533&amp;ssl=1 2048w\" sizes=\"auto, (max-width: 1000px) 100vw, 1000px\" \/><figcaption class=\"wp-element-caption\">Edificio Mirall\u00e9s<\/figcaption><\/figure>\n<\/div>\n<\/div>\n<\/div>\n\n\n\n<div class=\"nfd-gap-3xl wp-block-columns are-vertically-aligned-center is-layout-flex wp-container-core-columns-is-layout-28f84493 wp-block-columns-is-layout-flex\">\n<div class=\"wp-block-column is-vertically-aligned-center is-layout-flow wp-block-column-is-layout-flow\" style=\"flex-basis:50%\">\n<div class=\"wp-block-group has-global-padding is-layout-constrained wp-block-group-is-layout-constrained\">\n<figure class=\"nfd-rounded is-style-default wp-block-image size-full wp-duotone-unset-1\"><img data-recalc-dims=\"1\" decoding=\"async\" width=\"2500\" height=\"1875\" loading=\"lazy\" src=\"https:\/\/i0.wp.com\/asadorfaneco.com\/wp-content\/uploads\/2025\/06\/CUVI-facultad.webp?resize=2500%2C1875&#038;ssl=1\" alt=\"Facultad del CUVI\" class=\"wp-image-199\" style=\"aspect-ratio:1;object-fit:cover\" srcset=\"https:\/\/i0.wp.com\/asadorfaneco.com\/wp-content\/uploads\/2025\/06\/CUVI-facultad.webp?w=2500&amp;ssl=1 2500w, https:\/\/i0.wp.com\/asadorfaneco.com\/wp-content\/uploads\/2025\/06\/CUVI-facultad.webp?resize=300%2C225&amp;ssl=1 300w, https:\/\/i0.wp.com\/asadorfaneco.com\/wp-content\/uploads\/2025\/06\/CUVI-facultad.webp?resize=1024%2C768&amp;ssl=1 1024w, https:\/\/i0.wp.com\/asadorfaneco.com\/wp-content\/uploads\/2025\/06\/CUVI-facultad.webp?resize=768%2C576&amp;ssl=1 768w, https:\/\/i0.wp.com\/asadorfaneco.com\/wp-content\/uploads\/2025\/06\/CUVI-facultad.webp?resize=1536%2C1152&amp;ssl=1 1536w, https:\/\/i0.wp.com\/asadorfaneco.com\/wp-content\/uploads\/2025\/06\/CUVI-facultad.webp?resize=2048%2C1536&amp;ssl=1 2048w\" sizes=\"auto, (max-width: 1000px) 100vw, 1000px\" \/><figcaption class=\"wp-element-caption\">Facultad del CUVI<\/figcaption><\/figure>\n<\/div>\n<\/div>\n\n\n\n<div class=\"md:nfd-order-2 wp-block-column is-vertically-aligned-center is-layout-flow wp-container-core-column-is-layout-369f67fb wp-block-column-is-layout-flow\" style=\"flex-basis:50%\">\n<div class=\"nfd-gap-md wp-block-group is-vertical is-layout-flex wp-container-core-group-is-layout-fe9cc265 wp-block-group-is-layout-flex\">\n<h3 class=\"nfd-text-xl nfd-text-contrast nfd-text-balance wp-block-heading has-text-color has-link-color wp-elements-9ec4bdb81da2ccbdfacd5c113b785e23\" style=\"color:#f9f9f9\">Oferta educativa<\/h3>\n\n\n\n<p class=\"has-text-color has-link-color wp-elements-b4bf84642c5cf8cb382b4239358704ea\" style=\"color:#f9f9f9\">El CUVI acoge buena parte de la oferta acad\u00e9mica de la Universidad de Vigo. Incluye centros como la Escuela de Ingenier\u00eda Industrial, de Minas y Energ\u00eda, Ingenier\u00eda de Telecomunicaci\u00f3n; as\u00ed como las facultades de Biolog\u00eda, Ciencias del Mar, Qu\u00edmica, Ciencias Econ\u00f3micas y Empresariales, Ciencias Jur\u00eddicas y del Trabajo, Filolog\u00eda y Traducci\u00f3n. Esta diversidad cubre titulaciones de grado, m\u00e1steres y doctorados en campos como biolog\u00eda marina, neurociencia, oceanograf\u00eda, ingenier\u00eda biom\u00e9dica e industrial.<br><br>A nivel deportivo, el CUVI ofrece instalaciones destacadas: dispone de una pista de atletismo de 6 a 8 calles, varias pistas de tenis, f\u00fatbol, rugby, as\u00ed como un polideportivo cubierto y campos exteriores de c\u00e9sped artificial. Las instalaciones permiten entrenamiento y competici\u00f3n tanto a nivel universitario como federado, con gradas, vestuarios, servicios higi\u00e9nicos y buena accesibilidad.<\/p>\n<\/div>\n<\/div>\n<\/div>\n\n\n\n<div class=\"nfd-gap-3xl wp-block-columns are-vertically-aligned-center has-background is-layout-flex wp-container-core-columns-is-layout-28f84493 wp-block-columns-is-layout-flex\" style=\"background-color:#212121\">\n<div class=\"md:nfd-order-2 wp-block-column is-vertically-aligned-center is-layout-flow wp-container-core-column-is-layout-369f67fb wp-block-column-is-layout-flow\" style=\"flex-basis:50%\">\n<div class=\"nfd-gap-md wp-block-group is-vertical is-layout-flex wp-container-core-group-is-layout-fe9cc265 wp-block-group-is-layout-flex\">\n<h3 class=\"nfd-text-xl nfd-text-contrast nfd-text-balance wp-block-heading has-text-color has-link-color wp-elements-b2feabb1eb67b2c98f958a6b03093fa8\" style=\"color:#f9f9f9\">Otras actividades<\/h3>\n\n\n\n<p class=\"has-text-color has-link-color wp-elements-708e9ad7a159a25f328621557d6d74f9\" style=\"color:#f9f9f9\">El entorno del CUVI, parcialmente bosque y zona monta\u00f1osa con senderos, miradores, lagunas y manantiales, favorece actividades como la observaci\u00f3n de fauna y flora o la recolecci\u00f3n de setas en temporada\u202f. Aunque no hay regulaciones espec\u00edficas del campus, se recomienda respetar las normas de los espacios naturales, recoger solo permitidas y contar con cesta y navaja.<\/p>\n\n\n\n<p class=\"has-text-color has-link-color wp-elements-563ddd31cab794aead7511de3a8b6323\" style=\"color:#f9f9f9\">El campus dispone de diversos comedores y cafeter\u00edas que ofrecen desayunos, bocadillos, tapas y opciones calientes. Sin embargo alguna escapada ocasional a nuestro asador para comerse una buena parrillada puede ayudar a levantar el \u00e1nimo en \u00e9pocas de estudio.<\/p>\n<\/div>\n<\/div>\n\n\n\n<div class=\"wp-block-column is-vertically-aligned-center is-layout-flow wp-block-column-is-layout-flow\" style=\"flex-basis:50%\">\n<div class=\"wp-block-group has-global-padding is-layout-constrained wp-block-group-is-layout-constrained\">\n<figure class=\"nfd-rounded wp-block-image size-full\"><img data-recalc-dims=\"1\" decoding=\"async\" width=\"1500\" height=\"1125\" loading=\"lazy\" src=\"https:\/\/i0.wp.com\/asadorfaneco.com\/wp-content\/uploads\/2025\/06\/CUVI-naturaleza.webp?resize=1500%2C1125&#038;ssl=1\" alt=\"Centro universitario en la naturaleza\" class=\"wp-image-200\" style=\"aspect-ratio:1;object-fit:cover\" srcset=\"https:\/\/i0.wp.com\/asadorfaneco.com\/wp-content\/uploads\/2025\/06\/CUVI-naturaleza.webp?w=1500&amp;ssl=1 1500w, https:\/\/i0.wp.com\/asadorfaneco.com\/wp-content\/uploads\/2025\/06\/CUVI-naturaleza.webp?resize=300%2C225&amp;ssl=1 300w, https:\/\/i0.wp.com\/asadorfaneco.com\/wp-content\/uploads\/2025\/06\/CUVI-naturaleza.webp?resize=1024%2C768&amp;ssl=1 1024w, https:\/\/i0.wp.com\/asadorfaneco.com\/wp-content\/uploads\/2025\/06\/CUVI-naturaleza.webp?resize=768%2C576&amp;ssl=1 768w\" sizes=\"auto, (max-width: 1000px) 100vw, 1000px\" \/><figcaption class=\"wp-element-caption\">Centro universitario en la naturaleza<\/figcaption><\/figure>\n<\/div>\n<\/div>\n<\/div>\n<\/div>\n\n\n\n<div class=\"nfd-container nfd-p-md  nfd-wb-features__features-15 is-style-nfd-theme-white wp-block-group has-background has-global-padding is-layout-constrained wp-block-group-is-layout-constrained\" style=\"background-color:#212121\">\n<h3 class=\"nfd-text-xl nfd-text-contrast nfd-text-balance wp-block-heading has-text-color has-link-color wp-elements-aa969e3b857459ca64778b4b185612c1\" style=\"color:#f9f9f9\">Nuestro asador<\/h3>\n\n\n\n<div class=\"nfd-gap-xl nfd-gap-y-2xl wp-block-columns is-layout-flex wp-container-core-columns-is-layout-28f84493 wp-block-columns-is-layout-flex\">\n<div class=\"wp-block-column is-layout-flow wp-block-column-is-layout-flow\">\n<figure class=\"nfd-rounded-sm wp-block-image size-large\"><a href=\"https:\/\/asadorfaneco.com\/es\/gastronomia\/\"><img data-recalc-dims=\"1\" decoding=\"async\" width=\"1024\" height=\"768\" loading=\"lazy\" src=\"https:\/\/i0.wp.com\/asadorfaneco.com\/wp-content\/uploads\/2025\/07\/carne-parrilla.webp?resize=1024%2C768&#038;ssl=1\" alt=\"Gastronom\u00eda Asador O Faneco\" class=\"wp-image-245\" style=\"aspect-ratio:16\/9;object-fit:cover\" srcset=\"https:\/\/i0.wp.com\/asadorfaneco.com\/wp-content\/uploads\/2025\/07\/carne-parrilla.webp?resize=1024%2C768&amp;ssl=1 1024w, https:\/\/i0.wp.com\/asadorfaneco.com\/wp-content\/uploads\/2025\/07\/carne-parrilla.webp?resize=300%2C225&amp;ssl=1 300w, https:\/\/i0.wp.com\/asadorfaneco.com\/wp-content\/uploads\/2025\/07\/carne-parrilla.webp?resize=768%2C576&amp;ssl=1 768w, https:\/\/i0.wp.com\/asadorfaneco.com\/wp-content\/uploads\/2025\/07\/carne-parrilla.webp?resize=1536%2C1152&amp;ssl=1 1536w, https:\/\/i0.wp.com\/asadorfaneco.com\/wp-content\/uploads\/2025\/07\/carne-parrilla.webp?resize=16%2C12&amp;ssl=1 16w, https:\/\/i0.wp.com\/asadorfaneco.com\/wp-content\/uploads\/2025\/07\/carne-parrilla.webp?w=2000&amp;ssl=1 2000w\" sizes=\"auto, (max-width: 1000px) 100vw, 1000px\" \/><\/a><\/figure>\n\n\n\n<div class=\"wp-block-group is-vertical is-content-justification-stretch is-layout-flex wp-container-core-group-is-layout-38a18bb4 wp-block-group-is-layout-flex\">\n<h3 class=\"nfd-text-lg nfd-text-contrast wp-block-heading has-text-align-left has-text-color has-link-color wp-elements-882fef7119d097589930b56e0086ac54\" style=\"color:#f9f9f9fa;text-decoration:none\"><a href=\"https:\/\/asadorfaneco.com\/es\/gastronomia\/\">Gastronom\u00eda<\/a><\/h3>\n\n\n\n<p class=\"nfd-text-base nfd-text-balance has-text-color has-link-color wp-elements-2e05131ab2fe1080038e04f252e4a309\" style=\"color:#f9f9f9\">Ofrecemos raciones t\u00edpicas de comida tradicional gallega. Destacan nuestras carnes y pescados a la brasa.<\/p>\n<\/div>\n<\/div>\n\n\n\n<div class=\"wp-block-column is-layout-flow wp-block-column-is-layout-flow\">\n<figure class=\"nfd-rounded-sm wp-block-image size-full\"><a href=\"https:\/\/asadorfaneco.com\/es\/instalaciones\/\"><img data-recalc-dims=\"1\" decoding=\"async\" loading=\"lazy\" src=\"https:\/\/i0.wp.com\/asadorfaneco.com\/wp-content\/uploads\/2025\/08\/mesas-terraza.jpg?ssl=1\" alt=\"Instalaciones Asador O Faneco\" class=\"wp-image-585\" style=\"aspect-ratio:16\/9;object-fit:cover\"\/><\/a><\/figure>\n\n\n\n<div class=\"wp-block-group is-vertical is-content-justification-stretch is-layout-flex wp-container-core-group-is-layout-38a18bb4 wp-block-group-is-layout-flex\">\n<h3 class=\"nfd-text-lg nfd-text-contrast wp-block-heading has-text-align-left has-text-color has-link-color wp-elements-1480a66d5fb260cc95a5659c72aac51e\" style=\"color:#f9f9f9;text-decoration:none\"><a href=\"https:\/\/asadorfaneco.com\/es\/instalaciones\/\">Instalaciones<\/a><\/h3>\n\n\n\n<p class=\"nfd-text-base nfd-text-balance has-text-color has-link-color wp-elements-fcd2d985f75609c21f1a87a83cfd0ca0\" style=\"color:#f9f9f9\">Tenemos una gran parrilla, un sal\u00f3n de comidas, dos terrazas al aire libre, escenario y bar exterior en verano.<\/p>\n<\/div>\n<\/div>\n\n\n\n<div class=\"wp-block-column is-layout-flow wp-block-column-is-layout-flow\">\n<figure class=\"nfd-rounded-sm wp-block-image size-large\"><a href=\"https:\/\/asadorfaneco.com\/es\/eventos\/\"><img data-recalc-dims=\"1\" decoding=\"async\" width=\"1024\" height=\"698\" loading=\"lazy\" src=\"https:\/\/i0.wp.com\/asadorfaneco.com\/wp-content\/uploads\/2025\/08\/escenario-1.webp?resize=1024%2C698&#038;ssl=1\" alt=\"Eventos Asador O Faneco\" class=\"wp-image-597\" style=\"aspect-ratio:16\/9;object-fit:cover\" srcset=\"https:\/\/i0.wp.com\/asadorfaneco.com\/wp-content\/uploads\/2025\/08\/escenario-1-scaled.webp?resize=1024%2C698&amp;ssl=1 1024w, https:\/\/i0.wp.com\/asadorfaneco.com\/wp-content\/uploads\/2025\/08\/escenario-1-scaled.webp?resize=300%2C205&amp;ssl=1 300w, https:\/\/i0.wp.com\/asadorfaneco.com\/wp-content\/uploads\/2025\/08\/escenario-1-scaled.webp?resize=768%2C524&amp;ssl=1 768w, https:\/\/i0.wp.com\/asadorfaneco.com\/wp-content\/uploads\/2025\/08\/escenario-1-scaled.webp?resize=1536%2C1048&amp;ssl=1 1536w, https:\/\/i0.wp.com\/asadorfaneco.com\/wp-content\/uploads\/2025\/08\/escenario-1-scaled.webp?resize=2048%2C1397&amp;ssl=1 2048w, https:\/\/i0.wp.com\/asadorfaneco.com\/wp-content\/uploads\/2025\/08\/escenario-1-scaled.webp?resize=18%2C12&amp;ssl=1 18w\" sizes=\"auto, (max-width: 1000px) 100vw, 1000px\" \/><\/a><\/figure>\n\n\n\n<div class=\"wp-block-group is-vertical is-content-justification-stretch is-layout-flex wp-container-core-group-is-layout-38a18bb4 wp-block-group-is-layout-flex\">\n<h3 class=\"nfd-text-lg nfd-text-contrast wp-block-heading has-text-align-left has-text-color has-link-color wp-elements-e839e8dd2078354ad2ab19e63dcae4d5\" style=\"color:#f9f9f9;text-decoration:none\"><a href=\"https:\/\/asadorfaneco.com\/es\/eventos\/\">Eventos<\/a><\/h3>\n\n\n\n<p class=\"nfd-text-base nfd-text-balance has-text-color has-link-color wp-elements-8d88bafa696439529e7a529fe7556dcb\" style=\"color:#f9f9f9\">Organiza eventos en nuestra terraza con escenario o en el la sala interior. Puede incluir oferta gastron\u00f3mica.<\/p>\n<\/div>\n<\/div>\n<\/div>\n<\/div>\n\n\n\n<div style=\"height:4vw\" aria-hidden=\"true\" class=\"wp-block-spacer\"><\/div>\n","protected":false},"excerpt":{"rendered":"<p>\u00bfQu\u00e9 es el CUVI? Muy cerca de nuestro asador se encuentra el CUVI (Campus Universitario de Vigo). Situado en Lagoas\u2011Marcosende, se alza en un paraje natural a 15\u202fkm de Vigo, insertado en montes de entre 390 y 450\u202fm de altitud. Este campus combina arquitectura contempor\u00e1nea, con edificios de Enric Miralles, y amplias zonas verdes, donde [&hellip;]<\/p>\n","protected":false},"author":1,"featured_media":0,"parent":0,"menu_order":0,"comment_status":"closed","ping_status":"closed","template":"","meta":{"nf_dc_page":"","om_disable_all_campaigns":false,"_monsterinsights_skip_tracking":false,"_monsterinsights_sitenote_active":false,"_monsterinsights_sitenote_note":"","_monsterinsights_sitenote_category":0,"footnotes":""},"class_list":["post-195","page","type-page","status-publish","hentry"],"yoast_head":"<!-- This site is optimized with the Yoast SEO plugin v27.5 - https:\/\/yoast.com\/product\/yoast-seo-wordpress\/ -->\n<title>CUVI - Asador Faneco<\/title>\n<meta name=\"robots\" content=\"index, follow, max-snippet:-1, max-image-preview:large, max-video-preview:-1\" \/>\n<link rel=\"canonical\" href=\"https:\/\/asadorfaneco.com\/es\/cuvi\/\" \/>\n<meta property=\"og:locale\" content=\"es_ES\" \/>\n<meta property=\"og:type\" content=\"article\" \/>\n<meta property=\"og:title\" content=\"CUVI - Asador Faneco\" \/>\n<meta property=\"og:description\" content=\"\u00bfQu\u00e9 es el CUVI? Muy cerca de nuestro asador se encuentra el CUVI (Campus Universitario de Vigo). Situado en Lagoas\u2011Marcosende, se alza en un paraje natural a 15\u202fkm de Vigo, insertado en montes de entre 390 y 450\u202fm de altitud. Este campus combina arquitectura contempor\u00e1nea, con edificios de Enric Miralles, y amplias zonas verdes, donde [&hellip;]\" \/>\n<meta property=\"og:url\" content=\"https:\/\/asadorfaneco.com\/es\/cuvi\/\" \/>\n<meta property=\"og:site_name\" content=\"Asador Faneco\" \/>\n<meta property=\"article:modified_time\" content=\"2025-09-11T20:56:00+00:00\" \/>\n<meta property=\"og:image\" content=\"https:\/\/i0.wp.com\/asadorfaneco.com\/wp-content\/uploads\/2025\/06\/CUVI-facultades.jpg?fit=1500%2C1125&ssl=1\" \/>\n\t<meta property=\"og:image:width\" content=\"1500\" \/>\n\t<meta property=\"og:image:height\" content=\"1125\" \/>\n\t<meta property=\"og:image:type\" content=\"image\/jpeg\" \/>\n<meta name=\"twitter:card\" content=\"summary_large_image\" \/>\n<meta name=\"twitter:label1\" content=\"Tiempo de lectura\" \/>\n\t<meta name=\"twitter:data1\" content=\"4 minutos\" \/>\n<script type=\"application\/ld+json\" class=\"yoast-schema-graph\">{\"@context\":\"https:\\\/\\\/schema.org\",\"@graph\":[{\"@type\":\"WebPage\",\"@id\":\"https:\\\/\\\/asadorfaneco.com\\\/cuvi\\\/\",\"url\":\"https:\\\/\\\/asadorfaneco.com\\\/cuvi\\\/\",\"name\":\"CUVI - Asador Faneco\",\"isPartOf\":{\"@id\":\"https:\\\/\\\/asadorfaneco.com\\\/#website\"},\"primaryImageOfPage\":{\"@id\":\"https:\\\/\\\/asadorfaneco.com\\\/cuvi\\\/#primaryimage\"},\"image\":{\"@id\":\"https:\\\/\\\/asadorfaneco.com\\\/cuvi\\\/#primaryimage\"},\"thumbnailUrl\":\"https:\\\/\\\/i0.wp.com\\\/asadorfaneco.com\\\/wp-content\\\/uploads\\\/2025\\\/06\\\/CUVI-facultades.jpg?fit=1500%2C1125&amp;ssl=1\",\"datePublished\":\"2025-06-26T12:28:55+00:00\",\"dateModified\":\"2025-09-11T20:56:00+00:00\",\"breadcrumb\":{\"@id\":\"https:\\\/\\\/asadorfaneco.com\\\/cuvi\\\/#breadcrumb\"},\"inLanguage\":\"es\",\"potentialAction\":[{\"@type\":\"ReadAction\",\"target\":[\"https:\\\/\\\/asadorfaneco.com\\\/cuvi\\\/\"]}]},{\"@type\":\"ImageObject\",\"inLanguage\":\"es\",\"@id\":\"https:\\\/\\\/asadorfaneco.com\\\/cuvi\\\/#primaryimage\",\"url\":\"https:\\\/\\\/i0.wp.com\\\/asadorfaneco.com\\\/wp-content\\\/uploads\\\/2025\\\/06\\\/CUVI-facultades.jpg?fit=1500%2C1125&amp;ssl=1\",\"contentUrl\":\"https:\\\/\\\/i0.wp.com\\\/asadorfaneco.com\\\/wp-content\\\/uploads\\\/2025\\\/06\\\/CUVI-facultades.jpg?fit=1500%2C1125&amp;ssl=1\"},{\"@type\":\"BreadcrumbList\",\"@id\":\"https:\\\/\\\/asadorfaneco.com\\\/cuvi\\\/#breadcrumb\",\"itemListElement\":[{\"@type\":\"ListItem\",\"position\":1,\"name\":\"Home\",\"item\":\"https:\\\/\\\/asadorfaneco.com\\\/\"},{\"@type\":\"ListItem\",\"position\":2,\"name\":\"CUVI\"}]},{\"@type\":\"WebSite\",\"@id\":\"https:\\\/\\\/asadorfaneco.com\\\/#website\",\"url\":\"https:\\\/\\\/asadorfaneco.com\\\/\",\"name\":\"Asador Faneco\",\"description\":\"Brasas, m\u00fasica y naturaleza\",\"potentialAction\":[{\"@type\":\"SearchAction\",\"target\":{\"@type\":\"EntryPoint\",\"urlTemplate\":\"https:\\\/\\\/asadorfaneco.com\\\/?s={search_term_string}\"},\"query-input\":{\"@type\":\"PropertyValueSpecification\",\"valueRequired\":true,\"valueName\":\"search_term_string\"}}],\"inLanguage\":\"es\"}]}<\/script>\n<!-- \/ Yoast SEO plugin. -->","yoast_head_json":{"title":"CUVI - Asador Faneco","robots":{"index":"index","follow":"follow","max-snippet":"max-snippet:-1","max-image-preview":"max-image-preview:large","max-video-preview":"max-video-preview:-1"},"canonical":"https:\/\/asadorfaneco.com\/es\/cuvi\/","og_locale":"es_ES","og_type":"article","og_title":"CUVI - Asador Faneco","og_description":"\u00bfQu\u00e9 es el CUVI? Muy cerca de nuestro asador se encuentra el CUVI (Campus Universitario de Vigo). Situado en Lagoas\u2011Marcosende, se alza en un paraje natural a 15\u202fkm de Vigo, insertado en montes de entre 390 y 450\u202fm de altitud. Este campus combina arquitectura contempor\u00e1nea, con edificios de Enric Miralles, y amplias zonas verdes, donde [&hellip;]","og_url":"https:\/\/asadorfaneco.com\/es\/cuvi\/","og_site_name":"Asador Faneco","article_modified_time":"2025-09-11T20:56:00+00:00","og_image":[{"width":1500,"height":1125,"url":"https:\/\/i0.wp.com\/asadorfaneco.com\/wp-content\/uploads\/2025\/06\/CUVI-facultades.jpg?fit=1500%2C1125&ssl=1","type":"image\/jpeg"}],"twitter_card":"summary_large_image","twitter_misc":{"Tiempo de lectura":"4 minutos"},"schema":{"@context":"https:\/\/schema.org","@graph":[{"@type":"WebPage","@id":"https:\/\/asadorfaneco.com\/cuvi\/","url":"https:\/\/asadorfaneco.com\/cuvi\/","name":"CUVI - Asador Faneco","isPartOf":{"@id":"https:\/\/asadorfaneco.com\/#website"},"primaryImageOfPage":{"@id":"https:\/\/asadorfaneco.com\/cuvi\/#primaryimage"},"image":{"@id":"https:\/\/asadorfaneco.com\/cuvi\/#primaryimage"},"thumbnailUrl":"https:\/\/i0.wp.com\/asadorfaneco.com\/wp-content\/uploads\/2025\/06\/CUVI-facultades.jpg?fit=1500%2C1125&amp;ssl=1","datePublished":"2025-06-26T12:28:55+00:00","dateModified":"2025-09-11T20:56:00+00:00","breadcrumb":{"@id":"https:\/\/asadorfaneco.com\/cuvi\/#breadcrumb"},"inLanguage":"es","potentialAction":[{"@type":"ReadAction","target":["https:\/\/asadorfaneco.com\/cuvi\/"]}]},{"@type":"ImageObject","inLanguage":"es","@id":"https:\/\/asadorfaneco.com\/cuvi\/#primaryimage","url":"https:\/\/i0.wp.com\/asadorfaneco.com\/wp-content\/uploads\/2025\/06\/CUVI-facultades.jpg?fit=1500%2C1125&amp;ssl=1","contentUrl":"https:\/\/i0.wp.com\/asadorfaneco.com\/wp-content\/uploads\/2025\/06\/CUVI-facultades.jpg?fit=1500%2C1125&amp;ssl=1"},{"@type":"BreadcrumbList","@id":"https:\/\/asadorfaneco.com\/cuvi\/#breadcrumb","itemListElement":[{"@type":"ListItem","position":1,"name":"Home","item":"https:\/\/asadorfaneco.com\/"},{"@type":"ListItem","position":2,"name":"CUVI"}]},{"@type":"WebSite","@id":"https:\/\/asadorfaneco.com\/#website","url":"https:\/\/asadorfaneco.com\/","name":"Asador Faneco","description":"Brasas, m\u00fasica y naturaleza","potentialAction":[{"@type":"SearchAction","target":{"@type":"EntryPoint","urlTemplate":"https:\/\/asadorfaneco.com\/?s={search_term_string}"},"query-input":{"@type":"PropertyValueSpecification","valueRequired":true,"valueName":"search_term_string"}}],"inLanguage":"es"}]}},"jetpack_sharing_enabled":true,"_links":{"self":[{"href":"https:\/\/asadorfaneco.com\/es\/wp-json\/wp\/v2\/pages\/195","targetHints":{"allow":["GET"]}}],"collection":[{"href":"https:\/\/asadorfaneco.com\/es\/wp-json\/wp\/v2\/pages"}],"about":[{"href":"https:\/\/asadorfaneco.com\/es\/wp-json\/wp\/v2\/types\/page"}],"author":[{"embeddable":true,"href":"https:\/\/asadorfaneco.com\/es\/wp-json\/wp\/v2\/users\/1"}],"replies":[{"embeddable":true,"href":"https:\/\/asadorfaneco.com\/es\/wp-json\/wp\/v2\/comments?post=195"}],"version-history":[{"count":4,"href":"https:\/\/asadorfaneco.com\/es\/wp-json\/wp\/v2\/pages\/195\/revisions"}],"predecessor-version":[{"id":868,"href":"https:\/\/asadorfaneco.com\/es\/wp-json\/wp\/v2\/pages\/195\/revisions\/868"}],"wp:attachment":[{"href":"https:\/\/asadorfaneco.com\/es\/wp-json\/wp\/v2\/media?parent=195"}],"curies":[{"name":"wp","href":"https:\/\/api.w.org\/{rel}","templated":true}]}}