{"id":169,"date":"2025-06-23T19:00:37","date_gmt":"2025-06-23T19:00:37","guid":{"rendered":"https:\/\/asadorfaneco.com\/?page_id=169"},"modified":"2025-09-11T21:00:15","modified_gmt":"2025-09-11T21:00:15","slug":"ruta-del-rio-eifonso","status":"publish","type":"page","link":"https:\/\/asadorfaneco.com\/gl\/ruta-del-rio-eifonso\/","title":{"rendered":"Ruta del Rio Eifonso"},"content":{"rendered":"<div class=\"is-style-default sin-border-box wp-block-group alignfull is-layout-flow wp-container-core-group-is-layout-ed2d1f84 wp-block-group-is-layout-flow\" id=\"hero\" style=\"border-style:none;border-width:0px;margin-top:0;margin-bottom:0;padding-right:0px;padding-left:0px\">\n<div class=\"nfd-stretch-cover-child nfd-bg-gray-800 sin-border-box wp-block-cover\" style=\"margin-top:0;margin-bottom:0;padding-top:0;padding-right:0;padding-bottom:0;padding-left:0\"><img data-recalc-dims=\"1\" decoding=\"async\" width=\"2500\" height=\"1875\" loading=\"lazy\" class=\"wp-block-cover__image-background wp-image-177 size-full\" alt=\"Ruta Rio Eifonso\" src=\"https:\/\/i0.wp.com\/asadorfaneco.com\/wp-content\/uploads\/2025\/06\/ruta-rio-eifonso-1.jpg?resize=2500%2C1875&#038;ssl=1\" style=\"object-position:20% 0%\" data-object-fit=\"cover\" data-object-position=\"20% 0%\" srcset=\"https:\/\/i0.wp.com\/asadorfaneco.com\/wp-content\/uploads\/2025\/06\/ruta-rio-eifonso-1.jpg?w=2500&amp;ssl=1 2500w, https:\/\/i0.wp.com\/asadorfaneco.com\/wp-content\/uploads\/2025\/06\/ruta-rio-eifonso-1.jpg?resize=300%2C225&amp;ssl=1 300w, https:\/\/i0.wp.com\/asadorfaneco.com\/wp-content\/uploads\/2025\/06\/ruta-rio-eifonso-1.jpg?resize=1024%2C768&amp;ssl=1 1024w, https:\/\/i0.wp.com\/asadorfaneco.com\/wp-content\/uploads\/2025\/06\/ruta-rio-eifonso-1.jpg?resize=768%2C576&amp;ssl=1 768w, https:\/\/i0.wp.com\/asadorfaneco.com\/wp-content\/uploads\/2025\/06\/ruta-rio-eifonso-1.jpg?resize=1536%2C1152&amp;ssl=1 1536w, https:\/\/i0.wp.com\/asadorfaneco.com\/wp-content\/uploads\/2025\/06\/ruta-rio-eifonso-1.jpg?w=2000&amp;ssl=1 2000w\" sizes=\"auto, (max-width: 1000px) 100vw, 1000px\" \/><span aria-hidden=\"true\" class=\"wp-block-cover__background has-black-background-color has-background-dim-30 has-background-dim\"><\/span><div class=\"wp-block-cover__inner-container is-layout-flow wp-block-cover-is-layout-flow\">\n<div class=\"nfd-px-base nfd-grow nfd-w-full md:nfd-border-none alignfull sin-border-box wp-block-group is-vertical is-layout-flex wp-container-core-group-is-layout-afc903cf wp-block-group-is-layout-flex\" style=\"border-top-style:none;border-top-width:0px;border-right-color:var(--wp--preset--color--white);border-right-width:32px;border-bottom-color:var(--wp--preset--color--white);border-bottom-width:32px;border-left-color:var(--wp--preset--color--white);border-left-width:32px\">\n<div style=\"height:0px;width:0px\" aria-hidden=\"true\" class=\"nfd-my-0 wp-block-spacer wp-container-content-95b39f08\"><\/div>\n\n\n\n<h2 class=\"wp-block-heading has-text-align-center has-text-color has-link-color wp-elements-71240f4b0400b95fc9c1d0a05fa4450a\" style=\"border-style:none;border-width:0px;color:#f9f9f9\">Ruta del Rio Eifonso<\/h2>\n\n\n\n<div class=\"nfd-text-md md:nfd-justify-start md:nfd-self-start wp-block-group has-global-padding is-content-justification-left is-layout-constrained wp-container-core-group-is-layout-d5209ea4 wp-block-group-is-layout-constrained\">\n<p class=\"has-text-align-center has-text-color has-link-color wp-elements-dde290cbf0d1565ffefe2f008c27d435\" style=\"color:#f9f9f9;font-size:clamp(14.082px, 0.88rem + ((1vw - 3.2px) * 0.786), 21px);\">Itinerario con molinos hist\u00f3ricos, cascadas, flora y fauna.<\/p>\n<\/div>\n<\/div>\n<\/div><\/div>\n<\/div>\n\n\n\n<div class=\"nfd-p-md nfd-pb-lg nfd-container is-style-nfd-theme-white wp-block-group has-background has-global-padding is-layout-constrained wp-container-core-group-is-layout-24bd993d wp-block-group-is-layout-constrained\" style=\"background-color:#212121\">\n<div class=\"nfd-gap-3xl wp-block-columns are-vertically-aligned-center has-background is-layout-flex wp-container-core-columns-is-layout-28f84493 wp-block-columns-is-layout-flex\" style=\"background-color:#212121\">\n<div class=\"md:nfd-order-2 wp-block-column is-vertically-aligned-center is-layout-flow wp-container-core-column-is-layout-369f67fb wp-block-column-is-layout-flow\" style=\"flex-basis:50%\">\n<div class=\"nfd-gap-md wp-block-group is-vertical is-layout-flex wp-container-core-group-is-layout-fe9cc265 wp-block-group-is-layout-flex\">\n<h3 class=\"nfd-text-xl nfd-text-contrast nfd-text-balance wp-block-heading has-text-color has-link-color wp-elements-56b19da0fb1e50e37a395993e4796e3c\" style=\"color:#f9f9f9\">La ruta<\/h3>\n\n\n\n<p class=\"has-text-color has-link-color wp-elements-4e08548d9363e44b60058ae8c97a36fd\" style=\"color:#f9f9f9\">A pocos metros de nuestro asador pasa la Ruta del R\u00edo Eifonso, un recorrido de gran belleza. Este sendero, que sigue el curso del r\u00edo del mismo nombre, ofrece una escapada perfecta para quienes buscan un paseo tranquilo por la naturaleza.<\/p>\n\n\n\n<p class=\"has-text-color has-link-color wp-elements-488d9d7210783322ec56fea6e9763757\" style=\"color:#f9f9f9\">El <a href=\"https:\/\/es.wikiloc.com\/rutas-senderismo\/senda-del-rio-eifonso-y-alrededores-9960537\">itinerario circular completo<\/a>, de unos 9,76 km, se puede recorrer en 3 horas y media a ritmo suave. Comienza y termina en la Carretera de Bembrive 337. El sendero transcurre por antiguos caminos destinados a la circulaci\u00f3n de carros de bueyes que se utilizaban antiguamente para recoger la molienda, aunque tambi\u00e9n cuenta con puntos m\u00e1s estrechos.<\/p>\n\n\n\n<p class=\"has-text-color has-link-color wp-elements-8fbf9572b47644a9490ef33a47a7f086\" style=\"color:#f9f9f9\">La vegetaci\u00f3n est\u00e1 dominada por sauces, chopos negros, laureles y helechos, creando un ambiente fresco y sombr\u00edo ideal para los d\u00edas m\u00e1s c\u00e1lidos. No es raro encontrar ranas, aves migratorias y diversos insectos.<\/p>\n\n\n\n<p class=\"\"><\/p>\n\n\n\n<p class=\"\"><\/p>\n\n\n\n<p class=\"has-text-color has-link-color wp-elements-6c45ee8f3f8b1ccdf798d44c988a085d\" style=\"color:#f9f9f9\"><\/p>\n<\/div>\n<\/div>\n\n\n\n<div class=\"wp-block-column is-vertically-aligned-center is-layout-flow wp-block-column-is-layout-flow\" style=\"flex-basis:50%\">\n<div class=\"wp-block-group has-global-padding is-layout-constrained wp-block-group-is-layout-constrained\">\n<figure class=\"nfd-rounded wp-block-image size-large\"><img data-recalc-dims=\"1\" decoding=\"async\" width=\"1024\" height=\"768\" loading=\"lazy\" src=\"https:\/\/i0.wp.com\/asadorfaneco.com\/wp-content\/uploads\/2025\/06\/pasarela-rio-eifonso-1024x768.jpg?resize=1024%2C768&#038;ssl=1\" alt=\"Pasarela sobre o Rio Eifonso\" class=\"wp-image-179\" style=\"aspect-ratio:1;object-fit:cover\" srcset=\"https:\/\/i0.wp.com\/asadorfaneco.com\/wp-content\/uploads\/2025\/06\/pasarela-rio-eifonso.jpg?resize=1024%2C768&amp;ssl=1 1024w, https:\/\/i0.wp.com\/asadorfaneco.com\/wp-content\/uploads\/2025\/06\/pasarela-rio-eifonso.jpg?resize=300%2C225&amp;ssl=1 300w, https:\/\/i0.wp.com\/asadorfaneco.com\/wp-content\/uploads\/2025\/06\/pasarela-rio-eifonso.jpg?resize=768%2C576&amp;ssl=1 768w, https:\/\/i0.wp.com\/asadorfaneco.com\/wp-content\/uploads\/2025\/06\/pasarela-rio-eifonso.jpg?resize=1536%2C1152&amp;ssl=1 1536w, https:\/\/i0.wp.com\/asadorfaneco.com\/wp-content\/uploads\/2025\/06\/pasarela-rio-eifonso.jpg?w=2000&amp;ssl=1 2000w\" sizes=\"auto, (max-width: 1000px) 100vw, 1000px\" \/><figcaption class=\"wp-element-caption\">Pasarela sobre o Rio Eifonso<\/figcaption><\/figure>\n<\/div>\n<\/div>\n<\/div>\n\n\n\n<div class=\"nfd-gap-3xl wp-block-columns are-vertically-aligned-center is-layout-flex wp-container-core-columns-is-layout-28f84493 wp-block-columns-is-layout-flex\">\n<div class=\"wp-block-column is-vertically-aligned-center is-layout-flow wp-block-column-is-layout-flow\" style=\"flex-basis:50%\">\n<div class=\"wp-block-group has-global-padding is-layout-constrained wp-block-group-is-layout-constrained\">\n<figure class=\"nfd-rounded is-style-default wp-block-image size-large wp-duotone-unset-1\"><img data-recalc-dims=\"1\" decoding=\"async\" width=\"1024\" height=\"768\" loading=\"lazy\" src=\"https:\/\/i0.wp.com\/asadorfaneco.com\/wp-content\/uploads\/2025\/06\/rio-eifonso-buraco.jpg?resize=1024%2C768&#038;ssl=1\" alt=\"Rio Eifonso e o mu\u00ed\u00f1o do Buraco\" class=\"wp-image-178\" style=\"aspect-ratio:1;object-fit:cover\" srcset=\"https:\/\/i0.wp.com\/asadorfaneco.com\/wp-content\/uploads\/2025\/06\/rio-eifonso-buraco.jpg?resize=1024%2C768&amp;ssl=1 1024w, https:\/\/i0.wp.com\/asadorfaneco.com\/wp-content\/uploads\/2025\/06\/rio-eifonso-buraco.jpg?resize=300%2C225&amp;ssl=1 300w, https:\/\/i0.wp.com\/asadorfaneco.com\/wp-content\/uploads\/2025\/06\/rio-eifonso-buraco.jpg?resize=768%2C576&amp;ssl=1 768w, https:\/\/i0.wp.com\/asadorfaneco.com\/wp-content\/uploads\/2025\/06\/rio-eifonso-buraco.jpg?resize=1536%2C1152&amp;ssl=1 1536w, https:\/\/i0.wp.com\/asadorfaneco.com\/wp-content\/uploads\/2025\/06\/rio-eifonso-buraco.jpg?w=2000&amp;ssl=1 2000w\" sizes=\"auto, (max-width: 1000px) 100vw, 1000px\" \/><figcaption class=\"wp-element-caption\">Rio Eifonso e o mu\u00ed\u00f1o do Buraco<\/figcaption><\/figure>\n<\/div>\n<\/div>\n\n\n\n<div class=\"md:nfd-order-2 wp-block-column is-vertically-aligned-center is-layout-flow wp-container-core-column-is-layout-369f67fb wp-block-column-is-layout-flow\" style=\"flex-basis:50%\">\n<div class=\"nfd-gap-md wp-block-group is-vertical is-layout-flex wp-container-core-group-is-layout-fe9cc265 wp-block-group-is-layout-flex\">\n<h3 class=\"nfd-text-xl nfd-text-contrast nfd-text-balance wp-block-heading has-text-color has-link-color wp-elements-a038172a96753686919259f7a1ffcccc\" style=\"color:#f9f9f9\">El rio Eifonso<\/h3>\n\n\n\n<p class=\"has-text-color has-link-color wp-elements-834d615215e8259a53c952e2163fa7c1\" style=\"color:#f9f9f9\">El R\u00edo Eifonso es un afluente del Lagares, que nace en el monte das Lagoas, cerca del campus universitario, a unos 450 metros sobre el nivel del mar. Atraviesa las parroquias de Bembrive, Beade y S\u00e1rdoma.<\/p>\n\n\n\n<p class=\"has-text-color has-link-color wp-elements-8f19be3c9642b8d4e0a1ed1e3ada7026\" style=\"color:#f9f9f9\">Recorre un paisaje de bosque frondoso, a lo largo de su recorrido se encuentran hasta diez ruinas de molinos, entre los que destacan por su antig\u00fcedad el Mu\u00ed\u00f1o do Migueli\u00f1o y el Mu\u00ed\u00f1o do Outeiro, ambos construidos con anterioridad a 1742.<\/p>\n\n\n\n<p class=\"has-text-color has-link-color wp-elements-4c8b6720111c1c99f32bfc31a53b7a00\" style=\"color:#f9f9f9\">El recorrido dispone de sendos paneles informativos sobre la flora, la fauna, los molinos y algunas pinceladas de su historia.<\/p>\n\n\n\n<p class=\"\"><\/p>\n<\/div>\n<\/div>\n<\/div>\n\n\n\n<div class=\"nfd-gap-3xl wp-block-columns are-vertically-aligned-center has-background is-layout-flex wp-container-core-columns-is-layout-28f84493 wp-block-columns-is-layout-flex\" style=\"background-color:#212121\">\n<div class=\"md:nfd-order-2 wp-block-column is-vertically-aligned-center is-layout-flow wp-container-core-column-is-layout-369f67fb wp-block-column-is-layout-flow\" style=\"flex-basis:50%\">\n<div class=\"nfd-gap-md wp-block-group is-vertical is-layout-flex wp-container-core-group-is-layout-fe9cc265 wp-block-group-is-layout-flex\">\n<h3 class=\"nfd-text-xl nfd-text-contrast nfd-text-balance wp-block-heading has-text-color has-link-color wp-elements-b7bc2e0572153ea6524946e7046c6d72\" style=\"color:#f9f9f9\">La cascada de Bouzafr\u00eda<\/h3>\n\n\n\n<p class=\"has-text-color has-link-color wp-elements-ad01c98d58576d62ce2cbf7d5bff70ae\" style=\"color:#f9f9f9\">Uno de los momentos m\u00e1s especiales es la llegada a la Cascada de Bouzafr\u00eda, uno de los rincones m\u00e1s fotog\u00e9nicos de la ruta. El agua se desploma cuatro metros entre rocas cubiertas de musgo, creando un salto de agua. En \u00e9pocas secas, el caudal puede ser escaso, pero tras lluvias intensas la cascada ofrece todo su esplendor.<\/p>\n\n\n\n<p class=\"has-text-color has-link-color wp-elements-47e8cf3450f9a7e771c430bfa38fa883\" style=\"color:#f9f9f9\">Junto a la cascada se encuentran los molinos llamados de O Buraco y del Buraqui\u00f1o.<\/p>\n<\/div>\n<\/div>\n\n\n\n<div class=\"wp-block-column is-vertically-aligned-center is-layout-flow wp-block-column-is-layout-flow\" style=\"flex-basis:50%\">\n<div class=\"wp-block-group has-global-padding is-layout-constrained wp-block-group-is-layout-constrained\">\n<figure class=\"nfd-rounded wp-block-image size-large\"><img data-recalc-dims=\"1\" decoding=\"async\" width=\"1024\" height=\"768\" loading=\"lazy\" src=\"https:\/\/i0.wp.com\/asadorfaneco.com\/wp-content\/uploads\/2025\/06\/fervenza-bouzafria.jpg?resize=1024%2C768&#038;ssl=1\" alt=\"Fervenza da Bouzafr\u00eda\" class=\"wp-image-180\" style=\"aspect-ratio:1;object-fit:cover\" srcset=\"https:\/\/i0.wp.com\/asadorfaneco.com\/wp-content\/uploads\/2025\/06\/fervenza-bouzafria.jpg?resize=1024%2C768&amp;ssl=1 1024w, https:\/\/i0.wp.com\/asadorfaneco.com\/wp-content\/uploads\/2025\/06\/fervenza-bouzafria.jpg?resize=300%2C225&amp;ssl=1 300w, https:\/\/i0.wp.com\/asadorfaneco.com\/wp-content\/uploads\/2025\/06\/fervenza-bouzafria.jpg?resize=768%2C576&amp;ssl=1 768w, https:\/\/i0.wp.com\/asadorfaneco.com\/wp-content\/uploads\/2025\/06\/fervenza-bouzafria.jpg?resize=1536%2C1152&amp;ssl=1 1536w, https:\/\/i0.wp.com\/asadorfaneco.com\/wp-content\/uploads\/2025\/06\/fervenza-bouzafria.jpg?w=2000&amp;ssl=1 2000w\" sizes=\"auto, (max-width: 1000px) 100vw, 1000px\" \/><figcaption class=\"wp-element-caption\">Fervenza da Bouzafr\u00eda<\/figcaption><\/figure>\n<\/div>\n<\/div>\n<\/div>\n<\/div>\n\n\n\n<div class=\"nfd-container nfd-p-md  nfd-wb-features__features-15 is-style-nfd-theme-white wp-block-group has-background has-global-padding is-layout-constrained wp-block-group-is-layout-constrained\" style=\"background-color:#212121\">\n<h3 class=\"nfd-text-xl nfd-text-contrast nfd-text-balance wp-block-heading has-text-color has-link-color wp-elements-aa969e3b857459ca64778b4b185612c1\" style=\"color:#f9f9f9\">Nuestro asador<\/h3>\n\n\n\n<div class=\"nfd-gap-xl nfd-gap-y-2xl wp-block-columns is-layout-flex wp-container-core-columns-is-layout-28f84493 wp-block-columns-is-layout-flex\">\n<div class=\"wp-block-column is-layout-flow wp-block-column-is-layout-flow\">\n<figure class=\"nfd-rounded-sm wp-block-image size-large\"><a href=\"https:\/\/asadorfaneco.com\/gl\/gastronomia\/\"><img data-recalc-dims=\"1\" decoding=\"async\" width=\"1024\" height=\"768\" loading=\"lazy\" src=\"https:\/\/i0.wp.com\/asadorfaneco.com\/wp-content\/uploads\/2025\/07\/carne-parrilla.webp?resize=1024%2C768&#038;ssl=1\" alt=\"Gastronom\u00eda Asador O Faneco\" class=\"wp-image-245\" style=\"aspect-ratio:16\/9;object-fit:cover\" srcset=\"https:\/\/i0.wp.com\/asadorfaneco.com\/wp-content\/uploads\/2025\/07\/carne-parrilla.webp?resize=1024%2C768&amp;ssl=1 1024w, https:\/\/i0.wp.com\/asadorfaneco.com\/wp-content\/uploads\/2025\/07\/carne-parrilla.webp?resize=300%2C225&amp;ssl=1 300w, https:\/\/i0.wp.com\/asadorfaneco.com\/wp-content\/uploads\/2025\/07\/carne-parrilla.webp?resize=768%2C576&amp;ssl=1 768w, https:\/\/i0.wp.com\/asadorfaneco.com\/wp-content\/uploads\/2025\/07\/carne-parrilla.webp?resize=1536%2C1152&amp;ssl=1 1536w, https:\/\/i0.wp.com\/asadorfaneco.com\/wp-content\/uploads\/2025\/07\/carne-parrilla.webp?resize=16%2C12&amp;ssl=1 16w, https:\/\/i0.wp.com\/asadorfaneco.com\/wp-content\/uploads\/2025\/07\/carne-parrilla.webp?w=2000&amp;ssl=1 2000w\" sizes=\"auto, (max-width: 1000px) 100vw, 1000px\" \/><\/a><\/figure>\n\n\n\n<div class=\"wp-block-group is-vertical is-content-justification-stretch is-layout-flex wp-container-core-group-is-layout-38a18bb4 wp-block-group-is-layout-flex\">\n<h3 class=\"nfd-text-lg nfd-text-contrast wp-block-heading has-text-align-left has-text-color has-link-color wp-elements-882fef7119d097589930b56e0086ac54\" style=\"color:#f9f9f9fa;text-decoration:none\"><a href=\"https:\/\/asadorfaneco.com\/gl\/gastronomia\/\">Gastronom\u00eda<\/a><\/h3>\n\n\n\n<p class=\"nfd-text-base nfd-text-balance has-text-color has-link-color wp-elements-2e05131ab2fe1080038e04f252e4a309\" style=\"color:#f9f9f9\">Ofrecemos raciones t\u00edpicas de comida tradicional gallega. Destacan nuestras carnes y pescados a la brasa.<\/p>\n<\/div>\n<\/div>\n\n\n\n<div class=\"wp-block-column is-layout-flow wp-block-column-is-layout-flow\">\n<figure class=\"nfd-rounded-sm wp-block-image size-full\"><a href=\"https:\/\/asadorfaneco.com\/gl\/instalaciones\/\"><img data-recalc-dims=\"1\" decoding=\"async\" loading=\"lazy\" src=\"https:\/\/i0.wp.com\/asadorfaneco.com\/wp-content\/uploads\/2025\/08\/mesas-terraza.jpg?ssl=1\" alt=\"Instalaciones Asador O Faneco\" class=\"wp-image-585\" style=\"aspect-ratio:16\/9;object-fit:cover\"\/><\/a><\/figure>\n\n\n\n<div class=\"wp-block-group is-vertical is-content-justification-stretch is-layout-flex wp-container-core-group-is-layout-38a18bb4 wp-block-group-is-layout-flex\">\n<h3 class=\"nfd-text-lg nfd-text-contrast wp-block-heading has-text-align-left has-text-color has-link-color wp-elements-1480a66d5fb260cc95a5659c72aac51e\" style=\"color:#f9f9f9;text-decoration:none\"><a href=\"https:\/\/asadorfaneco.com\/gl\/instalaciones\/\">Instalaciones<\/a><\/h3>\n\n\n\n<p class=\"nfd-text-base nfd-text-balance has-text-color has-link-color wp-elements-fcd2d985f75609c21f1a87a83cfd0ca0\" style=\"color:#f9f9f9\">Tenemos una gran parrilla, un sal\u00f3n de comidas, dos terrazas al aire libre, escenario y bar exterior en verano.<\/p>\n<\/div>\n<\/div>\n\n\n\n<div class=\"wp-block-column is-layout-flow wp-block-column-is-layout-flow\">\n<figure class=\"nfd-rounded-sm wp-block-image size-large\"><a href=\"https:\/\/asadorfaneco.com\/gl\/eventos\/\"><img data-recalc-dims=\"1\" decoding=\"async\" width=\"1024\" height=\"698\" loading=\"lazy\" src=\"https:\/\/i0.wp.com\/asadorfaneco.com\/wp-content\/uploads\/2025\/08\/escenario-1.webp?resize=1024%2C698&#038;ssl=1\" alt=\"Eventos Asador O Faneco\" class=\"wp-image-597\" style=\"aspect-ratio:16\/9;object-fit:cover\" srcset=\"https:\/\/i0.wp.com\/asadorfaneco.com\/wp-content\/uploads\/2025\/08\/escenario-1-scaled.webp?resize=1024%2C698&amp;ssl=1 1024w, https:\/\/i0.wp.com\/asadorfaneco.com\/wp-content\/uploads\/2025\/08\/escenario-1-scaled.webp?resize=300%2C205&amp;ssl=1 300w, https:\/\/i0.wp.com\/asadorfaneco.com\/wp-content\/uploads\/2025\/08\/escenario-1-scaled.webp?resize=768%2C524&amp;ssl=1 768w, https:\/\/i0.wp.com\/asadorfaneco.com\/wp-content\/uploads\/2025\/08\/escenario-1-scaled.webp?resize=1536%2C1048&amp;ssl=1 1536w, https:\/\/i0.wp.com\/asadorfaneco.com\/wp-content\/uploads\/2025\/08\/escenario-1-scaled.webp?resize=2048%2C1397&amp;ssl=1 2048w, https:\/\/i0.wp.com\/asadorfaneco.com\/wp-content\/uploads\/2025\/08\/escenario-1-scaled.webp?resize=18%2C12&amp;ssl=1 18w\" sizes=\"auto, (max-width: 1000px) 100vw, 1000px\" \/><\/a><\/figure>\n\n\n\n<div class=\"wp-block-group is-vertical is-content-justification-stretch is-layout-flex wp-container-core-group-is-layout-38a18bb4 wp-block-group-is-layout-flex\">\n<h3 class=\"nfd-text-lg nfd-text-contrast wp-block-heading has-text-align-left has-text-color has-link-color wp-elements-e839e8dd2078354ad2ab19e63dcae4d5\" style=\"color:#f9f9f9;text-decoration:none\"><a href=\"https:\/\/asadorfaneco.com\/gl\/eventos\/\">Eventos<\/a><\/h3>\n\n\n\n<p class=\"nfd-text-base nfd-text-balance has-text-color has-link-color wp-elements-8d88bafa696439529e7a529fe7556dcb\" style=\"color:#f9f9f9\">Organiza eventos en nuestra terraza con escenario o en el la sala interior. Puede incluir oferta gastron\u00f3mica.<\/p>\n<\/div>\n<\/div>\n<\/div>\n<\/div>\n\n\n\n<div style=\"height:4vw\" aria-hidden=\"true\" class=\"wp-block-spacer\"><\/div>","protected":false},"excerpt":{"rendered":"<p>La ruta A pocos metros de nuestro asador pasa la Ruta del R\u00edo Eifonso, un recorrido de gran belleza. Este sendero, que sigue el curso del r\u00edo del mismo nombre, ofrece una escapada perfecta para quienes buscan un paseo tranquilo por la naturaleza. El itinerario circular completo, de unos 9,76 km, se puede recorrer en [&hellip;]<\/p>\n","protected":false},"author":1,"featured_media":0,"parent":0,"menu_order":0,"comment_status":"closed","ping_status":"closed","template":"","meta":{"nf_dc_page":"","om_disable_all_campaigns":false,"_monsterinsights_skip_tracking":false,"_monsterinsights_sitenote_active":false,"_monsterinsights_sitenote_note":"","_monsterinsights_sitenote_category":0,"footnotes":""},"class_list":["post-169","page","type-page","status-publish","hentry"],"yoast_head":"<!-- This site is optimized with the Yoast SEO plugin v27.5 - https:\/\/yoast.com\/product\/yoast-seo-wordpress\/ -->\n<title>Ruta del Rio Eifonso - Asador Faneco<\/title>\n<meta name=\"robots\" content=\"index, follow, max-snippet:-1, max-image-preview:large, max-video-preview:-1\" \/>\n<link rel=\"canonical\" href=\"https:\/\/asadorfaneco.com\/gl\/ruta-del-rio-eifonso\/\" \/>\n<meta property=\"og:locale\" content=\"gl_ES\" \/>\n<meta property=\"og:type\" content=\"article\" \/>\n<meta property=\"og:title\" content=\"Ruta del Rio Eifonso - Asador Faneco\" \/>\n<meta property=\"og:description\" content=\"La ruta A pocos metros de nuestro asador pasa la Ruta del R\u00edo Eifonso, un recorrido de gran belleza. Este sendero, que sigue el curso del r\u00edo del mismo nombre, ofrece una escapada perfecta para quienes buscan un paseo tranquilo por la naturaleza. El itinerario circular completo, de unos 9,76 km, se puede recorrer en [&hellip;]\" \/>\n<meta property=\"og:url\" content=\"https:\/\/asadorfaneco.com\/gl\/ruta-del-rio-eifonso\/\" \/>\n<meta property=\"og:site_name\" content=\"Asador Faneco\" \/>\n<meta property=\"article:modified_time\" content=\"2025-09-11T21:00:15+00:00\" \/>\n<meta property=\"og:image\" content=\"https:\/\/asadorfaneco.com\/wp-content\/uploads\/2025\/06\/ruta-rio-eifonso-1.jpg\" \/>\n<meta name=\"twitter:card\" content=\"summary_large_image\" \/>\n<meta name=\"twitter:label1\" content=\"Tempo de lectura\" \/>\n\t<meta name=\"twitter:data1\" content=\"4 minutos\" \/>\n<script type=\"application\/ld+json\" class=\"yoast-schema-graph\">{\"@context\":\"https:\\\/\\\/schema.org\",\"@graph\":[{\"@type\":\"WebPage\",\"@id\":\"https:\\\/\\\/asadorfaneco.com\\\/ruta-del-rio-eifonso\\\/\",\"url\":\"https:\\\/\\\/asadorfaneco.com\\\/ruta-del-rio-eifonso\\\/\",\"name\":\"Ruta del Rio Eifonso - Asador Faneco\",\"isPartOf\":{\"@id\":\"https:\\\/\\\/asadorfaneco.com\\\/#website\"},\"primaryImageOfPage\":{\"@id\":\"https:\\\/\\\/asadorfaneco.com\\\/ruta-del-rio-eifonso\\\/#primaryimage\"},\"image\":{\"@id\":\"https:\\\/\\\/asadorfaneco.com\\\/ruta-del-rio-eifonso\\\/#primaryimage\"},\"thumbnailUrl\":\"https:\\\/\\\/asadorfaneco.com\\\/wp-content\\\/uploads\\\/2025\\\/06\\\/ruta-rio-eifonso-1.jpg\",\"datePublished\":\"2025-06-23T19:00:37+00:00\",\"dateModified\":\"2025-09-11T21:00:15+00:00\",\"breadcrumb\":{\"@id\":\"https:\\\/\\\/asadorfaneco.com\\\/ruta-del-rio-eifonso\\\/#breadcrumb\"},\"inLanguage\":\"gl-ES\",\"potentialAction\":[{\"@type\":\"ReadAction\",\"target\":[\"https:\\\/\\\/asadorfaneco.com\\\/ruta-del-rio-eifonso\\\/\"]}]},{\"@type\":\"ImageObject\",\"inLanguage\":\"gl-ES\",\"@id\":\"https:\\\/\\\/asadorfaneco.com\\\/ruta-del-rio-eifonso\\\/#primaryimage\",\"url\":\"https:\\\/\\\/asadorfaneco.com\\\/wp-content\\\/uploads\\\/2025\\\/06\\\/ruta-rio-eifonso-1.jpg\",\"contentUrl\":\"https:\\\/\\\/asadorfaneco.com\\\/wp-content\\\/uploads\\\/2025\\\/06\\\/ruta-rio-eifonso-1.jpg\"},{\"@type\":\"BreadcrumbList\",\"@id\":\"https:\\\/\\\/asadorfaneco.com\\\/ruta-del-rio-eifonso\\\/#breadcrumb\",\"itemListElement\":[{\"@type\":\"ListItem\",\"position\":1,\"name\":\"Home\",\"item\":\"https:\\\/\\\/asadorfaneco.com\\\/\"},{\"@type\":\"ListItem\",\"position\":2,\"name\":\"Ruta del Rio Eifonso\"}]},{\"@type\":\"WebSite\",\"@id\":\"https:\\\/\\\/asadorfaneco.com\\\/#website\",\"url\":\"https:\\\/\\\/asadorfaneco.com\\\/\",\"name\":\"Asador Faneco\",\"description\":\"Brasas, m\u00fasica y naturaleza\",\"potentialAction\":[{\"@type\":\"SearchAction\",\"target\":{\"@type\":\"EntryPoint\",\"urlTemplate\":\"https:\\\/\\\/asadorfaneco.com\\\/?s={search_term_string}\"},\"query-input\":{\"@type\":\"PropertyValueSpecification\",\"valueRequired\":true,\"valueName\":\"search_term_string\"}}],\"inLanguage\":\"gl-ES\"}]}<\/script>\n<!-- \/ Yoast SEO plugin. -->","yoast_head_json":{"title":"Ruta del Rio Eifonso - Asador Faneco","robots":{"index":"index","follow":"follow","max-snippet":"max-snippet:-1","max-image-preview":"max-image-preview:large","max-video-preview":"max-video-preview:-1"},"canonical":"https:\/\/asadorfaneco.com\/gl\/ruta-del-rio-eifonso\/","og_locale":"gl_ES","og_type":"article","og_title":"Ruta del Rio Eifonso - Asador Faneco","og_description":"La ruta A pocos metros de nuestro asador pasa la Ruta del R\u00edo Eifonso, un recorrido de gran belleza. Este sendero, que sigue el curso del r\u00edo del mismo nombre, ofrece una escapada perfecta para quienes buscan un paseo tranquilo por la naturaleza. El itinerario circular completo, de unos 9,76 km, se puede recorrer en [&hellip;]","og_url":"https:\/\/asadorfaneco.com\/gl\/ruta-del-rio-eifonso\/","og_site_name":"Asador Faneco","article_modified_time":"2025-09-11T21:00:15+00:00","og_image":[{"url":"https:\/\/asadorfaneco.com\/wp-content\/uploads\/2025\/06\/ruta-rio-eifonso-1.jpg","type":"","width":"","height":""}],"twitter_card":"summary_large_image","twitter_misc":{"Tempo de lectura":"4 minutos"},"schema":{"@context":"https:\/\/schema.org","@graph":[{"@type":"WebPage","@id":"https:\/\/asadorfaneco.com\/ruta-del-rio-eifonso\/","url":"https:\/\/asadorfaneco.com\/ruta-del-rio-eifonso\/","name":"Ruta del Rio Eifonso - Asador Faneco","isPartOf":{"@id":"https:\/\/asadorfaneco.com\/#website"},"primaryImageOfPage":{"@id":"https:\/\/asadorfaneco.com\/ruta-del-rio-eifonso\/#primaryimage"},"image":{"@id":"https:\/\/asadorfaneco.com\/ruta-del-rio-eifonso\/#primaryimage"},"thumbnailUrl":"https:\/\/asadorfaneco.com\/wp-content\/uploads\/2025\/06\/ruta-rio-eifonso-1.jpg","datePublished":"2025-06-23T19:00:37+00:00","dateModified":"2025-09-11T21:00:15+00:00","breadcrumb":{"@id":"https:\/\/asadorfaneco.com\/ruta-del-rio-eifonso\/#breadcrumb"},"inLanguage":"gl-ES","potentialAction":[{"@type":"ReadAction","target":["https:\/\/asadorfaneco.com\/ruta-del-rio-eifonso\/"]}]},{"@type":"ImageObject","inLanguage":"gl-ES","@id":"https:\/\/asadorfaneco.com\/ruta-del-rio-eifonso\/#primaryimage","url":"https:\/\/asadorfaneco.com\/wp-content\/uploads\/2025\/06\/ruta-rio-eifonso-1.jpg","contentUrl":"https:\/\/asadorfaneco.com\/wp-content\/uploads\/2025\/06\/ruta-rio-eifonso-1.jpg"},{"@type":"BreadcrumbList","@id":"https:\/\/asadorfaneco.com\/ruta-del-rio-eifonso\/#breadcrumb","itemListElement":[{"@type":"ListItem","position":1,"name":"Home","item":"https:\/\/asadorfaneco.com\/"},{"@type":"ListItem","position":2,"name":"Ruta del Rio Eifonso"}]},{"@type":"WebSite","@id":"https:\/\/asadorfaneco.com\/#website","url":"https:\/\/asadorfaneco.com\/","name":"Asador Faneco","description":"Brasas, m\u00fasica y naturaleza","potentialAction":[{"@type":"SearchAction","target":{"@type":"EntryPoint","urlTemplate":"https:\/\/asadorfaneco.com\/?s={search_term_string}"},"query-input":{"@type":"PropertyValueSpecification","valueRequired":true,"valueName":"search_term_string"}}],"inLanguage":"gl-ES"}]}},"jetpack_sharing_enabled":true,"_links":{"self":[{"href":"https:\/\/asadorfaneco.com\/gl\/wp-json\/wp\/v2\/pages\/169","targetHints":{"allow":["GET"]}}],"collection":[{"href":"https:\/\/asadorfaneco.com\/gl\/wp-json\/wp\/v2\/pages"}],"about":[{"href":"https:\/\/asadorfaneco.com\/gl\/wp-json\/wp\/v2\/types\/page"}],"author":[{"embeddable":true,"href":"https:\/\/asadorfaneco.com\/gl\/wp-json\/wp\/v2\/users\/1"}],"replies":[{"embeddable":true,"href":"https:\/\/asadorfaneco.com\/gl\/wp-json\/wp\/v2\/comments?post=169"}],"version-history":[{"count":7,"href":"https:\/\/asadorfaneco.com\/gl\/wp-json\/wp\/v2\/pages\/169\/revisions"}],"predecessor-version":[{"id":876,"href":"https:\/\/asadorfaneco.com\/gl\/wp-json\/wp\/v2\/pages\/169\/revisions\/876"}],"wp:attachment":[{"href":"https:\/\/asadorfaneco.com\/gl\/wp-json\/wp\/v2\/media?parent=169"}],"curies":[{"name":"wp","href":"https:\/\/api.w.org\/{rel}","templated":true}]}}