{"id":187,"date":"2025-06-26T10:52:56","date_gmt":"2025-06-26T10:52:56","guid":{"rendered":"https:\/\/asadorfaneco.com\/?page_id=187"},"modified":"2025-09-11T20:39:54","modified_gmt":"2025-09-11T20:39:54","slug":"campo-de-futbol-de-santo-estevo","status":"publish","type":"page","link":"https:\/\/asadorfaneco.com\/gl\/campo-de-futbol-de-santo-estevo\/","title":{"rendered":"Campo de F\u00fatbol de Santo Estevo"},"content":{"rendered":"<div class=\"is-style-default sin-border-box wp-block-group alignfull is-layout-flow wp-container-core-group-is-layout-ed2d1f84 wp-block-group-is-layout-flow\" id=\"hero\" style=\"border-style:none;border-width:0px;margin-top:0;margin-bottom:0;padding-right:0px;padding-left:0px\">\n<div class=\"nfd-stretch-cover-child nfd-bg-gray-800 sin-border-box wp-block-cover\" style=\"margin-top:0;margin-bottom:0;padding-top:0;padding-right:0;padding-bottom:0;padding-left:0\"><img data-recalc-dims=\"1\" decoding=\"async\" width=\"2500\" height=\"1875\" loading=\"lazy\" class=\"wp-block-cover__image-background wp-image-192 size-full\" alt=\"Instalaciones Campo de Futbol Santo Estevo\" src=\"https:\/\/i0.wp.com\/asadorfaneco.com\/wp-content\/uploads\/2025\/06\/campo-futbol-santo-estevo.jpg?resize=2500%2C1875&#038;ssl=1\" data-object-fit=\"cover\" srcset=\"https:\/\/i0.wp.com\/asadorfaneco.com\/wp-content\/uploads\/2025\/06\/campo-futbol-santo-estevo.jpg?w=2500&amp;ssl=1 2500w, https:\/\/i0.wp.com\/asadorfaneco.com\/wp-content\/uploads\/2025\/06\/campo-futbol-santo-estevo.jpg?resize=300%2C225&amp;ssl=1 300w, https:\/\/i0.wp.com\/asadorfaneco.com\/wp-content\/uploads\/2025\/06\/campo-futbol-santo-estevo.jpg?resize=1024%2C768&amp;ssl=1 1024w, https:\/\/i0.wp.com\/asadorfaneco.com\/wp-content\/uploads\/2025\/06\/campo-futbol-santo-estevo.jpg?resize=768%2C576&amp;ssl=1 768w, https:\/\/i0.wp.com\/asadorfaneco.com\/wp-content\/uploads\/2025\/06\/campo-futbol-santo-estevo.jpg?resize=1536%2C1152&amp;ssl=1 1536w, https:\/\/i0.wp.com\/asadorfaneco.com\/wp-content\/uploads\/2025\/06\/campo-futbol-santo-estevo.jpg?resize=2048%2C1536&amp;ssl=1 2048w\" sizes=\"auto, (max-width: 1000px) 100vw, 1000px\" \/><span aria-hidden=\"true\" class=\"wp-block-cover__background has-black-background-color has-background-dim-30 has-background-dim\"><\/span><div class=\"wp-block-cover__inner-container is-layout-flow wp-block-cover-is-layout-flow\">\n<div class=\"nfd-px-base nfd-grow nfd-w-full md:nfd-border-none alignfull sin-border-box wp-block-group is-vertical is-layout-flex wp-container-core-group-is-layout-afc903cf wp-block-group-is-layout-flex\" style=\"border-top-style:none;border-top-width:0px;border-right-color:var(--wp--preset--color--white);border-right-width:32px;border-bottom-color:var(--wp--preset--color--white);border-bottom-width:32px;border-left-color:var(--wp--preset--color--white);border-left-width:32px\">\n<div style=\"height:0px;width:0px\" aria-hidden=\"true\" class=\"nfd-my-0 wp-block-spacer wp-container-content-95b39f08\"><\/div>\n\n\n\n<h2 class=\"wp-block-heading has-text-align-center has-text-color has-link-color wp-elements-37153a58cb3eab1e97e133d1d125f638\" style=\"border-style:none;border-width:0px;color:#f9f9f9\">Campo de F\u00fatbol de Santo Estevo<\/h2>\n\n\n\n<div class=\"nfd-text-md md:nfd-justify-start md:nfd-self-start wp-block-group has-global-padding is-content-justification-left is-layout-constrained wp-container-core-group-is-layout-d5209ea4 wp-block-group-is-layout-constrained\">\n<p class=\"has-text-align-center has-text-color has-link-color wp-elements-3dc95b40046c4d61ba4f333477fb71d5\" style=\"color:#f9f9f9;font-size:clamp(14.082px, 0.88rem + ((1vw - 3.2px) * 0.786), 21px);\">Novo Mirador, sede del Club de F\u00fatbol San Esteban de Beade.<\/p>\n<\/div>\n<\/div>\n<\/div><\/div>\n<\/div>\n\n\n\n<div class=\"nfd-p-md nfd-pb-lg nfd-container is-style-nfd-theme-white wp-block-group has-background has-global-padding is-layout-constrained wp-container-core-group-is-layout-24bd993d wp-block-group-is-layout-constrained\" style=\"background-color:#212121\">\n<div class=\"nfd-gap-3xl wp-block-columns are-vertically-aligned-center has-background is-layout-flex wp-container-core-columns-is-layout-28f84493 wp-block-columns-is-layout-flex\" style=\"background-color:#212121\">\n<div class=\"md:nfd-order-2 wp-block-column is-vertically-aligned-center is-layout-flow wp-container-core-column-is-layout-369f67fb wp-block-column-is-layout-flow\" style=\"flex-basis:50%\">\n<div class=\"nfd-gap-md wp-block-group is-vertical is-layout-flex wp-container-core-group-is-layout-fe9cc265 wp-block-group-is-layout-flex\">\n<h3 class=\"nfd-text-xl nfd-text-contrast nfd-text-balance wp-block-heading has-text-color has-link-color wp-elements-cee8b9e31beb53a9379fe4d82341ba51\" style=\"color:#f9f9f9\">Novo Mirador<\/h3>\n\n\n\n<p class=\"has-text-color has-link-color wp-elements-f189bb9ed9de4cf6b534caf7fe5175d1\" style=\"color:#f9f9f9\">Muy cerca de nuestro asador, se encuentra el Campo de F\u00fatbol de Santo Estevo, conocido tambi\u00e9n como \u201cNovo Mirador\u201d. Es la instalaci\u00f3n deportiva principal del Club de F\u00fatbol San Esteban de Beade, equipo de tercera divisi\u00f3n regional gallega en el a\u00f1o 2025. <br><br>Fundada en 1969, la Sociedad Deportiva Recreativa San Esteban cambi\u00f3 su nombre en el a\u00f1o 2022 a Club de F\u00fatbol San Esteban de Beade.<\/p>\n\n\n\n<p class=\"has-text-color has-link-color wp-elements-014bdffce27eae7d0cf8a63c3d101760\" style=\"color:#f9f9f9\">En el campo de futbol Novo Mirador se realizan entrenamientos y partidos de competici\u00f3n oficial. Est\u00e1 situado en el coraz\u00f3n del Parque Forestal de Beade, en un mirador con vistas privilegiadas a la R\u00eda de Vigo.<\/p>\n<\/div>\n<\/div>\n\n\n\n<div class=\"wp-block-column is-vertically-aligned-center is-layout-flow wp-block-column-is-layout-flow\" style=\"flex-basis:50%\">\n<div class=\"wp-block-group has-global-padding is-layout-constrained wp-block-group-is-layout-constrained\">\n<figure class=\"nfd-rounded wp-block-image size-full\"><img data-recalc-dims=\"1\" decoding=\"async\" width=\"2500\" height=\"1875\" loading=\"lazy\" src=\"https:\/\/i0.wp.com\/asadorfaneco.com\/wp-content\/uploads\/2025\/06\/campo-novo-mirador.jpg?resize=2500%2C1875&#038;ssl=1\" alt=\"Campo de Futbol Novo Mirador\" class=\"wp-image-191\" style=\"aspect-ratio:1;object-fit:cover\" srcset=\"https:\/\/i0.wp.com\/asadorfaneco.com\/wp-content\/uploads\/2025\/06\/campo-novo-mirador.jpg?w=2500&amp;ssl=1 2500w, https:\/\/i0.wp.com\/asadorfaneco.com\/wp-content\/uploads\/2025\/06\/campo-novo-mirador.jpg?resize=300%2C225&amp;ssl=1 300w, https:\/\/i0.wp.com\/asadorfaneco.com\/wp-content\/uploads\/2025\/06\/campo-novo-mirador.jpg?resize=1024%2C768&amp;ssl=1 1024w, https:\/\/i0.wp.com\/asadorfaneco.com\/wp-content\/uploads\/2025\/06\/campo-novo-mirador.jpg?resize=768%2C576&amp;ssl=1 768w, https:\/\/i0.wp.com\/asadorfaneco.com\/wp-content\/uploads\/2025\/06\/campo-novo-mirador.jpg?w=2000&amp;ssl=1 2000w\" sizes=\"auto, (max-width: 1000px) 100vw, 1000px\" \/><figcaption class=\"wp-element-caption\">Campo de Futbol Novo Mirador<\/figcaption><\/figure>\n<\/div>\n<\/div>\n<\/div>\n\n\n\n<div class=\"nfd-gap-3xl wp-block-columns are-vertically-aligned-center is-layout-flex wp-container-core-columns-is-layout-28f84493 wp-block-columns-is-layout-flex\">\n<div class=\"wp-block-column is-vertically-aligned-center is-layout-flow wp-block-column-is-layout-flow\" style=\"flex-basis:50%\">\n<div class=\"wp-block-group has-global-padding is-layout-constrained wp-block-group-is-layout-constrained\">\n<figure class=\"nfd-rounded is-style-default wp-block-image size-full wp-duotone-unset-1\"><img decoding=\"async\" width=\"2500\" height=\"1875\" loading=\"lazy\" src=\"https:\/\/i0.wp.com\/asadorfaneco.com\/wp-content\/uploads\/2025\/06\/campo-futbol-santo-estevo.jpg?fit=2500%2C1875&amp;ssl=1\" alt=\"Instalaciones Campo de Futbol Santo Estevo\" class=\"wp-image-192\" style=\"aspect-ratio:1;object-fit:cover\" srcset=\"https:\/\/i0.wp.com\/asadorfaneco.com\/wp-content\/uploads\/2025\/06\/campo-futbol-santo-estevo.jpg?w=2500&amp;ssl=1 2500w, https:\/\/i0.wp.com\/asadorfaneco.com\/wp-content\/uploads\/2025\/06\/campo-futbol-santo-estevo.jpg?resize=300%2C225&amp;ssl=1 300w, https:\/\/i0.wp.com\/asadorfaneco.com\/wp-content\/uploads\/2025\/06\/campo-futbol-santo-estevo.jpg?resize=1024%2C768&amp;ssl=1 1024w, https:\/\/i0.wp.com\/asadorfaneco.com\/wp-content\/uploads\/2025\/06\/campo-futbol-santo-estevo.jpg?resize=768%2C576&amp;ssl=1 768w, https:\/\/i0.wp.com\/asadorfaneco.com\/wp-content\/uploads\/2025\/06\/campo-futbol-santo-estevo.jpg?resize=1536%2C1152&amp;ssl=1 1536w, https:\/\/i0.wp.com\/asadorfaneco.com\/wp-content\/uploads\/2025\/06\/campo-futbol-santo-estevo.jpg?resize=2048%2C1536&amp;ssl=1 2048w\" sizes=\"auto, (max-width: 1000px) 100vw, 1000px\" \/><figcaption class=\"wp-element-caption\">Instalaciones<\/figcaption><\/figure>\n<\/div>\n<\/div>\n\n\n\n<div class=\"md:nfd-order-2 wp-block-column is-vertically-aligned-center is-layout-flow wp-container-core-column-is-layout-369f67fb wp-block-column-is-layout-flow\" style=\"flex-basis:50%\">\n<div class=\"nfd-gap-md wp-block-group is-vertical is-layout-flex wp-container-core-group-is-layout-fe9cc265 wp-block-group-is-layout-flex\">\n<h3 class=\"nfd-text-xl nfd-text-contrast nfd-text-balance wp-block-heading has-text-color has-link-color wp-elements-28e7307e44bd9547e7881129c6ff28e9\" style=\"color:#f9f9f9\">Instalaciones<\/h3>\n\n\n\n<p class=\"has-text-color has-link-color wp-elements-df705f67734ed6c922ae7e9de4f00ffa\" style=\"color:#f9f9f9\">Las instalaciones del Club de F\u00fatbol San Esteban de Beade ofrecen un entorno funcional y acogedor para la pr\u00e1ctica deportiva. El recinto dispone de un campo grande de hierba artificial. El terreno de juego est\u00e1 rodeado por redes altas que minimizan la p\u00e9rdida de balones y garantizan la seguridad de viandantes.<\/p>\n\n\n\n<p class=\"has-text-color has-link-color wp-elements-921cd9bcb4bb22d3c30544bf9cfef591\" style=\"color:#f9f9f9\">El complejo cuenta con gradas cubiertas que protegen del mal tiempo, permitiendo al p\u00fablico disfrutar de los partidos incluso en d\u00edas de lluvia. La iluminaci\u00f3n es \u00f3ptima, lo que permite la realizaci\u00f3n de actividades en horario nocturno. Adem\u00e1s, dispone de vestuarios bien equipados, aseos p\u00fablicos y un marcador visible desde cualquier punto del campo.<br><br>Uno de los elementos m\u00e1s destacados por los asistentes es la cantina. De precios asequibles y muy bien valorada, ofrece caf\u00e9, refrescos y empanadillas caseras. Su ubicaci\u00f3n, protegida por las gradas, la convierte en un lugar c\u00f3modo y accesible para disfrutar durante los descansos de los partidos o como punto de encuentro antes y despu\u00e9s de cada jornada deportiva.<\/p>\n<\/div>\n<\/div>\n<\/div>\n\n\n\n<div class=\"nfd-gap-3xl wp-block-columns are-vertically-aligned-center has-background is-layout-flex wp-container-core-columns-is-layout-28f84493 wp-block-columns-is-layout-flex\" style=\"background-color:#212121\">\n<div class=\"md:nfd-order-2 wp-block-column is-vertically-aligned-center is-layout-flow wp-container-core-column-is-layout-369f67fb wp-block-column-is-layout-flow\" style=\"flex-basis:50%\">\n<div class=\"nfd-gap-md wp-block-group is-vertical is-layout-flex wp-container-core-group-is-layout-fe9cc265 wp-block-group-is-layout-flex\">\n<h3 class=\"nfd-text-xl nfd-text-contrast nfd-text-balance wp-block-heading has-text-color has-link-color wp-elements-81736a77fff1bdfd30833f8e20b0fcd8\" style=\"color:#f9f9f9\">Alrededores<\/h3>\n\n\n\n<p class=\"has-text-color has-link-color wp-elements-858995d4b7177d7ab45948cc76374437\" style=\"color:#f9f9f9\">Los alrededores destacan sobre todo por la belleza del lugar. Al lado del recinto hay un aparcamiento muy a mano que facilita el acceso. En caso de que este se complete, es posible dejar el veh\u00edculo en la zona superior del parque forestal, donde hay otra zona de aparcamiento.<\/p>\n\n\n\n<p class=\"has-text-color has-link-color wp-elements-ece1432bdd3e3d8ca3c9fd85815f58cc\" style=\"color:#f9f9f9\">Junto al campo, tambi\u00e9n se encuentra una peque\u00f1a senda lateral que conduce a un mirador natural, desde el cual se pueden contemplar espectaculares vistas de la ciudad de Vigo, su r\u00eda y las islas C\u00edes al fondo.<\/p>\n\n\n\n<p class=\"has-text-color has-link-color wp-elements-6f83b969d37e963c9d32134a6c4db270\" style=\"color:#f9f9f9\">La zona cuenta adem\u00e1s con parrillas al aire libre y merenderos para descansar tras la sesi\u00f3n deportiva. El deporte da hambre, y al terminar un partido, siempre pod\u00e9is pasaros por nuestro asador a comer un churrasco para reponer fuerzas.<\/p>\n<\/div>\n<\/div>\n\n\n\n<div class=\"wp-block-column is-vertically-aligned-center is-layout-flow wp-block-column-is-layout-flow\" style=\"flex-basis:50%\">\n<div class=\"wp-block-group has-global-padding is-layout-constrained wp-block-group-is-layout-constrained\">\n<figure class=\"nfd-rounded wp-block-image size-full\"><img data-recalc-dims=\"1\" decoding=\"async\" width=\"2500\" height=\"1875\" loading=\"lazy\" src=\"https:\/\/i0.wp.com\/asadorfaneco.com\/wp-content\/uploads\/2025\/06\/mirador-beade-1.webp?resize=2500%2C1875&#038;ssl=1\" alt=\"Mirador del Parque Forestal de Beade\" class=\"wp-image-190\" style=\"aspect-ratio:1;object-fit:cover\" srcset=\"https:\/\/i0.wp.com\/asadorfaneco.com\/wp-content\/uploads\/2025\/06\/mirador-beade-1.webp?w=2500&amp;ssl=1 2500w, https:\/\/i0.wp.com\/asadorfaneco.com\/wp-content\/uploads\/2025\/06\/mirador-beade-1.webp?resize=300%2C225&amp;ssl=1 300w, https:\/\/i0.wp.com\/asadorfaneco.com\/wp-content\/uploads\/2025\/06\/mirador-beade-1.webp?resize=1024%2C768&amp;ssl=1 1024w, https:\/\/i0.wp.com\/asadorfaneco.com\/wp-content\/uploads\/2025\/06\/mirador-beade-1.webp?resize=768%2C576&amp;ssl=1 768w, https:\/\/i0.wp.com\/asadorfaneco.com\/wp-content\/uploads\/2025\/06\/mirador-beade-1.webp?resize=1536%2C1152&amp;ssl=1 1536w, https:\/\/i0.wp.com\/asadorfaneco.com\/wp-content\/uploads\/2025\/06\/mirador-beade-1.webp?w=2000&amp;ssl=1 2000w\" sizes=\"auto, (max-width: 1000px) 100vw, 1000px\" \/><figcaption class=\"wp-element-caption\">Mirador del Parque Forestal de Beade<\/figcaption><\/figure>\n<\/div>\n<\/div>\n<\/div>\n<\/div>\n\n\n\n<div class=\"nfd-container nfd-p-md  nfd-wb-features__features-15 is-style-nfd-theme-white wp-block-group has-background has-global-padding is-layout-constrained wp-block-group-is-layout-constrained\" style=\"background-color:#212121\">\n<h3 class=\"nfd-text-xl nfd-text-contrast nfd-text-balance wp-block-heading has-text-color has-link-color wp-elements-aa969e3b857459ca64778b4b185612c1\" style=\"color:#f9f9f9\">Nuestro asador<\/h3>\n\n\n\n<div class=\"nfd-gap-xl nfd-gap-y-2xl wp-block-columns is-layout-flex wp-container-core-columns-is-layout-28f84493 wp-block-columns-is-layout-flex\">\n<div class=\"wp-block-column is-layout-flow wp-block-column-is-layout-flow\">\n<figure class=\"nfd-rounded-sm wp-block-image size-large\"><a href=\"https:\/\/asadorfaneco.com\/gl\/gastronomia\/\"><img data-recalc-dims=\"1\" decoding=\"async\" width=\"1024\" height=\"768\" loading=\"lazy\" src=\"https:\/\/i0.wp.com\/asadorfaneco.com\/wp-content\/uploads\/2025\/07\/carne-parrilla.webp?resize=1024%2C768&#038;ssl=1\" alt=\"Gastronom\u00eda Asador O Faneco\" class=\"wp-image-245\" style=\"aspect-ratio:16\/9;object-fit:cover\" srcset=\"https:\/\/i0.wp.com\/asadorfaneco.com\/wp-content\/uploads\/2025\/07\/carne-parrilla.webp?resize=1024%2C768&amp;ssl=1 1024w, https:\/\/i0.wp.com\/asadorfaneco.com\/wp-content\/uploads\/2025\/07\/carne-parrilla.webp?resize=300%2C225&amp;ssl=1 300w, https:\/\/i0.wp.com\/asadorfaneco.com\/wp-content\/uploads\/2025\/07\/carne-parrilla.webp?resize=768%2C576&amp;ssl=1 768w, https:\/\/i0.wp.com\/asadorfaneco.com\/wp-content\/uploads\/2025\/07\/carne-parrilla.webp?resize=1536%2C1152&amp;ssl=1 1536w, https:\/\/i0.wp.com\/asadorfaneco.com\/wp-content\/uploads\/2025\/07\/carne-parrilla.webp?resize=16%2C12&amp;ssl=1 16w, https:\/\/i0.wp.com\/asadorfaneco.com\/wp-content\/uploads\/2025\/07\/carne-parrilla.webp?w=2000&amp;ssl=1 2000w\" sizes=\"auto, (max-width: 1000px) 100vw, 1000px\" \/><\/a><\/figure>\n\n\n\n<div class=\"wp-block-group is-vertical is-content-justification-stretch is-layout-flex wp-container-core-group-is-layout-38a18bb4 wp-block-group-is-layout-flex\">\n<h3 class=\"nfd-text-lg nfd-text-contrast wp-block-heading has-text-align-left has-text-color has-link-color wp-elements-882fef7119d097589930b56e0086ac54\" style=\"color:#f9f9f9fa;text-decoration:none\"><a href=\"https:\/\/asadorfaneco.com\/gl\/gastronomia\/\">Gastronom\u00eda<\/a><\/h3>\n\n\n\n<p class=\"nfd-text-base nfd-text-balance has-text-color has-link-color wp-elements-2e05131ab2fe1080038e04f252e4a309\" style=\"color:#f9f9f9\">Ofrecemos raciones t\u00edpicas de comida tradicional gallega. Destacan nuestras carnes y pescados a la brasa.<\/p>\n<\/div>\n<\/div>\n\n\n\n<div class=\"wp-block-column is-layout-flow wp-block-column-is-layout-flow\">\n<figure class=\"nfd-rounded-sm wp-block-image size-full\"><a href=\"https:\/\/asadorfaneco.com\/gl\/instalaciones\/\"><img data-recalc-dims=\"1\" decoding=\"async\" loading=\"lazy\" src=\"https:\/\/i0.wp.com\/asadorfaneco.com\/wp-content\/uploads\/2025\/08\/mesas-terraza.jpg?ssl=1\" alt=\"Instalaciones Asador O Faneco\" class=\"wp-image-585\" style=\"aspect-ratio:16\/9;object-fit:cover\"\/><\/a><\/figure>\n\n\n\n<div class=\"wp-block-group is-vertical is-content-justification-stretch is-layout-flex wp-container-core-group-is-layout-38a18bb4 wp-block-group-is-layout-flex\">\n<h3 class=\"nfd-text-lg nfd-text-contrast wp-block-heading has-text-align-left has-text-color has-link-color wp-elements-1480a66d5fb260cc95a5659c72aac51e\" style=\"color:#f9f9f9;text-decoration:none\"><a href=\"https:\/\/asadorfaneco.com\/gl\/instalaciones\/\">Instalaciones<\/a><\/h3>\n\n\n\n<p class=\"nfd-text-base nfd-text-balance has-text-color has-link-color wp-elements-fcd2d985f75609c21f1a87a83cfd0ca0\" style=\"color:#f9f9f9\">Tenemos una gran parrilla, un sal\u00f3n de comidas, dos terrazas al aire libre, escenario y bar exterior en verano.<\/p>\n<\/div>\n<\/div>\n\n\n\n<div class=\"wp-block-column is-layout-flow wp-block-column-is-layout-flow\">\n<figure class=\"nfd-rounded-sm wp-block-image size-large\"><a href=\"https:\/\/asadorfaneco.com\/gl\/eventos\/\"><img data-recalc-dims=\"1\" decoding=\"async\" width=\"1024\" height=\"698\" loading=\"lazy\" src=\"https:\/\/i0.wp.com\/asadorfaneco.com\/wp-content\/uploads\/2025\/08\/escenario-1.webp?resize=1024%2C698&#038;ssl=1\" alt=\"Eventos Asador O Faneco\" class=\"wp-image-597\" style=\"aspect-ratio:16\/9;object-fit:cover\" srcset=\"https:\/\/i0.wp.com\/asadorfaneco.com\/wp-content\/uploads\/2025\/08\/escenario-1-scaled.webp?resize=1024%2C698&amp;ssl=1 1024w, https:\/\/i0.wp.com\/asadorfaneco.com\/wp-content\/uploads\/2025\/08\/escenario-1-scaled.webp?resize=300%2C205&amp;ssl=1 300w, https:\/\/i0.wp.com\/asadorfaneco.com\/wp-content\/uploads\/2025\/08\/escenario-1-scaled.webp?resize=768%2C524&amp;ssl=1 768w, https:\/\/i0.wp.com\/asadorfaneco.com\/wp-content\/uploads\/2025\/08\/escenario-1-scaled.webp?resize=1536%2C1048&amp;ssl=1 1536w, https:\/\/i0.wp.com\/asadorfaneco.com\/wp-content\/uploads\/2025\/08\/escenario-1-scaled.webp?resize=2048%2C1397&amp;ssl=1 2048w, https:\/\/i0.wp.com\/asadorfaneco.com\/wp-content\/uploads\/2025\/08\/escenario-1-scaled.webp?resize=18%2C12&amp;ssl=1 18w\" sizes=\"auto, (max-width: 1000px) 100vw, 1000px\" \/><\/a><\/figure>\n\n\n\n<div class=\"wp-block-group is-vertical is-content-justification-stretch is-layout-flex wp-container-core-group-is-layout-38a18bb4 wp-block-group-is-layout-flex\">\n<h3 class=\"nfd-text-lg nfd-text-contrast wp-block-heading has-text-align-left has-text-color has-link-color wp-elements-e839e8dd2078354ad2ab19e63dcae4d5\" style=\"color:#f9f9f9;text-decoration:none\"><a href=\"https:\/\/asadorfaneco.com\/gl\/eventos\/\">Eventos<\/a><\/h3>\n\n\n\n<p class=\"nfd-text-base nfd-text-balance has-text-color has-link-color wp-elements-8d88bafa696439529e7a529fe7556dcb\" style=\"color:#f9f9f9\">Organiza eventos en nuestra terraza con escenario o en el la sala interior. Puede incluir oferta gastron\u00f3mica.<\/p>\n<\/div>\n<\/div>\n<\/div>\n<\/div>\n\n\n\n<div style=\"height:4vw\" aria-hidden=\"true\" class=\"wp-block-spacer\"><\/div>","protected":false},"excerpt":{"rendered":"<p>Novo Mirador Muy cerca de nuestro asador, se encuentra el Campo de F\u00fatbol de Santo Estevo, conocido tambi\u00e9n como \u201cNovo Mirador\u201d. Es la instalaci\u00f3n deportiva principal del Club de F\u00fatbol San Esteban de Beade, equipo de tercera divisi\u00f3n regional gallega en el a\u00f1o 2025. Fundada en 1969, la Sociedad Deportiva Recreativa San Esteban cambi\u00f3 su [&hellip;]<\/p>\n","protected":false},"author":1,"featured_media":0,"parent":0,"menu_order":0,"comment_status":"closed","ping_status":"closed","template":"","meta":{"nf_dc_page":"","om_disable_all_campaigns":false,"_monsterinsights_skip_tracking":false,"_monsterinsights_sitenote_active":false,"_monsterinsights_sitenote_note":"","_monsterinsights_sitenote_category":0,"footnotes":""},"class_list":["post-187","page","type-page","status-publish","hentry"],"yoast_head":"<!-- This site is optimized with the Yoast SEO plugin v27.5 - https:\/\/yoast.com\/product\/yoast-seo-wordpress\/ -->\n<title>Campo de F\u00fatbol de Santo Estevo - Asador Faneco<\/title>\n<meta name=\"robots\" content=\"index, follow, max-snippet:-1, max-image-preview:large, max-video-preview:-1\" \/>\n<link rel=\"canonical\" href=\"https:\/\/asadorfaneco.com\/gl\/campo-de-futbol-de-santo-estevo\/\" \/>\n<meta property=\"og:locale\" content=\"gl_ES\" \/>\n<meta property=\"og:type\" content=\"article\" \/>\n<meta property=\"og:title\" content=\"Campo de F\u00fatbol de Santo Estevo - Asador Faneco\" \/>\n<meta property=\"og:description\" content=\"Novo Mirador Muy cerca de nuestro asador, se encuentra el Campo de F\u00fatbol de Santo Estevo, conocido tambi\u00e9n como \u201cNovo Mirador\u201d. Es la instalaci\u00f3n deportiva principal del Club de F\u00fatbol San Esteban de Beade, equipo de tercera divisi\u00f3n regional gallega en el a\u00f1o 2025. Fundada en 1969, la Sociedad Deportiva Recreativa San Esteban cambi\u00f3 su [&hellip;]\" \/>\n<meta property=\"og:url\" content=\"https:\/\/asadorfaneco.com\/gl\/campo-de-futbol-de-santo-estevo\/\" \/>\n<meta property=\"og:site_name\" content=\"Asador Faneco\" \/>\n<meta property=\"article:modified_time\" content=\"2025-09-11T20:39:54+00:00\" \/>\n<meta property=\"og:image\" content=\"https:\/\/asadorfaneco.com\/wp-content\/uploads\/2025\/06\/campo-futbol-santo-estevo.jpg\" \/>\n<meta name=\"twitter:card\" content=\"summary_large_image\" \/>\n<meta name=\"twitter:label1\" content=\"Tempo de lectura\" \/>\n\t<meta name=\"twitter:data1\" content=\"4 minutos\" \/>\n<script type=\"application\/ld+json\" class=\"yoast-schema-graph\">{\"@context\":\"https:\\\/\\\/schema.org\",\"@graph\":[{\"@type\":\"WebPage\",\"@id\":\"https:\\\/\\\/asadorfaneco.com\\\/campo-de-futbol-de-santo-estevo\\\/\",\"url\":\"https:\\\/\\\/asadorfaneco.com\\\/campo-de-futbol-de-santo-estevo\\\/\",\"name\":\"Campo de F\u00fatbol de Santo Estevo - Asador Faneco\",\"isPartOf\":{\"@id\":\"https:\\\/\\\/asadorfaneco.com\\\/#website\"},\"primaryImageOfPage\":{\"@id\":\"https:\\\/\\\/asadorfaneco.com\\\/campo-de-futbol-de-santo-estevo\\\/#primaryimage\"},\"image\":{\"@id\":\"https:\\\/\\\/asadorfaneco.com\\\/campo-de-futbol-de-santo-estevo\\\/#primaryimage\"},\"thumbnailUrl\":\"https:\\\/\\\/asadorfaneco.com\\\/wp-content\\\/uploads\\\/2025\\\/06\\\/campo-futbol-santo-estevo.jpg\",\"datePublished\":\"2025-06-26T10:52:56+00:00\",\"dateModified\":\"2025-09-11T20:39:54+00:00\",\"breadcrumb\":{\"@id\":\"https:\\\/\\\/asadorfaneco.com\\\/campo-de-futbol-de-santo-estevo\\\/#breadcrumb\"},\"inLanguage\":\"gl-ES\",\"potentialAction\":[{\"@type\":\"ReadAction\",\"target\":[\"https:\\\/\\\/asadorfaneco.com\\\/campo-de-futbol-de-santo-estevo\\\/\"]}]},{\"@type\":\"ImageObject\",\"inLanguage\":\"gl-ES\",\"@id\":\"https:\\\/\\\/asadorfaneco.com\\\/campo-de-futbol-de-santo-estevo\\\/#primaryimage\",\"url\":\"https:\\\/\\\/asadorfaneco.com\\\/wp-content\\\/uploads\\\/2025\\\/06\\\/campo-futbol-santo-estevo.jpg\",\"contentUrl\":\"https:\\\/\\\/asadorfaneco.com\\\/wp-content\\\/uploads\\\/2025\\\/06\\\/campo-futbol-santo-estevo.jpg\"},{\"@type\":\"BreadcrumbList\",\"@id\":\"https:\\\/\\\/asadorfaneco.com\\\/campo-de-futbol-de-santo-estevo\\\/#breadcrumb\",\"itemListElement\":[{\"@type\":\"ListItem\",\"position\":1,\"name\":\"Home\",\"item\":\"https:\\\/\\\/asadorfaneco.com\\\/\"},{\"@type\":\"ListItem\",\"position\":2,\"name\":\"Campo de F\u00fatbol de Santo Estevo\"}]},{\"@type\":\"WebSite\",\"@id\":\"https:\\\/\\\/asadorfaneco.com\\\/#website\",\"url\":\"https:\\\/\\\/asadorfaneco.com\\\/\",\"name\":\"Asador Faneco\",\"description\":\"Brasas, m\u00fasica y naturaleza\",\"potentialAction\":[{\"@type\":\"SearchAction\",\"target\":{\"@type\":\"EntryPoint\",\"urlTemplate\":\"https:\\\/\\\/asadorfaneco.com\\\/?s={search_term_string}\"},\"query-input\":{\"@type\":\"PropertyValueSpecification\",\"valueRequired\":true,\"valueName\":\"search_term_string\"}}],\"inLanguage\":\"gl-ES\"}]}<\/script>\n<!-- \/ Yoast SEO plugin. -->","yoast_head_json":{"title":"Campo de F\u00fatbol de Santo Estevo - Asador Faneco","robots":{"index":"index","follow":"follow","max-snippet":"max-snippet:-1","max-image-preview":"max-image-preview:large","max-video-preview":"max-video-preview:-1"},"canonical":"https:\/\/asadorfaneco.com\/gl\/campo-de-futbol-de-santo-estevo\/","og_locale":"gl_ES","og_type":"article","og_title":"Campo de F\u00fatbol de Santo Estevo - Asador Faneco","og_description":"Novo Mirador Muy cerca de nuestro asador, se encuentra el Campo de F\u00fatbol de Santo Estevo, conocido tambi\u00e9n como \u201cNovo Mirador\u201d. Es la instalaci\u00f3n deportiva principal del Club de F\u00fatbol San Esteban de Beade, equipo de tercera divisi\u00f3n regional gallega en el a\u00f1o 2025. Fundada en 1969, la Sociedad Deportiva Recreativa San Esteban cambi\u00f3 su [&hellip;]","og_url":"https:\/\/asadorfaneco.com\/gl\/campo-de-futbol-de-santo-estevo\/","og_site_name":"Asador Faneco","article_modified_time":"2025-09-11T20:39:54+00:00","og_image":[{"url":"https:\/\/asadorfaneco.com\/wp-content\/uploads\/2025\/06\/campo-futbol-santo-estevo.jpg","type":"","width":"","height":""}],"twitter_card":"summary_large_image","twitter_misc":{"Tempo de lectura":"4 minutos"},"schema":{"@context":"https:\/\/schema.org","@graph":[{"@type":"WebPage","@id":"https:\/\/asadorfaneco.com\/campo-de-futbol-de-santo-estevo\/","url":"https:\/\/asadorfaneco.com\/campo-de-futbol-de-santo-estevo\/","name":"Campo de F\u00fatbol de Santo Estevo - Asador Faneco","isPartOf":{"@id":"https:\/\/asadorfaneco.com\/#website"},"primaryImageOfPage":{"@id":"https:\/\/asadorfaneco.com\/campo-de-futbol-de-santo-estevo\/#primaryimage"},"image":{"@id":"https:\/\/asadorfaneco.com\/campo-de-futbol-de-santo-estevo\/#primaryimage"},"thumbnailUrl":"https:\/\/asadorfaneco.com\/wp-content\/uploads\/2025\/06\/campo-futbol-santo-estevo.jpg","datePublished":"2025-06-26T10:52:56+00:00","dateModified":"2025-09-11T20:39:54+00:00","breadcrumb":{"@id":"https:\/\/asadorfaneco.com\/campo-de-futbol-de-santo-estevo\/#breadcrumb"},"inLanguage":"gl-ES","potentialAction":[{"@type":"ReadAction","target":["https:\/\/asadorfaneco.com\/campo-de-futbol-de-santo-estevo\/"]}]},{"@type":"ImageObject","inLanguage":"gl-ES","@id":"https:\/\/asadorfaneco.com\/campo-de-futbol-de-santo-estevo\/#primaryimage","url":"https:\/\/asadorfaneco.com\/wp-content\/uploads\/2025\/06\/campo-futbol-santo-estevo.jpg","contentUrl":"https:\/\/asadorfaneco.com\/wp-content\/uploads\/2025\/06\/campo-futbol-santo-estevo.jpg"},{"@type":"BreadcrumbList","@id":"https:\/\/asadorfaneco.com\/campo-de-futbol-de-santo-estevo\/#breadcrumb","itemListElement":[{"@type":"ListItem","position":1,"name":"Home","item":"https:\/\/asadorfaneco.com\/"},{"@type":"ListItem","position":2,"name":"Campo de F\u00fatbol de Santo Estevo"}]},{"@type":"WebSite","@id":"https:\/\/asadorfaneco.com\/#website","url":"https:\/\/asadorfaneco.com\/","name":"Asador Faneco","description":"Brasas, m\u00fasica y naturaleza","potentialAction":[{"@type":"SearchAction","target":{"@type":"EntryPoint","urlTemplate":"https:\/\/asadorfaneco.com\/?s={search_term_string}"},"query-input":{"@type":"PropertyValueSpecification","valueRequired":true,"valueName":"search_term_string"}}],"inLanguage":"gl-ES"}]}},"jetpack_sharing_enabled":true,"_links":{"self":[{"href":"https:\/\/asadorfaneco.com\/gl\/wp-json\/wp\/v2\/pages\/187","targetHints":{"allow":["GET"]}}],"collection":[{"href":"https:\/\/asadorfaneco.com\/gl\/wp-json\/wp\/v2\/pages"}],"about":[{"href":"https:\/\/asadorfaneco.com\/gl\/wp-json\/wp\/v2\/types\/page"}],"author":[{"embeddable":true,"href":"https:\/\/asadorfaneco.com\/gl\/wp-json\/wp\/v2\/users\/1"}],"replies":[{"embeddable":true,"href":"https:\/\/asadorfaneco.com\/gl\/wp-json\/wp\/v2\/comments?post=187"}],"version-history":[{"count":5,"href":"https:\/\/asadorfaneco.com\/gl\/wp-json\/wp\/v2\/pages\/187\/revisions"}],"predecessor-version":[{"id":861,"href":"https:\/\/asadorfaneco.com\/gl\/wp-json\/wp\/v2\/pages\/187\/revisions\/861"}],"wp:attachment":[{"href":"https:\/\/asadorfaneco.com\/gl\/wp-json\/wp\/v2\/media?parent=187"}],"curies":[{"name":"wp","href":"https:\/\/api.w.org\/{rel}","templated":true}]}}