{"id":2,"date":"2025-06-17T10:49:04","date_gmt":"2025-06-17T10:49:04","guid":{"rendered":"http:\/\/box2321\/cgi\/addon_GT.cgi?s=GT::WP::Install::Cpanel+%28sabercom%29+-+127.0.0.1+%5Bnocaller%5D\/?page_id=2"},"modified":"2025-09-11T20:58:56","modified_gmt":"2025-09-11T20:58:56","slug":"parque-forestal-beade","status":"publish","type":"page","link":"https:\/\/asadorfaneco.com\/gl\/parque-forestal-beade\/","title":{"rendered":"Parque Forestal de Beade"},"content":{"rendered":"<div class=\"is-style-default sin-border-box wp-block-group alignfull is-layout-flow wp-container-core-group-is-layout-ed2d1f84 wp-block-group-is-layout-flow\" id=\"hero\" style=\"border-style:none;border-width:0px;margin-top:0;margin-bottom:0;padding-right:0px;padding-left:0px\">\n<div class=\"nfd-stretch-cover-child nfd-bg-gray-800 sin-border-box wp-block-cover\" style=\"margin-top:0;margin-bottom:0;padding-top:0;padding-right:0;padding-bottom:0;padding-left:0\"><img data-recalc-dims=\"1\" decoding=\"async\" width=\"2500\" height=\"1875\" loading=\"lazy\" class=\"wp-block-cover__image-background wp-image-129 size-full\" alt=\"Parque Forestal de Beade\" src=\"https:\/\/i0.wp.com\/asadorfaneco.com\/wp-content\/uploads\/2025\/06\/parque-forestal-beade.jpg?resize=2500%2C1875&#038;ssl=1\" style=\"object-position:0% 0%\" data-object-fit=\"cover\" data-object-position=\"0% 0%\" srcset=\"https:\/\/i0.wp.com\/asadorfaneco.com\/wp-content\/uploads\/2025\/06\/parque-forestal-beade.jpg?w=2500&amp;ssl=1 2500w, https:\/\/i0.wp.com\/asadorfaneco.com\/wp-content\/uploads\/2025\/06\/parque-forestal-beade.jpg?resize=300%2C225&amp;ssl=1 300w, https:\/\/i0.wp.com\/asadorfaneco.com\/wp-content\/uploads\/2025\/06\/parque-forestal-beade.jpg?resize=1024%2C768&amp;ssl=1 1024w, https:\/\/i0.wp.com\/asadorfaneco.com\/wp-content\/uploads\/2025\/06\/parque-forestal-beade.jpg?resize=768%2C576&amp;ssl=1 768w, https:\/\/i0.wp.com\/asadorfaneco.com\/wp-content\/uploads\/2025\/06\/parque-forestal-beade.jpg?resize=1536%2C1152&amp;ssl=1 1536w, https:\/\/i0.wp.com\/asadorfaneco.com\/wp-content\/uploads\/2025\/06\/parque-forestal-beade.jpg?w=2000&amp;ssl=1 2000w\" sizes=\"auto, (max-width: 1000px) 100vw, 1000px\" \/><span aria-hidden=\"true\" class=\"wp-block-cover__background has-black-background-color has-background-dim-20 has-background-dim\"><\/span><div class=\"wp-block-cover__inner-container is-layout-flow wp-block-cover-is-layout-flow\">\n<div class=\"nfd-px-base nfd-grow nfd-w-full md:nfd-border-none alignfull sin-border-box wp-block-group is-vertical is-content-justification-center is-layout-flex wp-container-core-group-is-layout-a5592bb8 wp-block-group-is-layout-flex\" style=\"border-top-style:none;border-top-width:0px;border-right-color:var(--wp--preset--color--white);border-right-width:32px;border-bottom-color:var(--wp--preset--color--white);border-bottom-width:32px;border-left-color:var(--wp--preset--color--white);border-left-width:32px\">\n<div style=\"height:0px;width:0px\" aria-hidden=\"true\" class=\"nfd-my-0 wp-block-spacer wp-container-content-95b39f08\"><\/div>\n\n\n\n<h2 class=\"wp-block-heading has-text-align-center has-text-color has-link-color wp-elements-0c11a4a96dc0f95829c34e5fcfa5e422\" style=\"border-style:none;border-width:0px;color:#f9f9f9\">Parque Forestal de Beade<\/h2>\n\n\n\n<div class=\"nfd-text-md md:nfd-justify-start md:nfd-self-start wp-block-group has-global-padding is-content-justification-left is-layout-constrained wp-container-core-group-is-layout-d5209ea4 wp-block-group-is-layout-constrained\">\n<p class=\"has-text-align-center has-text-color has-link-color wp-elements-7181c014532339d6252306b78df02246\" style=\"color:#f9f9f9;font-size:clamp(14.082px, 0.88rem + ((1vw - 3.2px) * 0.786), 21px);\">\u00c1rea recreativa para disfrutar con amigos y familia<\/p>\n<\/div>\n<\/div>\n<\/div><\/div>\n<\/div>\n\n\n\n<div class=\"nfd-p-md nfd-pb-lg nfd-container is-style-nfd-theme-white wp-block-group has-background has-global-padding is-layout-constrained wp-container-core-group-is-layout-24bd993d wp-block-group-is-layout-constrained\" style=\"background-color:#212121\">\n<div class=\"nfd-gap-3xl wp-block-columns are-vertically-aligned-center has-background is-layout-flex wp-container-core-columns-is-layout-28f84493 wp-block-columns-is-layout-flex\" style=\"background-color:#212121\">\n<div class=\"md:nfd-order-2 wp-block-column is-vertically-aligned-center is-layout-flow wp-container-core-column-is-layout-369f67fb wp-block-column-is-layout-flow\" style=\"flex-basis:50%\">\n<div class=\"nfd-gap-md wp-block-group is-vertical is-layout-flex wp-container-core-group-is-layout-fe9cc265 wp-block-group-is-layout-flex\">\n<h3 class=\"nfd-text-xl nfd-text-contrast nfd-text-balance wp-block-heading has-text-color has-link-color wp-elements-0075c0ecfd72f6a87730a20c58a8de5e\" style=\"color:#f9f9f9\">El parque forestal<\/h3>\n\n\n\n<p class=\"has-text-color has-link-color wp-elements-9078c0a2dc31bfbb4382cf61c9284095\" style=\"color:#f9f9f9\">Nuestro asador se encuentra ubicado en el Parque Forestal de Beade, un espacio natural de m\u00e1s de 40 hect\u00e1reas situado en el monte comunal de la parroquia de Beade, en Vigo. El parque se asienta a unos 300 metros de altitud, lo que permite disfrutar de amplias vistas sobre el valle del r\u00edo Lagares y parte del \u00e1rea metropolitana de Vigo.<\/p>\n\n\n\n<p class=\"has-text-color has-link-color wp-elements-89d3a7d0efa58a06d04ef8a4bf08b837\" style=\"color:#f9f9f9\">El monte de Beade es propiedad comunal, gestionado por la Comunidad de Montes Veci\u00f1ais en Man Com\u00fan de Beade. Desde hace d\u00e9cadas, los vecinos organizados han trabajado en su recuperaci\u00f3n y puesta en valor, tanto forestal como recreativa. Gracias a esa labor, hoy el parque cuenta con infraestructuras p\u00fablicas, zonas de ocio y mejoras continuas en su masa forestal.<\/p>\n<\/div>\n<\/div>\n\n\n\n<div class=\"wp-block-column is-vertically-aligned-center is-layout-flow wp-block-column-is-layout-flow\" style=\"flex-basis:50%\">\n<div class=\"wp-block-group has-global-padding is-layout-constrained wp-block-group-is-layout-constrained\">\n<figure class=\"nfd-rounded wp-block-image size-large\"><img data-recalc-dims=\"1\" decoding=\"async\" width=\"1024\" height=\"768\" loading=\"lazy\" src=\"https:\/\/i0.wp.com\/asadorfaneco.com\/wp-content\/uploads\/2025\/06\/parque-beade.jpg?resize=1024%2C768&#038;ssl=1\" alt=\"Zonas de sombra\" class=\"wp-image-146\" style=\"aspect-ratio:1;object-fit:cover\" srcset=\"https:\/\/i0.wp.com\/asadorfaneco.com\/wp-content\/uploads\/2025\/06\/parque-beade.jpg?resize=1024%2C768&amp;ssl=1 1024w, https:\/\/i0.wp.com\/asadorfaneco.com\/wp-content\/uploads\/2025\/06\/parque-beade.jpg?resize=300%2C225&amp;ssl=1 300w, https:\/\/i0.wp.com\/asadorfaneco.com\/wp-content\/uploads\/2025\/06\/parque-beade.jpg?resize=768%2C576&amp;ssl=1 768w, https:\/\/i0.wp.com\/asadorfaneco.com\/wp-content\/uploads\/2025\/06\/parque-beade.jpg?resize=1536%2C1152&amp;ssl=1 1536w, https:\/\/i0.wp.com\/asadorfaneco.com\/wp-content\/uploads\/2025\/06\/parque-beade.jpg?w=2000&amp;ssl=1 2000w\" sizes=\"auto, (max-width: 1000px) 100vw, 1000px\" \/><figcaption class=\"wp-element-caption\">Zonas de sombra<\/figcaption><\/figure>\n<\/div>\n<\/div>\n<\/div>\n\n\n\n<div class=\"nfd-gap-3xl wp-block-columns are-vertically-aligned-center is-layout-flex wp-container-core-columns-is-layout-28f84493 wp-block-columns-is-layout-flex\">\n<div class=\"wp-block-column is-vertically-aligned-center is-layout-flow wp-block-column-is-layout-flow\" style=\"flex-basis:50%\">\n<div class=\"wp-block-group has-global-padding is-layout-constrained wp-block-group-is-layout-constrained\">\n<figure class=\"nfd-rounded is-style-default wp-block-image size-large wp-duotone-unset-1\"><img data-recalc-dims=\"1\" decoding=\"async\" width=\"1024\" height=\"768\" loading=\"lazy\" src=\"https:\/\/i0.wp.com\/asadorfaneco.com\/wp-content\/uploads\/2025\/06\/mesas-beade.jpg?resize=1024%2C768&#038;ssl=1\" alt=\"Merenderos\" class=\"wp-image-148\" style=\"aspect-ratio:1;object-fit:cover\" srcset=\"https:\/\/i0.wp.com\/asadorfaneco.com\/wp-content\/uploads\/2025\/06\/mesas-beade.jpg?resize=1024%2C768&amp;ssl=1 1024w, https:\/\/i0.wp.com\/asadorfaneco.com\/wp-content\/uploads\/2025\/06\/mesas-beade.jpg?resize=300%2C225&amp;ssl=1 300w, https:\/\/i0.wp.com\/asadorfaneco.com\/wp-content\/uploads\/2025\/06\/mesas-beade.jpg?resize=768%2C576&amp;ssl=1 768w, https:\/\/i0.wp.com\/asadorfaneco.com\/wp-content\/uploads\/2025\/06\/mesas-beade.jpg?resize=1536%2C1152&amp;ssl=1 1536w, https:\/\/i0.wp.com\/asadorfaneco.com\/wp-content\/uploads\/2025\/06\/mesas-beade.jpg?w=2000&amp;ssl=1 2000w\" sizes=\"auto, (max-width: 1000px) 100vw, 1000px\" \/><figcaption class=\"wp-element-caption\">Mesas del Parque Forestal de Beade<\/figcaption><\/figure>\n<\/div>\n<\/div>\n\n\n\n<div class=\"md:nfd-order-2 wp-block-column is-vertically-aligned-center is-layout-flow wp-container-core-column-is-layout-369f67fb wp-block-column-is-layout-flow\" style=\"flex-basis:50%\">\n<div class=\"nfd-gap-md wp-block-group is-vertical is-layout-flex wp-container-core-group-is-layout-fe9cc265 wp-block-group-is-layout-flex\">\n<h3 class=\"nfd-text-xl nfd-text-contrast nfd-text-balance wp-block-heading has-text-color has-link-color wp-elements-c12c7675b0cc5f73c890565d20ccbd9f\" style=\"color:#f9f9f9\">Actividades<\/h3>\n\n\n\n<p class=\"has-text-color has-link-color wp-elements-66af2dd82f367f15cbe44bdc5ec9d149\" style=\"color:#f9f9f9\">El Parque Forestal de Beade es un lugar habitual para paseos, picnics, reuniones familiares y actividades al aire libre. Se organizan caminatas, plantaciones populares, encuentros culturales y otras iniciativas. Es un lugar tranquilo, con espacio suficiente para disfrutar del entorno sin aglomeraciones.<\/p>\n\n\n\n<p class=\"has-text-color has-link-color wp-elements-89d3a7d0efa58a06d04ef8a4bf08b837\" style=\"color:#f9f9f9\">El monte de Beade es propiedad comunal, gestionado por la Comunidad de Montes Veci\u00f1ais en Man Com\u00fan de Beade. Desde hace d\u00e9cadas, los vecinos organizados han trabajado en su recuperaci\u00f3n y puesta en valor, tanto forestal como recreativa. Gracias a esa labor, hoy el parque cuenta con infraestructuras p\u00fablicas, zonas de ocio y mejoras continuas en su masa forestal.<\/p>\n<\/div>\n<\/div>\n<\/div>\n\n\n\n<div class=\"nfd-gap-3xl wp-block-columns are-vertically-aligned-center has-background is-layout-flex wp-container-core-columns-is-layout-28f84493 wp-block-columns-is-layout-flex\" style=\"background-color:#212121\">\n<div class=\"md:nfd-order-2 wp-block-column is-vertically-aligned-center is-layout-flow wp-container-core-column-is-layout-369f67fb wp-block-column-is-layout-flow\" style=\"flex-basis:50%\">\n<div class=\"nfd-gap-md wp-block-group is-vertical is-layout-flex wp-container-core-group-is-layout-fe9cc265 wp-block-group-is-layout-flex\">\n<h3 class=\"nfd-text-xl nfd-text-contrast nfd-text-balance wp-block-heading has-text-color has-link-color wp-elements-28e7307e44bd9547e7881129c6ff28e9\" style=\"color:#f9f9f9\">Instalaciones<\/h3>\n\n\n\n<p class=\"has-text-color has-link-color wp-elements-8e5b9aea96a8e8c554fe9081b385c702\" style=\"color:#f9f9f9\">Dentro del parque se encuentran varias \u00e1reas recreativas con mesas, barbacoas, fuentes, aseos p\u00fablicos y espacios sombreados. Hay un merendero cubierto, zonas infantiles y espacios habilitados para eventos comunitarios. Tambi\u00e9n se han construido miradores con bancos de piedra y se\u00f1alizaci\u00f3n b\u00e1sica. El parque dispone de un aparcamiento amplio, y el acceso principal est\u00e1 asfaltado.<\/p>\n\n\n\n<p class=\"has-text-color has-link-color wp-elements-e73fe149c28452766912c0c06fb3caf0\" style=\"color:#f9f9f9\">El parque ofrece una red de caminos y pistas forestales accesibles para caminantes y ciclistas. En varios puntos elevados se encuentran miradores con vistas directas al valle del Fragoso y a las islas C\u00edes. Hay zonas de descanso con mesas, bancos, fuentes de agua potable y \u00e1reas de sombra habilitadas para uso p\u00fablico. <\/p>\n\n\n\n<p class=\"has-text-color has-link-color wp-elements-ba9378d8bcd5623c9b9c5ee35a2389e5\" style=\"color:#f9f9f9\">No hay urbanizaciones dentro del per\u00edmetro del parque, y est\u00e1 prohibido el tr\u00e1fico de veh\u00edculos a motor fuera de las pistas autorizadas.<br><\/p>\n<\/div>\n<\/div>\n\n\n\n<div class=\"wp-block-column is-vertically-aligned-center is-layout-flow wp-block-column-is-layout-flow\" style=\"flex-basis:50%\">\n<div class=\"wp-block-group has-global-padding is-layout-constrained wp-block-group-is-layout-constrained\">\n<figure class=\"nfd-rounded wp-block-image size-large\"><img data-recalc-dims=\"1\" decoding=\"async\" width=\"1024\" height=\"768\" loading=\"lazy\" src=\"https:\/\/i0.wp.com\/asadorfaneco.com\/wp-content\/uploads\/2025\/06\/mirador-beade.jpg?resize=1024%2C768&#038;ssl=1\" alt=\"Vistas a Vigo y la r\u00eda\" class=\"wp-image-147\" style=\"aspect-ratio:1;object-fit:cover\" srcset=\"https:\/\/i0.wp.com\/asadorfaneco.com\/wp-content\/uploads\/2025\/06\/mirador-beade.jpg?resize=1024%2C768&amp;ssl=1 1024w, https:\/\/i0.wp.com\/asadorfaneco.com\/wp-content\/uploads\/2025\/06\/mirador-beade.jpg?resize=300%2C225&amp;ssl=1 300w, https:\/\/i0.wp.com\/asadorfaneco.com\/wp-content\/uploads\/2025\/06\/mirador-beade.jpg?resize=768%2C576&amp;ssl=1 768w, https:\/\/i0.wp.com\/asadorfaneco.com\/wp-content\/uploads\/2025\/06\/mirador-beade.jpg?resize=1536%2C1152&amp;ssl=1 1536w, https:\/\/i0.wp.com\/asadorfaneco.com\/wp-content\/uploads\/2025\/06\/mirador-beade.jpg?w=2000&amp;ssl=1 2000w\" sizes=\"auto, (max-width: 1000px) 100vw, 1000px\" \/><figcaption class=\"wp-element-caption\">Mirador del Parque Forestal de Beade<\/figcaption><\/figure>\n<\/div>\n<\/div>\n<\/div>\n\n\n\n<div class=\"nfd-gap-3xl wp-block-columns are-vertically-aligned-center is-layout-flex wp-container-core-columns-is-layout-28f84493 wp-block-columns-is-layout-flex\">\n<div class=\"wp-block-column is-vertically-aligned-center is-layout-flow wp-block-column-is-layout-flow\" style=\"flex-basis:50%\">\n<div class=\"wp-block-group has-global-padding is-layout-constrained wp-block-group-is-layout-constrained\">\n<figure class=\"nfd-rounded is-style-default wp-block-image size-large wp-duotone-unset-2\"><img data-recalc-dims=\"1\" decoding=\"async\" width=\"1024\" height=\"768\" loading=\"lazy\" src=\"https:\/\/i0.wp.com\/asadorfaneco.com\/wp-content\/uploads\/2025\/06\/parrilla-aire-libre.jpg?resize=1024%2C768&#038;ssl=1\" alt=\"Parrilla al aire libre\" class=\"wp-image-172\" style=\"aspect-ratio:1;object-fit:cover\" srcset=\"https:\/\/i0.wp.com\/asadorfaneco.com\/wp-content\/uploads\/2025\/06\/parrilla-aire-libre.jpg?resize=1024%2C768&amp;ssl=1 1024w, https:\/\/i0.wp.com\/asadorfaneco.com\/wp-content\/uploads\/2025\/06\/parrilla-aire-libre.jpg?resize=300%2C225&amp;ssl=1 300w, https:\/\/i0.wp.com\/asadorfaneco.com\/wp-content\/uploads\/2025\/06\/parrilla-aire-libre.jpg?resize=768%2C576&amp;ssl=1 768w, https:\/\/i0.wp.com\/asadorfaneco.com\/wp-content\/uploads\/2025\/06\/parrilla-aire-libre.jpg?resize=1536%2C1152&amp;ssl=1 1536w, https:\/\/i0.wp.com\/asadorfaneco.com\/wp-content\/uploads\/2025\/06\/parrilla-aire-libre.jpg?w=2000&amp;ssl=1 2000w\" sizes=\"auto, (max-width: 1000px) 100vw, 1000px\" \/><figcaption class=\"wp-element-caption\">Parrilla al aire libre<\/figcaption><\/figure>\n<\/div>\n<\/div>\n\n\n\n<div class=\"md:nfd-order-2 wp-block-column is-vertically-aligned-center is-layout-flow wp-container-core-column-is-layout-369f67fb wp-block-column-is-layout-flow\" style=\"flex-basis:50%\">\n<div class=\"nfd-gap-md wp-block-group is-vertical is-layout-flex wp-container-core-group-is-layout-fe9cc265 wp-block-group-is-layout-flex\">\n<h3 class=\"nfd-text-xl nfd-text-contrast nfd-text-balance wp-block-heading has-text-color has-link-color wp-elements-d6122be057b35d7dd951ee015c566cef\" style=\"color:#f9f9f9\">Parrilla al aire libre<\/h3>\n\n\n\n<p class=\"has-text-color has-link-color wp-elements-9ca28941041453d061c6a9f43152eb57\" style=\"color:#f9f9f9\">El parque forestal cuenta con el primer asador p\u00fablico homologado por la Xunta en la zona de Vigo que se puede utilizar durante todo el a\u00f1o.<\/p>\n\n\n\n<p class=\"has-text-color has-link-color wp-elements-3a194ddab8112789ec6a7b3161743668\" style=\"color:#f9f9f9\">Los asadores que hab\u00eda hasta el momento no se pod\u00edan emplear los meses de julio y agosto. Sin embargo, estas instalaciones cuentan con los requisitos y la autorizaci\u00f3n de la Conseller\u00eda de Medio Rural para que sean utilizadas en verano siempre y cuando el riesgo de incendios no sea extremo.<\/p>\n\n\n\n<p class=\"has-text-color has-link-color wp-elements-e2dda64f395a0c3c4ed57ed0a4ef9b86\" style=\"color:#f9f9f9\">Se puede consultar la informaci\u00f3n en tiempo real del riesgo de incendio del \u00e1rea de Vigo en la <a href=\"https:\/\/mediorural.xunta.gal\/es\/temas\/defensa-monte\/irdi\">p\u00e1gina web de la Xunta de Galicia<\/a>.<\/p>\n<\/div>\n<\/div>\n<\/div>\n<\/div>\n\n\n\n<h3 class=\"nfd-text-xl nfd-text-contrast nfd-text-balance wp-block-heading has-text-color has-link-color wp-elements-aa969e3b857459ca64778b4b185612c1\" style=\"color:#f9f9f9\">Nuestro asador<\/h3>\n\n\n\n<div class=\"nfd-container nfd-p-md  nfd-wb-features__features-15 is-style-nfd-theme-white wp-block-group has-background has-global-padding is-layout-constrained wp-block-group-is-layout-constrained\" style=\"background-color:#212121\">\n<div class=\"nfd-gap-xl nfd-gap-y-2xl wp-block-columns is-layout-flex wp-container-core-columns-is-layout-28f84493 wp-block-columns-is-layout-flex\">\n<div class=\"wp-block-column is-layout-flow wp-block-column-is-layout-flow\">\n<figure class=\"nfd-rounded-sm wp-block-image size-large\"><a href=\"https:\/\/asadorfaneco.com\/gl\/gastronomia\/\"><img data-recalc-dims=\"1\" decoding=\"async\" width=\"1024\" height=\"768\" loading=\"lazy\" src=\"https:\/\/i0.wp.com\/asadorfaneco.com\/wp-content\/uploads\/2025\/07\/carne-parrilla.webp?resize=1024%2C768&#038;ssl=1\" alt=\"Gastronom\u00eda Asador O Faneco\" class=\"wp-image-245\" style=\"aspect-ratio:16\/9;object-fit:cover\" srcset=\"https:\/\/i0.wp.com\/asadorfaneco.com\/wp-content\/uploads\/2025\/07\/carne-parrilla.webp?resize=1024%2C768&amp;ssl=1 1024w, https:\/\/i0.wp.com\/asadorfaneco.com\/wp-content\/uploads\/2025\/07\/carne-parrilla.webp?resize=300%2C225&amp;ssl=1 300w, https:\/\/i0.wp.com\/asadorfaneco.com\/wp-content\/uploads\/2025\/07\/carne-parrilla.webp?resize=768%2C576&amp;ssl=1 768w, https:\/\/i0.wp.com\/asadorfaneco.com\/wp-content\/uploads\/2025\/07\/carne-parrilla.webp?resize=1536%2C1152&amp;ssl=1 1536w, https:\/\/i0.wp.com\/asadorfaneco.com\/wp-content\/uploads\/2025\/07\/carne-parrilla.webp?resize=16%2C12&amp;ssl=1 16w, https:\/\/i0.wp.com\/asadorfaneco.com\/wp-content\/uploads\/2025\/07\/carne-parrilla.webp?w=2000&amp;ssl=1 2000w\" sizes=\"auto, (max-width: 1000px) 100vw, 1000px\" \/><\/a><\/figure>\n\n\n\n<div class=\"wp-block-group is-vertical is-content-justification-stretch is-layout-flex wp-container-core-group-is-layout-38a18bb4 wp-block-group-is-layout-flex\">\n<h3 class=\"nfd-text-lg nfd-text-contrast wp-block-heading has-text-align-left has-text-color has-link-color wp-elements-882fef7119d097589930b56e0086ac54\" style=\"color:#f9f9f9fa;text-decoration:none\"><a href=\"https:\/\/asadorfaneco.com\/gl\/gastronomia\/\">Gastronom\u00eda<\/a><\/h3>\n\n\n\n<p class=\"nfd-text-base nfd-text-balance has-text-color has-link-color wp-elements-2e05131ab2fe1080038e04f252e4a309\" style=\"color:#f9f9f9\">Ofrecemos raciones t\u00edpicas de comida tradicional gallega. Destacan nuestras carnes y pescados a la brasa.<\/p>\n<\/div>\n<\/div>\n\n\n\n<div class=\"wp-block-column is-layout-flow wp-block-column-is-layout-flow\">\n<figure class=\"nfd-rounded-sm wp-block-image size-full\"><a href=\"https:\/\/asadorfaneco.com\/gl\/instalaciones\/\"><img data-recalc-dims=\"1\" decoding=\"async\" loading=\"lazy\" src=\"https:\/\/i0.wp.com\/asadorfaneco.com\/wp-content\/uploads\/2025\/08\/mesas-terraza.jpg?ssl=1\" alt=\"Instalaciones Asador O Faneco\" class=\"wp-image-585\" style=\"aspect-ratio:16\/9;object-fit:cover\"\/><\/a><\/figure>\n\n\n\n<div class=\"wp-block-group is-vertical is-content-justification-stretch is-layout-flex wp-container-core-group-is-layout-38a18bb4 wp-block-group-is-layout-flex\">\n<h3 class=\"nfd-text-lg nfd-text-contrast wp-block-heading has-text-align-left has-text-color has-link-color wp-elements-1480a66d5fb260cc95a5659c72aac51e\" style=\"color:#f9f9f9;text-decoration:none\"><a href=\"https:\/\/asadorfaneco.com\/gl\/instalaciones\/\">Instalaciones<\/a><\/h3>\n\n\n\n<p class=\"nfd-text-base nfd-text-balance has-text-color has-link-color wp-elements-fcd2d985f75609c21f1a87a83cfd0ca0\" style=\"color:#f9f9f9\">Tenemos una gran parrilla, un sal\u00f3n de comidas, dos terrazas al aire libre, escenario y bar exterior en verano.<\/p>\n<\/div>\n<\/div>\n\n\n\n<div class=\"wp-block-column is-layout-flow wp-block-column-is-layout-flow\">\n<figure class=\"nfd-rounded-sm wp-block-image size-large\"><a href=\"https:\/\/asadorfaneco.com\/gl\/eventos\/\"><img data-recalc-dims=\"1\" decoding=\"async\" width=\"1024\" height=\"698\" loading=\"lazy\" src=\"https:\/\/i0.wp.com\/asadorfaneco.com\/wp-content\/uploads\/2025\/08\/escenario-1.webp?resize=1024%2C698&#038;ssl=1\" alt=\"Eventos Asador O Faneco\" class=\"wp-image-597\" style=\"aspect-ratio:16\/9;object-fit:cover\" srcset=\"https:\/\/i0.wp.com\/asadorfaneco.com\/wp-content\/uploads\/2025\/08\/escenario-1-scaled.webp?resize=1024%2C698&amp;ssl=1 1024w, https:\/\/i0.wp.com\/asadorfaneco.com\/wp-content\/uploads\/2025\/08\/escenario-1-scaled.webp?resize=300%2C205&amp;ssl=1 300w, https:\/\/i0.wp.com\/asadorfaneco.com\/wp-content\/uploads\/2025\/08\/escenario-1-scaled.webp?resize=768%2C524&amp;ssl=1 768w, https:\/\/i0.wp.com\/asadorfaneco.com\/wp-content\/uploads\/2025\/08\/escenario-1-scaled.webp?resize=1536%2C1048&amp;ssl=1 1536w, https:\/\/i0.wp.com\/asadorfaneco.com\/wp-content\/uploads\/2025\/08\/escenario-1-scaled.webp?resize=2048%2C1397&amp;ssl=1 2048w, https:\/\/i0.wp.com\/asadorfaneco.com\/wp-content\/uploads\/2025\/08\/escenario-1-scaled.webp?resize=18%2C12&amp;ssl=1 18w\" sizes=\"auto, (max-width: 1000px) 100vw, 1000px\" \/><\/a><\/figure>\n\n\n\n<div class=\"wp-block-group is-vertical is-content-justification-stretch is-layout-flex wp-container-core-group-is-layout-38a18bb4 wp-block-group-is-layout-flex\">\n<h3 class=\"nfd-text-lg nfd-text-contrast wp-block-heading has-text-align-left has-text-color has-link-color wp-elements-e839e8dd2078354ad2ab19e63dcae4d5\" style=\"color:#f9f9f9;text-decoration:none\"><a href=\"https:\/\/asadorfaneco.com\/gl\/eventos\/\">Eventos<\/a><\/h3>\n\n\n\n<p class=\"nfd-text-base nfd-text-balance has-text-color has-link-color wp-elements-8d88bafa696439529e7a529fe7556dcb\" style=\"color:#f9f9f9\">Organiza eventos en nuestra terraza con escenario o en el la sala interior. Puede incluir oferta gastron\u00f3mica.<\/p>\n<\/div>\n<\/div>\n<\/div>\n<\/div>\n\n\n\n<div style=\"height:4vw\" aria-hidden=\"true\" class=\"wp-block-spacer\"><\/div>","protected":false},"excerpt":{"rendered":"<p>El parque forestal Nuestro asador se encuentra ubicado en el Parque Forestal de Beade, un espacio natural de m\u00e1s de 40 hect\u00e1reas situado en el monte comunal de la parroquia de Beade, en Vigo. El parque se asienta a unos 300 metros de altitud, lo que permite disfrutar de amplias vistas sobre el valle del [&hellip;]<\/p>\n","protected":false},"author":1,"featured_media":0,"parent":0,"menu_order":0,"comment_status":"closed","ping_status":"closed","template":"","meta":{"nf_dc_page":"","om_disable_all_campaigns":false,"_monsterinsights_skip_tracking":false,"_monsterinsights_sitenote_active":false,"_monsterinsights_sitenote_note":"","_monsterinsights_sitenote_category":0,"footnotes":""},"class_list":["post-2","page","type-page","status-publish","hentry"],"yoast_head":"<!-- This site is optimized with the Yoast SEO plugin v27.5 - https:\/\/yoast.com\/product\/yoast-seo-wordpress\/ -->\n<title>Parque Forestal de Beade - Asador Faneco<\/title>\n<meta name=\"robots\" content=\"index, follow, max-snippet:-1, max-image-preview:large, max-video-preview:-1\" \/>\n<link rel=\"canonical\" href=\"https:\/\/asadorfaneco.com\/gl\/parque-forestal-beade\/\" \/>\n<meta property=\"og:locale\" content=\"gl_ES\" \/>\n<meta property=\"og:type\" content=\"article\" \/>\n<meta property=\"og:title\" content=\"Parque Forestal de Beade - Asador Faneco\" \/>\n<meta property=\"og:description\" content=\"El parque forestal Nuestro asador se encuentra ubicado en el Parque Forestal de Beade, un espacio natural de m\u00e1s de 40 hect\u00e1reas situado en el monte comunal de la parroquia de Beade, en Vigo. El parque se asienta a unos 300 metros de altitud, lo que permite disfrutar de amplias vistas sobre el valle del [&hellip;]\" \/>\n<meta property=\"og:url\" content=\"https:\/\/asadorfaneco.com\/gl\/parque-forestal-beade\/\" \/>\n<meta property=\"og:site_name\" content=\"Asador Faneco\" \/>\n<meta property=\"article:modified_time\" content=\"2025-09-11T20:58:56+00:00\" \/>\n<meta property=\"og:image\" content=\"https:\/\/asadorfaneco.com\/wp-content\/uploads\/2025\/06\/parque-forestal-beade.jpg\" \/>\n<meta name=\"twitter:card\" content=\"summary_large_image\" \/>\n<meta name=\"twitter:label1\" content=\"Tempo de lectura\" \/>\n\t<meta name=\"twitter:data1\" content=\"4 minutos\" \/>\n<script type=\"application\/ld+json\" class=\"yoast-schema-graph\">{\"@context\":\"https:\\\/\\\/schema.org\",\"@graph\":[{\"@type\":\"WebPage\",\"@id\":\"https:\\\/\\\/asadorfaneco.com\\\/parque-forestal-beade\\\/\",\"url\":\"https:\\\/\\\/asadorfaneco.com\\\/parque-forestal-beade\\\/\",\"name\":\"Parque Forestal de Beade - Asador Faneco\",\"isPartOf\":{\"@id\":\"https:\\\/\\\/asadorfaneco.com\\\/#website\"},\"primaryImageOfPage\":{\"@id\":\"https:\\\/\\\/asadorfaneco.com\\\/parque-forestal-beade\\\/#primaryimage\"},\"image\":{\"@id\":\"https:\\\/\\\/asadorfaneco.com\\\/parque-forestal-beade\\\/#primaryimage\"},\"thumbnailUrl\":\"https:\\\/\\\/asadorfaneco.com\\\/wp-content\\\/uploads\\\/2025\\\/06\\\/parque-forestal-beade.jpg\",\"datePublished\":\"2025-06-17T10:49:04+00:00\",\"dateModified\":\"2025-09-11T20:58:56+00:00\",\"breadcrumb\":{\"@id\":\"https:\\\/\\\/asadorfaneco.com\\\/parque-forestal-beade\\\/#breadcrumb\"},\"inLanguage\":\"gl-ES\",\"potentialAction\":[{\"@type\":\"ReadAction\",\"target\":[\"https:\\\/\\\/asadorfaneco.com\\\/parque-forestal-beade\\\/\"]}]},{\"@type\":\"ImageObject\",\"inLanguage\":\"gl-ES\",\"@id\":\"https:\\\/\\\/asadorfaneco.com\\\/parque-forestal-beade\\\/#primaryimage\",\"url\":\"https:\\\/\\\/asadorfaneco.com\\\/wp-content\\\/uploads\\\/2025\\\/06\\\/parque-forestal-beade.jpg\",\"contentUrl\":\"https:\\\/\\\/asadorfaneco.com\\\/wp-content\\\/uploads\\\/2025\\\/06\\\/parque-forestal-beade.jpg\"},{\"@type\":\"BreadcrumbList\",\"@id\":\"https:\\\/\\\/asadorfaneco.com\\\/parque-forestal-beade\\\/#breadcrumb\",\"itemListElement\":[{\"@type\":\"ListItem\",\"position\":1,\"name\":\"Home\",\"item\":\"https:\\\/\\\/asadorfaneco.com\\\/\"},{\"@type\":\"ListItem\",\"position\":2,\"name\":\"Parque Forestal de Beade\"}]},{\"@type\":\"WebSite\",\"@id\":\"https:\\\/\\\/asadorfaneco.com\\\/#website\",\"url\":\"https:\\\/\\\/asadorfaneco.com\\\/\",\"name\":\"Asador Faneco\",\"description\":\"Brasas, m\u00fasica y naturaleza\",\"potentialAction\":[{\"@type\":\"SearchAction\",\"target\":{\"@type\":\"EntryPoint\",\"urlTemplate\":\"https:\\\/\\\/asadorfaneco.com\\\/?s={search_term_string}\"},\"query-input\":{\"@type\":\"PropertyValueSpecification\",\"valueRequired\":true,\"valueName\":\"search_term_string\"}}],\"inLanguage\":\"gl-ES\"}]}<\/script>\n<!-- \/ Yoast SEO plugin. -->","yoast_head_json":{"title":"Parque Forestal de Beade - Asador Faneco","robots":{"index":"index","follow":"follow","max-snippet":"max-snippet:-1","max-image-preview":"max-image-preview:large","max-video-preview":"max-video-preview:-1"},"canonical":"https:\/\/asadorfaneco.com\/gl\/parque-forestal-beade\/","og_locale":"gl_ES","og_type":"article","og_title":"Parque Forestal de Beade - Asador Faneco","og_description":"El parque forestal Nuestro asador se encuentra ubicado en el Parque Forestal de Beade, un espacio natural de m\u00e1s de 40 hect\u00e1reas situado en el monte comunal de la parroquia de Beade, en Vigo. El parque se asienta a unos 300 metros de altitud, lo que permite disfrutar de amplias vistas sobre el valle del [&hellip;]","og_url":"https:\/\/asadorfaneco.com\/gl\/parque-forestal-beade\/","og_site_name":"Asador Faneco","article_modified_time":"2025-09-11T20:58:56+00:00","og_image":[{"url":"https:\/\/asadorfaneco.com\/wp-content\/uploads\/2025\/06\/parque-forestal-beade.jpg","type":"","width":"","height":""}],"twitter_card":"summary_large_image","twitter_misc":{"Tempo de lectura":"4 minutos"},"schema":{"@context":"https:\/\/schema.org","@graph":[{"@type":"WebPage","@id":"https:\/\/asadorfaneco.com\/parque-forestal-beade\/","url":"https:\/\/asadorfaneco.com\/parque-forestal-beade\/","name":"Parque Forestal de Beade - Asador Faneco","isPartOf":{"@id":"https:\/\/asadorfaneco.com\/#website"},"primaryImageOfPage":{"@id":"https:\/\/asadorfaneco.com\/parque-forestal-beade\/#primaryimage"},"image":{"@id":"https:\/\/asadorfaneco.com\/parque-forestal-beade\/#primaryimage"},"thumbnailUrl":"https:\/\/asadorfaneco.com\/wp-content\/uploads\/2025\/06\/parque-forestal-beade.jpg","datePublished":"2025-06-17T10:49:04+00:00","dateModified":"2025-09-11T20:58:56+00:00","breadcrumb":{"@id":"https:\/\/asadorfaneco.com\/parque-forestal-beade\/#breadcrumb"},"inLanguage":"gl-ES","potentialAction":[{"@type":"ReadAction","target":["https:\/\/asadorfaneco.com\/parque-forestal-beade\/"]}]},{"@type":"ImageObject","inLanguage":"gl-ES","@id":"https:\/\/asadorfaneco.com\/parque-forestal-beade\/#primaryimage","url":"https:\/\/asadorfaneco.com\/wp-content\/uploads\/2025\/06\/parque-forestal-beade.jpg","contentUrl":"https:\/\/asadorfaneco.com\/wp-content\/uploads\/2025\/06\/parque-forestal-beade.jpg"},{"@type":"BreadcrumbList","@id":"https:\/\/asadorfaneco.com\/parque-forestal-beade\/#breadcrumb","itemListElement":[{"@type":"ListItem","position":1,"name":"Home","item":"https:\/\/asadorfaneco.com\/"},{"@type":"ListItem","position":2,"name":"Parque Forestal de Beade"}]},{"@type":"WebSite","@id":"https:\/\/asadorfaneco.com\/#website","url":"https:\/\/asadorfaneco.com\/","name":"Asador Faneco","description":"Brasas, m\u00fasica y naturaleza","potentialAction":[{"@type":"SearchAction","target":{"@type":"EntryPoint","urlTemplate":"https:\/\/asadorfaneco.com\/?s={search_term_string}"},"query-input":{"@type":"PropertyValueSpecification","valueRequired":true,"valueName":"search_term_string"}}],"inLanguage":"gl-ES"}]}},"jetpack_sharing_enabled":true,"_links":{"self":[{"href":"https:\/\/asadorfaneco.com\/gl\/wp-json\/wp\/v2\/pages\/2","targetHints":{"allow":["GET"]}}],"collection":[{"href":"https:\/\/asadorfaneco.com\/gl\/wp-json\/wp\/v2\/pages"}],"about":[{"href":"https:\/\/asadorfaneco.com\/gl\/wp-json\/wp\/v2\/types\/page"}],"author":[{"embeddable":true,"href":"https:\/\/asadorfaneco.com\/gl\/wp-json\/wp\/v2\/users\/1"}],"replies":[{"embeddable":true,"href":"https:\/\/asadorfaneco.com\/gl\/wp-json\/wp\/v2\/comments?post=2"}],"version-history":[{"count":19,"href":"https:\/\/asadorfaneco.com\/gl\/wp-json\/wp\/v2\/pages\/2\/revisions"}],"predecessor-version":[{"id":873,"href":"https:\/\/asadorfaneco.com\/gl\/wp-json\/wp\/v2\/pages\/2\/revisions\/873"}],"wp:attachment":[{"href":"https:\/\/asadorfaneco.com\/gl\/wp-json\/wp\/v2\/media?parent=2"}],"curies":[{"name":"wp","href":"https:\/\/api.w.org\/{rel}","templated":true}]}}