{"id":205,"date":"2025-06-27T19:04:28","date_gmt":"2025-06-27T19:04:28","guid":{"rendered":"https:\/\/asadorfaneco.com\/?page_id=205"},"modified":"2025-09-11T20:56:57","modified_gmt":"2025-09-11T20:56:57","slug":"escuela-de-equitacion-san-cosme","status":"publish","type":"page","link":"https:\/\/asadorfaneco.com\/gl\/escuela-de-equitacion-san-cosme\/","title":{"rendered":"Escuela de Equitaci\u00f3n San Cosme"},"content":{"rendered":"<div class=\"is-style-default sin-border-box wp-block-group alignfull is-layout-flow wp-container-core-group-is-layout-ed2d1f84 wp-block-group-is-layout-flow\" id=\"hero\" style=\"border-style:none;border-width:0px;margin-top:0;margin-bottom:0;padding-right:0px;padding-left:0px\">\n<div class=\"nfd-stretch-cover-child nfd-bg-gray-800 sin-border-box wp-block-cover\" style=\"margin-top:0;margin-bottom:0;padding-top:0;padding-right:0;padding-bottom:0;padding-left:0\"><img data-recalc-dims=\"1\" decoding=\"async\" width=\"2133\" height=\"2560\" loading=\"lazy\" class=\"wp-block-cover__image-background wp-image-206 size-full\" alt=\"Jinete en San Cosme\" src=\"https:\/\/i0.wp.com\/asadorfaneco.com\/wp-content\/uploads\/2025\/06\/caballo-en-san-cosme-scaled.webp?resize=2133%2C2560&#038;ssl=1\" style=\"object-position:76% 83%\" data-object-fit=\"cover\" data-object-position=\"76% 83%\" srcset=\"https:\/\/i0.wp.com\/asadorfaneco.com\/wp-content\/uploads\/2025\/06\/caballo-en-san-cosme-scaled.webp?w=2133&amp;ssl=1 2133w, https:\/\/i0.wp.com\/asadorfaneco.com\/wp-content\/uploads\/2025\/06\/caballo-en-san-cosme-scaled.webp?resize=250%2C300&amp;ssl=1 250w, https:\/\/i0.wp.com\/asadorfaneco.com\/wp-content\/uploads\/2025\/06\/caballo-en-san-cosme-scaled.webp?resize=853%2C1024&amp;ssl=1 853w, https:\/\/i0.wp.com\/asadorfaneco.com\/wp-content\/uploads\/2025\/06\/caballo-en-san-cosme-scaled.webp?resize=768%2C922&amp;ssl=1 768w, https:\/\/i0.wp.com\/asadorfaneco.com\/wp-content\/uploads\/2025\/06\/caballo-en-san-cosme-scaled.webp?resize=1280%2C1536&amp;ssl=1 1280w, https:\/\/i0.wp.com\/asadorfaneco.com\/wp-content\/uploads\/2025\/06\/caballo-en-san-cosme-scaled.webp?w=2000&amp;ssl=1 2000w\" sizes=\"auto, (max-width: 1000px) 100vw, 1000px\" \/><span aria-hidden=\"true\" class=\"wp-block-cover__background has-black-background-color has-background-dim-30 has-background-dim\"><\/span><div class=\"wp-block-cover__inner-container is-layout-flow wp-block-cover-is-layout-flow\">\n<div class=\"nfd-px-base nfd-grow nfd-w-full md:nfd-border-none alignfull sin-border-box wp-block-group is-vertical is-layout-flex wp-container-core-group-is-layout-afc903cf wp-block-group-is-layout-flex\" style=\"border-top-style:none;border-top-width:0px;border-right-color:var(--wp--preset--color--white);border-right-width:32px;border-bottom-color:var(--wp--preset--color--white);border-bottom-width:32px;border-left-color:var(--wp--preset--color--white);border-left-width:32px\">\n<div style=\"height:0px;width:0px\" aria-hidden=\"true\" class=\"nfd-my-0 wp-block-spacer wp-container-content-95b39f08\"><\/div>\n\n\n\n<h2 class=\"wp-block-heading has-text-align-center has-text-color has-link-color wp-elements-8f4a1bc30a27c3ec737cfcc61dcafbb3\" style=\"border-style:none;border-width:0px;color:#f9f9f9\">Escuela de Equitaci\u00f3n San Cosme<\/h2>\n\n\n\n<div class=\"nfd-text-md md:nfd-justify-start md:nfd-self-start wp-block-group has-global-padding is-content-justification-left is-layout-constrained wp-container-core-group-is-layout-d5209ea4 wp-block-group-is-layout-constrained\">\n<p class=\"has-text-align-center has-text-color has-link-color wp-elements-d83071cd6beece959a187e35bb8ea33e\" style=\"color:#f9f9f9;font-size:clamp(14.082px, 0.88rem + ((1vw - 3.2px) * 0.786), 21px);\">El mejor centro h\u00edpico de Galicia<\/p>\n<\/div>\n<\/div>\n<\/div><\/div>\n<\/div>\n\n\n\n<div class=\"nfd-p-md nfd-pb-lg nfd-container is-style-nfd-theme-white wp-block-group has-background has-global-padding is-layout-constrained wp-container-core-group-is-layout-24bd993d wp-block-group-is-layout-constrained\" style=\"background-color:#212121\">\n<div class=\"nfd-gap-3xl wp-block-columns are-vertically-aligned-center has-background is-layout-flex wp-container-core-columns-is-layout-28f84493 wp-block-columns-is-layout-flex\" style=\"background-color:#212121\">\n<div class=\"md:nfd-order-2 wp-block-column is-vertically-aligned-center is-layout-flow wp-container-core-column-is-layout-369f67fb wp-block-column-is-layout-flow\" style=\"flex-basis:50%\">\n<div class=\"nfd-gap-md wp-block-group is-vertical is-layout-flex wp-container-core-group-is-layout-fe9cc265 wp-block-group-is-layout-flex\">\n<h3 class=\"nfd-text-xl nfd-text-contrast nfd-text-balance wp-block-heading has-text-color has-link-color wp-elements-238f9a4e74b59eadca0c989f96274c0c\" style=\"color:#f9f9f9\">La Escuela<\/h3>\n\n\n\n<p class=\"has-text-color has-link-color wp-elements-b059b4c9c13f36ecf0dce488f0d55163\" style=\"color:#f9f9f9\">Muy pr\u00f3xima a nuestro asador se encuentra la Escuela de Equitaci\u00f3n San\u202fCosme, asociada al Club H\u00edpico Alaz\u00e1n, est\u00e1 ubicada en Cami\u00f1o de Erville, 10, en el alto de San Cosme (Mos), a tan s\u00f3lo quince minutos del centro de Vigo y a cinco del CUVI.<\/p>\n\n\n\n<p class=\"has-text-color has-link-color wp-elements-7b03e017f9537790160657cbb1458c45\" style=\"color:#f9f9f9\">Homologada por la Federaci\u00f3n H\u00edpica Gallega (con tres estribos), ofrece un entorno natural y profesional, con casi 30\u202fa\u00f1os de trayectoria formando desde la iniciaci\u00f3n hasta la alta competici\u00f3n, con monitores titulados y reconocidos por su experiencia.<\/p>\n<\/div>\n<\/div>\n\n\n\n<div class=\"wp-block-column is-vertically-aligned-center is-layout-flow wp-block-column-is-layout-flow\" style=\"flex-basis:50%\">\n<div class=\"wp-block-group has-global-padding is-layout-constrained wp-block-group-is-layout-constrained\">\n<figure class=\"nfd-rounded wp-block-image size-full\"><img data-recalc-dims=\"1\" decoding=\"async\" width=\"2500\" height=\"1875\" loading=\"lazy\" src=\"https:\/\/i0.wp.com\/asadorfaneco.com\/wp-content\/uploads\/2025\/06\/club-hipico-el-alazan.webp?resize=2500%2C1875&#038;ssl=1\" alt=\"Club H\u00edpico El Alaz\u00e1n\" class=\"wp-image-207\" style=\"aspect-ratio:1;object-fit:cover\" srcset=\"https:\/\/i0.wp.com\/asadorfaneco.com\/wp-content\/uploads\/2025\/06\/club-hipico-el-alazan.webp?w=2500&amp;ssl=1 2500w, https:\/\/i0.wp.com\/asadorfaneco.com\/wp-content\/uploads\/2025\/06\/club-hipico-el-alazan.webp?resize=300%2C225&amp;ssl=1 300w, https:\/\/i0.wp.com\/asadorfaneco.com\/wp-content\/uploads\/2025\/06\/club-hipico-el-alazan.webp?resize=1024%2C768&amp;ssl=1 1024w, https:\/\/i0.wp.com\/asadorfaneco.com\/wp-content\/uploads\/2025\/06\/club-hipico-el-alazan.webp?resize=768%2C576&amp;ssl=1 768w, https:\/\/i0.wp.com\/asadorfaneco.com\/wp-content\/uploads\/2025\/06\/club-hipico-el-alazan.webp?resize=1536%2C1152&amp;ssl=1 1536w, https:\/\/i0.wp.com\/asadorfaneco.com\/wp-content\/uploads\/2025\/06\/club-hipico-el-alazan.webp?resize=2048%2C1536&amp;ssl=1 2048w\" sizes=\"auto, (max-width: 1000px) 100vw, 1000px\" \/><figcaption class=\"wp-element-caption\">Club H\u00edpico El Alaz\u00e1n<\/figcaption><\/figure>\n<\/div>\n<\/div>\n<\/div>\n\n\n\n<div class=\"nfd-gap-3xl wp-block-columns are-vertically-aligned-center is-layout-flex wp-container-core-columns-is-layout-28f84493 wp-block-columns-is-layout-flex\">\n<div class=\"wp-block-column is-vertically-aligned-center is-layout-flow wp-block-column-is-layout-flow\" style=\"flex-basis:50%\">\n<div class=\"wp-block-group has-global-padding is-layout-constrained wp-block-group-is-layout-constrained\">\n<figure class=\"nfd-rounded is-style-default wp-block-image size-full wp-duotone-unset-1\"><img data-recalc-dims=\"1\" decoding=\"async\" width=\"2500\" height=\"1875\" loading=\"lazy\" src=\"https:\/\/i0.wp.com\/asadorfaneco.com\/wp-content\/uploads\/2025\/06\/caballo.webp?resize=2500%2C1875&#038;ssl=1\" alt=\"Caballo en el recinto\" class=\"wp-image-208\" style=\"aspect-ratio:1;object-fit:cover\" srcset=\"https:\/\/i0.wp.com\/asadorfaneco.com\/wp-content\/uploads\/2025\/06\/caballo.webp?w=2500&amp;ssl=1 2500w, https:\/\/i0.wp.com\/asadorfaneco.com\/wp-content\/uploads\/2025\/06\/caballo.webp?resize=300%2C225&amp;ssl=1 300w, https:\/\/i0.wp.com\/asadorfaneco.com\/wp-content\/uploads\/2025\/06\/caballo.webp?resize=1024%2C768&amp;ssl=1 1024w, https:\/\/i0.wp.com\/asadorfaneco.com\/wp-content\/uploads\/2025\/06\/caballo.webp?resize=768%2C576&amp;ssl=1 768w, https:\/\/i0.wp.com\/asadorfaneco.com\/wp-content\/uploads\/2025\/06\/caballo.webp?resize=1536%2C1152&amp;ssl=1 1536w, https:\/\/i0.wp.com\/asadorfaneco.com\/wp-content\/uploads\/2025\/06\/caballo.webp?resize=2048%2C1536&amp;ssl=1 2048w\" sizes=\"auto, (max-width: 1000px) 100vw, 1000px\" \/><figcaption class=\"wp-element-caption\">Caballo en el recinto<\/figcaption><\/figure>\n<\/div>\n<\/div>\n\n\n\n<div class=\"md:nfd-order-2 wp-block-column is-vertically-aligned-center is-layout-flow wp-container-core-column-is-layout-369f67fb wp-block-column-is-layout-flow\" style=\"flex-basis:50%\">\n<div class=\"nfd-gap-md wp-block-group is-vertical is-layout-flex wp-container-core-group-is-layout-fe9cc265 wp-block-group-is-layout-flex\">\n<h3 class=\"nfd-text-xl nfd-text-contrast nfd-text-balance wp-block-heading has-text-color has-link-color wp-elements-8afb7a3ef004419d1a991746517f020c\" style=\"color:#f9f9f9\">Servicios<\/h3>\n\n\n\n<p class=\"has-text-color has-link-color wp-elements-60435c3e02dde6d8eb40d56a698808a5\" style=\"color:#f9f9f9\">La escuela de equitaci\u00f3n ofrece clases regulares para todas las edades empezando desde los tres a\u00f1os. Lo hace en diferentes niveles, desde la iniciaci\u00f3n hasta la competici\u00f3n, en modalidades como salto, doma y equitaci\u00f3n general\u202f.<\/p>\n\n\n\n<p class=\"has-text-color has-link-color wp-elements-782a07510cef2f5fef0b584e9e3a5e68\" style=\"color:#f9f9f9\">Tambi\u00e9n ofrece paseos a caballo por senderos del entorno, concursos sociales, visitas escolares para infantil y primaria, y actividades especiales como campamentos y cumplea\u00f1os tem\u00e1ticos, incluyendo merienda, hinchables y gincanas. <\/p>\n\n\n\n<p class=\"has-text-color has-link-color wp-elements-04b08e527be786375e069744d157df7c\" style=\"color:#f9f9f9\">Adem\u00e1s, cuenta con servicios de pupilaje, es decir, de cuidado y manutenci\u00f3n de los caballos, que incluye alimentaci\u00f3n y servicios veterinarios.<\/p>\n<\/div>\n<\/div>\n<\/div>\n\n\n\n<div class=\"nfd-gap-3xl wp-block-columns are-vertically-aligned-center has-background is-layout-flex wp-container-core-columns-is-layout-28f84493 wp-block-columns-is-layout-flex\" style=\"background-color:#212121\">\n<div class=\"md:nfd-order-2 wp-block-column is-vertically-aligned-center is-layout-flow wp-container-core-column-is-layout-369f67fb wp-block-column-is-layout-flow\" style=\"flex-basis:50%\">\n<div class=\"nfd-gap-md wp-block-group is-vertical is-layout-flex wp-container-core-group-is-layout-fe9cc265 wp-block-group-is-layout-flex\">\n<h3 class=\"nfd-text-xl nfd-text-contrast nfd-text-balance wp-block-heading has-text-color has-link-color wp-elements-b2feabb1eb67b2c98f958a6b03093fa8\" style=\"color:#f9f9f9\">Otras actividades<\/h3>\n\n\n\n<p class=\"has-text-color has-link-color wp-elements-50c0cbe462ad155e80853bca7be6e157\" style=\"color:#f9f9f9\">La Escuela de Equitaci\u00f3n San Cosme es considerada uno de los centros h\u00edpicos mejor equipados de Galicia.<\/p>\n\n\n\n<p class=\"has-text-color has-link-color wp-elements-55d1a8b2698872b6f87b1f221ff3debe\" style=\"color:#f9f9f9\">La escuela cuenta con una pista exterior de concurso y dos pistas de arena cubiertas, adecuadas entrenar en cualquier \u00e9poca del a\u00f1o independientemente de las condiciones clim\u00e1ticas. <\/p>\n\n\n\n<p class=\"has-text-color has-link-color wp-elements-d433e62d2737d6f8dda7d1e6e356a52a\" style=\"color:#f9f9f9\">Para el alojamiento de los caballos, San Cosme ofrece boxes espaciosos de 3&#215;3 metros. Los caballos cuentan tambi\u00e9n con duchas para su limpieza y un caminador.<\/p>\n\n\n\n<p class=\"has-text-color has-link-color wp-elements-9da83e58d92ecf2fdeb3fa7673a57c84\" style=\"color:#f9f9f9\">En cuanto a zonas comunes, el centro dispone de un local social amplio con dos salones y chimeneas. Para facilitar la log\u00edstica, el recinto est\u00e1 preparado con aparcamiento tanto para coches como para camiones. <\/p>\n\n\n\n<p class=\"has-text-color has-link-color wp-elements-6013c3f480ba5fb073fe85c43f3a6838\" style=\"color:#f9f9f9\">Si decides montar a caballo y te entra el hambre, siempre te puedes pasar despu\u00e9s por nuestro asador a reponer fuerzas con una buena parrillada.<\/p>\n<\/div>\n<\/div>\n\n\n\n<div class=\"wp-block-column is-vertically-aligned-center is-layout-flow wp-block-column-is-layout-flow\" style=\"flex-basis:50%\">\n<div class=\"wp-block-group has-global-padding is-layout-constrained wp-block-group-is-layout-constrained\">\n<figure class=\"nfd-rounded wp-block-image size-full\"><img data-recalc-dims=\"1\" decoding=\"async\" loading=\"lazy\" src=\"https:\/\/i0.wp.com\/asadorfaneco.com\/wp-content\/uploads\/2025\/06\/caballo-en-san-cosme.webp?ssl=1\" alt=\"Jinete en San Cosme\" class=\"wp-image-206\" style=\"aspect-ratio:1;object-fit:cover\"\/><figcaption class=\"wp-element-caption\">Jinete en San Cosme<\/figcaption><\/figure>\n<\/div>\n<\/div>\n<\/div>\n<\/div>\n\n\n\n<div class=\"nfd-container nfd-p-md  nfd-wb-features__features-15 is-style-nfd-theme-white wp-block-group has-background has-global-padding is-layout-constrained wp-block-group-is-layout-constrained\" style=\"background-color:#212121\">\n<h3 class=\"nfd-text-xl nfd-text-contrast nfd-text-balance wp-block-heading has-text-color has-link-color wp-elements-aa969e3b857459ca64778b4b185612c1\" style=\"color:#f9f9f9\">Nuestro asador<\/h3>\n\n\n\n<div class=\"nfd-gap-xl nfd-gap-y-2xl wp-block-columns is-layout-flex wp-container-core-columns-is-layout-28f84493 wp-block-columns-is-layout-flex\">\n<div class=\"wp-block-column is-layout-flow wp-block-column-is-layout-flow\">\n<figure class=\"nfd-rounded-sm wp-block-image size-large\"><a href=\"https:\/\/asadorfaneco.com\/gl\/gastronomia\/\"><img data-recalc-dims=\"1\" decoding=\"async\" width=\"1024\" height=\"768\" loading=\"lazy\" src=\"https:\/\/i0.wp.com\/asadorfaneco.com\/wp-content\/uploads\/2025\/07\/carne-parrilla.webp?resize=1024%2C768&#038;ssl=1\" alt=\"Gastronom\u00eda Asador O Faneco\" class=\"wp-image-245\" style=\"aspect-ratio:16\/9;object-fit:cover\" srcset=\"https:\/\/i0.wp.com\/asadorfaneco.com\/wp-content\/uploads\/2025\/07\/carne-parrilla.webp?resize=1024%2C768&amp;ssl=1 1024w, https:\/\/i0.wp.com\/asadorfaneco.com\/wp-content\/uploads\/2025\/07\/carne-parrilla.webp?resize=300%2C225&amp;ssl=1 300w, https:\/\/i0.wp.com\/asadorfaneco.com\/wp-content\/uploads\/2025\/07\/carne-parrilla.webp?resize=768%2C576&amp;ssl=1 768w, https:\/\/i0.wp.com\/asadorfaneco.com\/wp-content\/uploads\/2025\/07\/carne-parrilla.webp?resize=1536%2C1152&amp;ssl=1 1536w, https:\/\/i0.wp.com\/asadorfaneco.com\/wp-content\/uploads\/2025\/07\/carne-parrilla.webp?resize=16%2C12&amp;ssl=1 16w, https:\/\/i0.wp.com\/asadorfaneco.com\/wp-content\/uploads\/2025\/07\/carne-parrilla.webp?w=2000&amp;ssl=1 2000w\" sizes=\"auto, (max-width: 1000px) 100vw, 1000px\" \/><\/a><\/figure>\n\n\n\n<div class=\"wp-block-group is-vertical is-content-justification-stretch is-layout-flex wp-container-core-group-is-layout-38a18bb4 wp-block-group-is-layout-flex\">\n<h3 class=\"nfd-text-lg nfd-text-contrast wp-block-heading has-text-align-left has-text-color has-link-color wp-elements-882fef7119d097589930b56e0086ac54\" style=\"color:#f9f9f9fa;text-decoration:none\"><a href=\"https:\/\/asadorfaneco.com\/gl\/gastronomia\/\">Gastronom\u00eda<\/a><\/h3>\n\n\n\n<p class=\"nfd-text-base nfd-text-balance has-text-color has-link-color wp-elements-2e05131ab2fe1080038e04f252e4a309\" style=\"color:#f9f9f9\">Ofrecemos raciones t\u00edpicas de comida tradicional gallega. Destacan nuestras carnes y pescados a la brasa.<\/p>\n<\/div>\n<\/div>\n\n\n\n<div class=\"wp-block-column is-layout-flow wp-block-column-is-layout-flow\">\n<figure class=\"nfd-rounded-sm wp-block-image size-full\"><a href=\"https:\/\/asadorfaneco.com\/gl\/instalaciones\/\"><img data-recalc-dims=\"1\" decoding=\"async\" loading=\"lazy\" src=\"https:\/\/i0.wp.com\/asadorfaneco.com\/wp-content\/uploads\/2025\/08\/mesas-terraza.jpg?ssl=1\" alt=\"Instalaciones Asador O Faneco\" class=\"wp-image-585\" style=\"aspect-ratio:16\/9;object-fit:cover\"\/><\/a><\/figure>\n\n\n\n<div class=\"wp-block-group is-vertical is-content-justification-stretch is-layout-flex wp-container-core-group-is-layout-38a18bb4 wp-block-group-is-layout-flex\">\n<h3 class=\"nfd-text-lg nfd-text-contrast wp-block-heading has-text-align-left has-text-color has-link-color wp-elements-1480a66d5fb260cc95a5659c72aac51e\" style=\"color:#f9f9f9;text-decoration:none\"><a href=\"https:\/\/asadorfaneco.com\/gl\/instalaciones\/\">Instalaciones<\/a><\/h3>\n\n\n\n<p class=\"nfd-text-base nfd-text-balance has-text-color has-link-color wp-elements-fcd2d985f75609c21f1a87a83cfd0ca0\" style=\"color:#f9f9f9\">Tenemos una gran parrilla, un sal\u00f3n de comidas, dos terrazas al aire libre, escenario y bar exterior en verano.<\/p>\n<\/div>\n<\/div>\n\n\n\n<div class=\"wp-block-column is-layout-flow wp-block-column-is-layout-flow\">\n<figure class=\"nfd-rounded-sm wp-block-image size-large\"><a href=\"https:\/\/asadorfaneco.com\/gl\/eventos\/\"><img data-recalc-dims=\"1\" decoding=\"async\" width=\"1024\" height=\"698\" loading=\"lazy\" src=\"https:\/\/i0.wp.com\/asadorfaneco.com\/wp-content\/uploads\/2025\/08\/escenario-1.webp?resize=1024%2C698&#038;ssl=1\" alt=\"Eventos Asador O Faneco\" class=\"wp-image-597\" style=\"aspect-ratio:16\/9;object-fit:cover\" srcset=\"https:\/\/i0.wp.com\/asadorfaneco.com\/wp-content\/uploads\/2025\/08\/escenario-1-scaled.webp?resize=1024%2C698&amp;ssl=1 1024w, https:\/\/i0.wp.com\/asadorfaneco.com\/wp-content\/uploads\/2025\/08\/escenario-1-scaled.webp?resize=300%2C205&amp;ssl=1 300w, https:\/\/i0.wp.com\/asadorfaneco.com\/wp-content\/uploads\/2025\/08\/escenario-1-scaled.webp?resize=768%2C524&amp;ssl=1 768w, https:\/\/i0.wp.com\/asadorfaneco.com\/wp-content\/uploads\/2025\/08\/escenario-1-scaled.webp?resize=1536%2C1048&amp;ssl=1 1536w, https:\/\/i0.wp.com\/asadorfaneco.com\/wp-content\/uploads\/2025\/08\/escenario-1-scaled.webp?resize=2048%2C1397&amp;ssl=1 2048w, https:\/\/i0.wp.com\/asadorfaneco.com\/wp-content\/uploads\/2025\/08\/escenario-1-scaled.webp?resize=18%2C12&amp;ssl=1 18w\" sizes=\"auto, (max-width: 1000px) 100vw, 1000px\" \/><\/a><\/figure>\n\n\n\n<div class=\"wp-block-group is-vertical is-content-justification-stretch is-layout-flex wp-container-core-group-is-layout-38a18bb4 wp-block-group-is-layout-flex\">\n<h3 class=\"nfd-text-lg nfd-text-contrast wp-block-heading has-text-align-left has-text-color has-link-color wp-elements-e839e8dd2078354ad2ab19e63dcae4d5\" style=\"color:#f9f9f9;text-decoration:none\"><a href=\"https:\/\/asadorfaneco.com\/gl\/eventos\/\">Eventos<\/a><\/h3>\n\n\n\n<p class=\"nfd-text-base nfd-text-balance has-text-color has-link-color wp-elements-8d88bafa696439529e7a529fe7556dcb\" style=\"color:#f9f9f9\">Organiza eventos en nuestra terraza con escenario o en el la sala interior. Puede incluir oferta gastron\u00f3mica.<\/p>\n<\/div>\n<\/div>\n<\/div>\n<\/div>\n\n\n\n<div style=\"height:4vw\" aria-hidden=\"true\" class=\"wp-block-spacer\"><\/div>","protected":false},"excerpt":{"rendered":"<p>La Escuela Muy pr\u00f3xima a nuestro asador se encuentra la Escuela de Equitaci\u00f3n San\u202fCosme, asociada al Club H\u00edpico Alaz\u00e1n, est\u00e1 ubicada en Cami\u00f1o de Erville, 10, en el alto de San Cosme (Mos), a tan s\u00f3lo quince minutos del centro de Vigo y a cinco del CUVI. Homologada por la Federaci\u00f3n H\u00edpica Gallega (con tres [&hellip;]<\/p>\n","protected":false},"author":1,"featured_media":0,"parent":0,"menu_order":0,"comment_status":"closed","ping_status":"closed","template":"","meta":{"nf_dc_page":"","om_disable_all_campaigns":false,"_monsterinsights_skip_tracking":false,"_monsterinsights_sitenote_active":false,"_monsterinsights_sitenote_note":"","_monsterinsights_sitenote_category":0,"footnotes":""},"class_list":["post-205","page","type-page","status-publish","hentry"],"yoast_head":"<!-- This site is optimized with the Yoast SEO plugin v27.5 - https:\/\/yoast.com\/product\/yoast-seo-wordpress\/ -->\n<title>Escuela de Equitaci\u00f3n San Cosme - Asador Faneco<\/title>\n<meta name=\"robots\" content=\"index, follow, max-snippet:-1, max-image-preview:large, max-video-preview:-1\" \/>\n<link rel=\"canonical\" href=\"https:\/\/asadorfaneco.com\/gl\/escuela-de-equitacion-san-cosme\/\" \/>\n<meta property=\"og:locale\" content=\"gl_ES\" \/>\n<meta property=\"og:type\" content=\"article\" \/>\n<meta property=\"og:title\" content=\"Escuela de Equitaci\u00f3n San Cosme - Asador Faneco\" \/>\n<meta property=\"og:description\" content=\"La Escuela Muy pr\u00f3xima a nuestro asador se encuentra la Escuela de Equitaci\u00f3n San\u202fCosme, asociada al Club H\u00edpico Alaz\u00e1n, est\u00e1 ubicada en Cami\u00f1o de Erville, 10, en el alto de San Cosme (Mos), a tan s\u00f3lo quince minutos del centro de Vigo y a cinco del CUVI. Homologada por la Federaci\u00f3n H\u00edpica Gallega (con tres [&hellip;]\" \/>\n<meta property=\"og:url\" content=\"https:\/\/asadorfaneco.com\/gl\/escuela-de-equitacion-san-cosme\/\" \/>\n<meta property=\"og:site_name\" content=\"Asador Faneco\" \/>\n<meta property=\"article:modified_time\" content=\"2025-09-11T20:56:57+00:00\" \/>\n<meta property=\"og:image\" content=\"https:\/\/asadorfaneco.com\/wp-content\/uploads\/2025\/06\/caballo-en-san-cosme-scaled.webp\" \/>\n<meta name=\"twitter:card\" content=\"summary_large_image\" \/>\n<meta name=\"twitter:label1\" content=\"Tempo de lectura\" \/>\n\t<meta name=\"twitter:data1\" content=\"4 minutos\" \/>\n<script type=\"application\/ld+json\" class=\"yoast-schema-graph\">{\"@context\":\"https:\\\/\\\/schema.org\",\"@graph\":[{\"@type\":\"WebPage\",\"@id\":\"https:\\\/\\\/asadorfaneco.com\\\/escuela-de-equitacion-san-cosme\\\/\",\"url\":\"https:\\\/\\\/asadorfaneco.com\\\/escuela-de-equitacion-san-cosme\\\/\",\"name\":\"Escuela de Equitaci\u00f3n San Cosme - Asador Faneco\",\"isPartOf\":{\"@id\":\"https:\\\/\\\/asadorfaneco.com\\\/#website\"},\"primaryImageOfPage\":{\"@id\":\"https:\\\/\\\/asadorfaneco.com\\\/escuela-de-equitacion-san-cosme\\\/#primaryimage\"},\"image\":{\"@id\":\"https:\\\/\\\/asadorfaneco.com\\\/escuela-de-equitacion-san-cosme\\\/#primaryimage\"},\"thumbnailUrl\":\"https:\\\/\\\/asadorfaneco.com\\\/wp-content\\\/uploads\\\/2025\\\/06\\\/caballo-en-san-cosme-scaled.webp\",\"datePublished\":\"2025-06-27T19:04:28+00:00\",\"dateModified\":\"2025-09-11T20:56:57+00:00\",\"breadcrumb\":{\"@id\":\"https:\\\/\\\/asadorfaneco.com\\\/escuela-de-equitacion-san-cosme\\\/#breadcrumb\"},\"inLanguage\":\"gl-ES\",\"potentialAction\":[{\"@type\":\"ReadAction\",\"target\":[\"https:\\\/\\\/asadorfaneco.com\\\/escuela-de-equitacion-san-cosme\\\/\"]}]},{\"@type\":\"ImageObject\",\"inLanguage\":\"gl-ES\",\"@id\":\"https:\\\/\\\/asadorfaneco.com\\\/escuela-de-equitacion-san-cosme\\\/#primaryimage\",\"url\":\"https:\\\/\\\/asadorfaneco.com\\\/wp-content\\\/uploads\\\/2025\\\/06\\\/caballo-en-san-cosme-scaled.webp\",\"contentUrl\":\"https:\\\/\\\/asadorfaneco.com\\\/wp-content\\\/uploads\\\/2025\\\/06\\\/caballo-en-san-cosme-scaled.webp\"},{\"@type\":\"BreadcrumbList\",\"@id\":\"https:\\\/\\\/asadorfaneco.com\\\/escuela-de-equitacion-san-cosme\\\/#breadcrumb\",\"itemListElement\":[{\"@type\":\"ListItem\",\"position\":1,\"name\":\"Home\",\"item\":\"https:\\\/\\\/asadorfaneco.com\\\/\"},{\"@type\":\"ListItem\",\"position\":2,\"name\":\"Escuela de Equitaci\u00f3n San Cosme\"}]},{\"@type\":\"WebSite\",\"@id\":\"https:\\\/\\\/asadorfaneco.com\\\/#website\",\"url\":\"https:\\\/\\\/asadorfaneco.com\\\/\",\"name\":\"Asador Faneco\",\"description\":\"Brasas, m\u00fasica y naturaleza\",\"potentialAction\":[{\"@type\":\"SearchAction\",\"target\":{\"@type\":\"EntryPoint\",\"urlTemplate\":\"https:\\\/\\\/asadorfaneco.com\\\/?s={search_term_string}\"},\"query-input\":{\"@type\":\"PropertyValueSpecification\",\"valueRequired\":true,\"valueName\":\"search_term_string\"}}],\"inLanguage\":\"gl-ES\"}]}<\/script>\n<!-- \/ Yoast SEO plugin. -->","yoast_head_json":{"title":"Escuela de Equitaci\u00f3n San Cosme - Asador Faneco","robots":{"index":"index","follow":"follow","max-snippet":"max-snippet:-1","max-image-preview":"max-image-preview:large","max-video-preview":"max-video-preview:-1"},"canonical":"https:\/\/asadorfaneco.com\/gl\/escuela-de-equitacion-san-cosme\/","og_locale":"gl_ES","og_type":"article","og_title":"Escuela de Equitaci\u00f3n San Cosme - Asador Faneco","og_description":"La Escuela Muy pr\u00f3xima a nuestro asador se encuentra la Escuela de Equitaci\u00f3n San\u202fCosme, asociada al Club H\u00edpico Alaz\u00e1n, est\u00e1 ubicada en Cami\u00f1o de Erville, 10, en el alto de San Cosme (Mos), a tan s\u00f3lo quince minutos del centro de Vigo y a cinco del CUVI. Homologada por la Federaci\u00f3n H\u00edpica Gallega (con tres [&hellip;]","og_url":"https:\/\/asadorfaneco.com\/gl\/escuela-de-equitacion-san-cosme\/","og_site_name":"Asador Faneco","article_modified_time":"2025-09-11T20:56:57+00:00","og_image":[{"url":"https:\/\/asadorfaneco.com\/wp-content\/uploads\/2025\/06\/caballo-en-san-cosme-scaled.webp","type":"","width":"","height":""}],"twitter_card":"summary_large_image","twitter_misc":{"Tempo de lectura":"4 minutos"},"schema":{"@context":"https:\/\/schema.org","@graph":[{"@type":"WebPage","@id":"https:\/\/asadorfaneco.com\/escuela-de-equitacion-san-cosme\/","url":"https:\/\/asadorfaneco.com\/escuela-de-equitacion-san-cosme\/","name":"Escuela de Equitaci\u00f3n San Cosme - Asador Faneco","isPartOf":{"@id":"https:\/\/asadorfaneco.com\/#website"},"primaryImageOfPage":{"@id":"https:\/\/asadorfaneco.com\/escuela-de-equitacion-san-cosme\/#primaryimage"},"image":{"@id":"https:\/\/asadorfaneco.com\/escuela-de-equitacion-san-cosme\/#primaryimage"},"thumbnailUrl":"https:\/\/asadorfaneco.com\/wp-content\/uploads\/2025\/06\/caballo-en-san-cosme-scaled.webp","datePublished":"2025-06-27T19:04:28+00:00","dateModified":"2025-09-11T20:56:57+00:00","breadcrumb":{"@id":"https:\/\/asadorfaneco.com\/escuela-de-equitacion-san-cosme\/#breadcrumb"},"inLanguage":"gl-ES","potentialAction":[{"@type":"ReadAction","target":["https:\/\/asadorfaneco.com\/escuela-de-equitacion-san-cosme\/"]}]},{"@type":"ImageObject","inLanguage":"gl-ES","@id":"https:\/\/asadorfaneco.com\/escuela-de-equitacion-san-cosme\/#primaryimage","url":"https:\/\/asadorfaneco.com\/wp-content\/uploads\/2025\/06\/caballo-en-san-cosme-scaled.webp","contentUrl":"https:\/\/asadorfaneco.com\/wp-content\/uploads\/2025\/06\/caballo-en-san-cosme-scaled.webp"},{"@type":"BreadcrumbList","@id":"https:\/\/asadorfaneco.com\/escuela-de-equitacion-san-cosme\/#breadcrumb","itemListElement":[{"@type":"ListItem","position":1,"name":"Home","item":"https:\/\/asadorfaneco.com\/"},{"@type":"ListItem","position":2,"name":"Escuela de Equitaci\u00f3n San Cosme"}]},{"@type":"WebSite","@id":"https:\/\/asadorfaneco.com\/#website","url":"https:\/\/asadorfaneco.com\/","name":"Asador Faneco","description":"Brasas, m\u00fasica y naturaleza","potentialAction":[{"@type":"SearchAction","target":{"@type":"EntryPoint","urlTemplate":"https:\/\/asadorfaneco.com\/?s={search_term_string}"},"query-input":{"@type":"PropertyValueSpecification","valueRequired":true,"valueName":"search_term_string"}}],"inLanguage":"gl-ES"}]}},"jetpack_sharing_enabled":true,"_links":{"self":[{"href":"https:\/\/asadorfaneco.com\/gl\/wp-json\/wp\/v2\/pages\/205","targetHints":{"allow":["GET"]}}],"collection":[{"href":"https:\/\/asadorfaneco.com\/gl\/wp-json\/wp\/v2\/pages"}],"about":[{"href":"https:\/\/asadorfaneco.com\/gl\/wp-json\/wp\/v2\/types\/page"}],"author":[{"embeddable":true,"href":"https:\/\/asadorfaneco.com\/gl\/wp-json\/wp\/v2\/users\/1"}],"replies":[{"embeddable":true,"href":"https:\/\/asadorfaneco.com\/gl\/wp-json\/wp\/v2\/comments?post=205"}],"version-history":[{"count":4,"href":"https:\/\/asadorfaneco.com\/gl\/wp-json\/wp\/v2\/pages\/205\/revisions"}],"predecessor-version":[{"id":870,"href":"https:\/\/asadorfaneco.com\/gl\/wp-json\/wp\/v2\/pages\/205\/revisions\/870"}],"wp:attachment":[{"href":"https:\/\/asadorfaneco.com\/gl\/wp-json\/wp\/v2\/media?parent=205"}],"curies":[{"name":"wp","href":"https:\/\/api.w.org\/{rel}","templated":true}]}}