{"id":230,"date":"2025-07-09T13:55:09","date_gmt":"2025-07-09T13:55:09","guid":{"rendered":"https:\/\/asadorfaneco.com\/?page_id=230"},"modified":"2025-09-11T20:44:10","modified_gmt":"2025-09-11T20:44:10","slug":"ciudad-deportiva-afouteza","status":"publish","type":"page","link":"https:\/\/asadorfaneco.com\/gl\/ciudad-deportiva-afouteza\/","title":{"rendered":"Ciudad Deportiva Afouteza"},"content":{"rendered":"<div class=\"is-style-default sin-border-box wp-block-group alignfull is-layout-flow wp-container-core-group-is-layout-ed2d1f84 wp-block-group-is-layout-flow\" id=\"hero\" style=\"border-style:none;border-width:0px;margin-top:0;margin-bottom:0;padding-right:0px;padding-left:0px\">\n<div class=\"nfd-stretch-cover-child nfd-bg-gray-800 sin-border-box wp-block-cover\" style=\"margin-top:0;margin-bottom:0;padding-top:0;padding-right:0;padding-bottom:0;padding-left:0\"><img decoding=\"async\" width=\"2000\" height=\"1500\" loading=\"lazy\" class=\"wp-block-cover__image-background wp-image-237 size-full\" alt=\"\" src=\"https:\/\/i0.wp.com\/asadorfaneco.com\/wp-content\/uploads\/2025\/07\/campo-afouteza.jpg?fit=2000%2C1500&amp;ssl=1\" data-object-fit=\"cover\" srcset=\"https:\/\/i0.wp.com\/asadorfaneco.com\/wp-content\/uploads\/2025\/07\/campo-afouteza.jpg?w=2000&amp;ssl=1 2000w, https:\/\/i0.wp.com\/asadorfaneco.com\/wp-content\/uploads\/2025\/07\/campo-afouteza.jpg?resize=300%2C225&amp;ssl=1 300w, https:\/\/i0.wp.com\/asadorfaneco.com\/wp-content\/uploads\/2025\/07\/campo-afouteza.jpg?resize=1024%2C768&amp;ssl=1 1024w, https:\/\/i0.wp.com\/asadorfaneco.com\/wp-content\/uploads\/2025\/07\/campo-afouteza.jpg?resize=768%2C576&amp;ssl=1 768w, https:\/\/i0.wp.com\/asadorfaneco.com\/wp-content\/uploads\/2025\/07\/campo-afouteza.jpg?resize=1536%2C1152&amp;ssl=1 1536w, https:\/\/i0.wp.com\/asadorfaneco.com\/wp-content\/uploads\/2025\/07\/campo-afouteza.jpg?resize=16%2C12&amp;ssl=1 16w\" sizes=\"auto, (max-width: 1000px) 100vw, 1000px\" \/><span aria-hidden=\"true\" class=\"wp-block-cover__background has-black-background-color has-background-dim-30 has-background-dim\"><\/span><div class=\"wp-block-cover__inner-container is-layout-flow wp-block-cover-is-layout-flow\">\n<div class=\"nfd-px-base nfd-grow nfd-w-full md:nfd-border-none alignfull sin-border-box wp-block-group is-vertical is-layout-flex wp-container-core-group-is-layout-afc903cf wp-block-group-is-layout-flex\" style=\"border-top-style:none;border-top-width:0px;border-right-color:var(--wp--preset--color--white);border-right-width:32px;border-bottom-color:var(--wp--preset--color--white);border-bottom-width:32px;border-left-color:var(--wp--preset--color--white);border-left-width:32px\">\n<div style=\"height:0px;width:0px\" aria-hidden=\"true\" class=\"nfd-my-0 wp-block-spacer wp-container-content-95b39f08\"><\/div>\n\n\n\n<h2 class=\"wp-block-heading has-text-align-center has-text-color has-link-color wp-elements-002b55e2af54ca91ec1657eab58d5069\" style=\"border-style:none;border-width:0px;color:#f9f9f9\">Ciudad Deportiva Afouteza<\/h2>\n\n\n\n<div class=\"nfd-text-md md:nfd-justify-start md:nfd-self-start wp-block-group has-global-padding is-content-justification-left is-layout-constrained wp-container-core-group-is-layout-d5209ea4 wp-block-group-is-layout-constrained\">\n<p class=\"has-text-align-center has-text-color has-link-color wp-elements-4c81fbed1663449ecc8f1271e68ae4c9\" style=\"color:#f9f9f9;font-size:clamp(14.082px, 0.88rem + ((1vw - 3.2px) * 0.786), 21px);\">Ciudad deportiva Afouteza<\/p>\n<\/div>\n<\/div>\n<\/div><\/div>\n<\/div>\n\n\n\n<div class=\"nfd-p-md nfd-pb-lg nfd-container is-style-nfd-theme-white wp-block-group has-background has-global-padding is-layout-constrained wp-container-core-group-is-layout-24bd993d wp-block-group-is-layout-constrained\" style=\"background-color:#212121\">\n<div class=\"nfd-gap-3xl wp-block-columns are-vertically-aligned-center has-background is-layout-flex wp-container-core-columns-is-layout-28f84493 wp-block-columns-is-layout-flex\" style=\"background-color:#212121\">\n<div class=\"md:nfd-order-2 wp-block-column is-vertically-aligned-center is-layout-flow wp-container-core-column-is-layout-369f67fb wp-block-column-is-layout-flow\" style=\"flex-basis:50%\">\n<div class=\"nfd-gap-md wp-block-group is-vertical is-layout-flex wp-container-core-group-is-layout-fe9cc265 wp-block-group-is-layout-flex\">\n<h3 class=\"nfd-text-xl nfd-text-contrast nfd-text-balance wp-block-heading has-text-color has-link-color wp-elements-2f8e3b4b82358b89e8f2663df8b9cf64\" style=\"color:#f9f9f9\">Historia<\/h3>\n\n\n\n<p class=\"has-text-color has-link-color wp-elements-61592eb4f5d7470c67440e93d3bb87be\" style=\"color:#f9f9f9\">Muy cerca de nuestro asador se encuenta la Ciudad Deportiva Afouteza. Es el complejo deportivo del Real Club Celta de Vigo ubicado en Mos. Inaugurada el 28 de noviembre de 2020, actualmente aloja entrenamientos del primer equipo y del filial.<\/p>\n\n\n\n<p class=\"has-text-color has-link-color wp-elements-e00841622d2a15fd2b91edbeaffddf8a\" style=\"color:#f9f9f9\">La fase inicial del proyecto, ejecutada por Grupo San Jos\u00e9, ocupa una parcela de aproximadamente 60\u202f000\u202fm\u00b2 con unos 4\u202f900\u202fm\u00b2 edificados y unos 29\u202f500\u202fm\u00b2 urbanizados. Incluye tres campos de c\u00e9sped natural, un edificio principal con gimnasio, sala de fisioterapia, vestuarios, oficinas, sala de prensa y comedor.<\/p>\n\n\n\n<p class=\"has-text-color has-link-color wp-elements-e32795e73c17f82451891488fcc22af9\" style=\"color:#f9f9f9\">Adem\u00e1s, el dise\u00f1o incorpora criterios de arquitectura bioclim\u00e1tica con uso eficiente del ciclo del agua. Con un acuerdo suscrito en enero de 2025 con los <strong>Comuneros de Montes de Tameiga<\/strong>, el Celta redujo el suelo afectado en un 80\u202f%, garantizando la protecci\u00f3n de manantiales hist\u00f3ricos de la zona. El complejo recibi\u00f3 un reconocimiento como finalista en la Bienal Espa\u00f1ola de Arquitectura y Urbanismo (BEAU), gracias a su enfoque innovador y respetuoso con el medio ambiente<\/p>\n<\/div>\n<\/div>\n\n\n\n<div class=\"wp-block-column is-vertically-aligned-center is-layout-flow wp-block-column-is-layout-flow\" style=\"flex-basis:50%\">\n<div class=\"wp-block-group has-global-padding is-layout-constrained wp-block-group-is-layout-constrained\">\n<figure class=\"nfd-rounded wp-block-image size-full\"><img data-recalc-dims=\"1\" decoding=\"async\" width=\"1200\" height=\"900\" loading=\"lazy\" src=\"https:\/\/i0.wp.com\/asadorfaneco.com\/wp-content\/uploads\/2025\/07\/afouteza-cidade-deportiva.webp?resize=1200%2C900&#038;ssl=1\" alt=\"Cidade Deportiva Afouteza\" class=\"wp-image-233\" style=\"aspect-ratio:1;object-fit:cover\" srcset=\"https:\/\/i0.wp.com\/asadorfaneco.com\/wp-content\/uploads\/2025\/07\/afouteza-cidade-deportiva.webp?w=1200&amp;ssl=1 1200w, https:\/\/i0.wp.com\/asadorfaneco.com\/wp-content\/uploads\/2025\/07\/afouteza-cidade-deportiva.webp?resize=300%2C225&amp;ssl=1 300w, https:\/\/i0.wp.com\/asadorfaneco.com\/wp-content\/uploads\/2025\/07\/afouteza-cidade-deportiva.webp?resize=1024%2C768&amp;ssl=1 1024w, https:\/\/i0.wp.com\/asadorfaneco.com\/wp-content\/uploads\/2025\/07\/afouteza-cidade-deportiva.webp?resize=768%2C576&amp;ssl=1 768w, https:\/\/i0.wp.com\/asadorfaneco.com\/wp-content\/uploads\/2025\/07\/afouteza-cidade-deportiva.webp?resize=16%2C12&amp;ssl=1 16w\" sizes=\"auto, (max-width: 1000px) 100vw, 1000px\" \/><figcaption class=\"wp-element-caption\">Cidade Deportiva Afouteza<\/figcaption><\/figure>\n<\/div>\n<\/div>\n<\/div>\n\n\n\n<div class=\"nfd-gap-3xl wp-block-columns are-vertically-aligned-center is-layout-flex wp-container-core-columns-is-layout-28f84493 wp-block-columns-is-layout-flex\">\n<div class=\"wp-block-column is-vertically-aligned-center is-layout-flow wp-block-column-is-layout-flow\" style=\"flex-basis:50%\">\n<div class=\"wp-block-group has-global-padding is-layout-constrained wp-block-group-is-layout-constrained\">\n<figure class=\"nfd-rounded is-style-default wp-block-image size-full wp-duotone-unset-1\"><img data-recalc-dims=\"1\" decoding=\"async\" width=\"2000\" height=\"1500\" loading=\"lazy\" src=\"https:\/\/i0.wp.com\/asadorfaneco.com\/wp-content\/uploads\/2025\/07\/campo-afouteza.webp?resize=2000%2C1500&#038;ssl=1\" alt=\"Campo Afouteza\" class=\"wp-image-232\" style=\"aspect-ratio:1;object-fit:cover\" srcset=\"https:\/\/i0.wp.com\/asadorfaneco.com\/wp-content\/uploads\/2025\/07\/campo-afouteza.webp?w=2000&amp;ssl=1 2000w, https:\/\/i0.wp.com\/asadorfaneco.com\/wp-content\/uploads\/2025\/07\/campo-afouteza.webp?resize=300%2C225&amp;ssl=1 300w, https:\/\/i0.wp.com\/asadorfaneco.com\/wp-content\/uploads\/2025\/07\/campo-afouteza.webp?resize=1024%2C768&amp;ssl=1 1024w, https:\/\/i0.wp.com\/asadorfaneco.com\/wp-content\/uploads\/2025\/07\/campo-afouteza.webp?resize=768%2C576&amp;ssl=1 768w, https:\/\/i0.wp.com\/asadorfaneco.com\/wp-content\/uploads\/2025\/07\/campo-afouteza.webp?resize=1536%2C1152&amp;ssl=1 1536w, https:\/\/i0.wp.com\/asadorfaneco.com\/wp-content\/uploads\/2025\/07\/campo-afouteza.webp?resize=16%2C12&amp;ssl=1 16w\" sizes=\"auto, (max-width: 1000px) 100vw, 1000px\" \/><figcaption class=\"wp-element-caption\">Campo Afouteza<\/figcaption><\/figure>\n<\/div>\n<\/div>\n\n\n\n<div class=\"md:nfd-order-2 wp-block-column is-vertically-aligned-center is-layout-flow wp-container-core-column-is-layout-369f67fb wp-block-column-is-layout-flow\" style=\"flex-basis:50%\">\n<div class=\"nfd-gap-md wp-block-group is-vertical is-layout-flex wp-container-core-group-is-layout-fe9cc265 wp-block-group-is-layout-flex\">\n<h3 class=\"nfd-text-xl nfd-text-contrast nfd-text-balance wp-block-heading has-text-color has-link-color wp-elements-19eb9e1f3f771273377cc554d79e4ffb\" style=\"color:#f9f9f9\">Ampliaci\u00f3n Galicia Sports 360<\/h3>\n\n\n\n<p class=\"has-text-color has-link-color wp-elements-cebfab78970591541be267432c0b84a9\" style=\"color:#f9f9f9\">En 2025, la Xunta declar\u00f3 la expansi\u00f3n \u201cGalicia Sports 360\u201d como Proyecto de Inter\u00e9s Auton\u00f3mico, habilitando la segunda fase. Este plan prev\u00e9:<\/p>\n\n\n\n<ul style=\"color:#f9f9f9\" class=\"wp-block-list has-text-color has-link-color wp-elements-749c09faf3c022883b58e83f2a13543c\">\n<li class=\"\">Centro de formaci\u00f3n universitaria y de FP en deporte y salud.<\/li>\n\n\n\n<li class=\"\">Cinco campos adicionales (naturales y artificiales).<\/li>\n\n\n\n<li class=\"\">Un miniestadio de\u202f4000 plazas para el filial y el equipo femenino \u201cAs Celtas\u201d.<\/li>\n\n\n\n<li class=\"\">Residencia para canteranos, hotel, cl\u00ednica deportiva, \u00e1rea de restauraci\u00f3n e instalaciones tecnol\u00f3gicas.<\/li>\n<\/ul>\n\n\n\n<p class=\"has-text-color has-link-color wp-elements-c9eb6abf7ca557999d542b881ea13294\" style=\"color:#f9f9f9\">Las obras podr\u00edan comenzar pronto, tras los tr\u00e1mites municipales, con una inversi\u00f3n estimada de 110\u202fM\u202f\u20ac sobre 242.168\u202fm\u00b2.<\/p>\n<\/div>\n<\/div>\n<\/div>\n\n\n\n<div class=\"nfd-gap-3xl wp-block-columns are-vertically-aligned-center has-background is-layout-flex wp-container-core-columns-is-layout-28f84493 wp-block-columns-is-layout-flex\" style=\"background-color:#212121\">\n<div class=\"md:nfd-order-2 wp-block-column is-vertically-aligned-center is-layout-flow wp-container-core-column-is-layout-369f67fb wp-block-column-is-layout-flow\" style=\"flex-basis:50%\">\n<div class=\"nfd-gap-md wp-block-group is-vertical is-layout-flex wp-container-core-group-is-layout-fe9cc265 wp-block-group-is-layout-flex\">\n<h3 class=\"nfd-text-xl nfd-text-contrast nfd-text-balance wp-block-heading has-text-color has-link-color wp-elements-f54d2fb231c9e09eb25e690fc0135088\" style=\"color:#f9f9f9\">Actividad<\/h3>\n\n\n\n<p class=\"has-text-color has-link-color wp-elements-610ce724e11ee2108b5c9a26f01abd3a\" style=\"color:#f9f9f9\">La actividad deportiva en la Cidade Deportiva Afouteza empez\u00f3 a latir el 27\u202fde\u202fnoviembre\u202fde\u202f2020, cuando el primer equipo se entren\u00f3 all\u00ed por primera vez tras dejar A\u202fMadroa. Dos d\u00edas despu\u00e9s se celebr\u00f3 la inauguraci\u00f3n oficial con un derbi juvenil Celta\u2011Deportivo que sirvi\u00f3 de estreno competitivo para los nuevos campos de Mos.<br><br>Despu\u00e9s de un primer curso marcado por las restricciones sanitarias, la instalaci\u00f3n abri\u00f3 t\u00edmidamente sus puertas a la afici\u00f3n: el 23\u202fde\u202fagosto\u202fde\u202f2022 se permiti\u00f3 la asistencia de ni\u00f1os sorteados entre los socios, y el 3\u202fde\u202fjunio\u202fde\u202f2023 se celebr\u00f3 el primer entrenamiento completamente abierto al p\u00fablico.<\/p>\n\n\n\n<p class=\"has-text-color has-link-color wp-elements-af9846265fbd1b069dd38cde3c26ae53\" style=\"color:#f9f9f9\">El a\u00f1o 2024 consolid\u00f3 a Afouteza como sede de la pretemporada: el filial Celta\u202fFortuna jug\u00f3 all\u00ed amistosos frente a Berganti\u00f1os y Coruxo (31\u202fde\u202fjulio) y el primer equipo midi\u00f3 su preparaci\u00f3n ante el Sporting de\u202fGij\u00f3n (23\u202fde\u202fjulio). <\/p>\n\n\n\n<p class=\"has-text-color has-link-color wp-elements-0c8cca4bc0a27f0637f54226fad6faa3\" style=\"color:#f9f9f9\">En marzo arranc\u00f3 un programa quincenal de entrenamientos espec\u00edficos donde 22 canteranos \u200atrabajan bajo la direcci\u00f3n de Fredi\u202f\u00c1lvarez, Borja\u202fOubi\u00f1a y Rafa\u202fBen\u00edtez.<\/p>\n<\/div>\n<\/div>\n\n\n\n<div class=\"wp-block-column is-vertically-aligned-center is-layout-flow wp-block-column-is-layout-flow\" style=\"flex-basis:50%\">\n<div class=\"wp-block-group has-global-padding is-layout-constrained wp-block-group-is-layout-constrained\">\n<figure class=\"nfd-rounded wp-block-image size-full\"><img decoding=\"async\" width=\"1200\" height=\"900\" loading=\"lazy\" src=\"https:\/\/i0.wp.com\/asadorfaneco.com\/wp-content\/uploads\/2025\/07\/afouteza-celta-de-vigo.jpg?fit=1200%2C900&amp;ssl=1\" alt=\"\" class=\"wp-image-236\" style=\"aspect-ratio:1;object-fit:cover\" srcset=\"https:\/\/i0.wp.com\/asadorfaneco.com\/wp-content\/uploads\/2025\/07\/afouteza-celta-de-vigo.jpg?w=1200&amp;ssl=1 1200w, https:\/\/i0.wp.com\/asadorfaneco.com\/wp-content\/uploads\/2025\/07\/afouteza-celta-de-vigo.jpg?resize=300%2C225&amp;ssl=1 300w, https:\/\/i0.wp.com\/asadorfaneco.com\/wp-content\/uploads\/2025\/07\/afouteza-celta-de-vigo.jpg?resize=1024%2C768&amp;ssl=1 1024w, https:\/\/i0.wp.com\/asadorfaneco.com\/wp-content\/uploads\/2025\/07\/afouteza-celta-de-vigo.jpg?resize=768%2C576&amp;ssl=1 768w, https:\/\/i0.wp.com\/asadorfaneco.com\/wp-content\/uploads\/2025\/07\/afouteza-celta-de-vigo.jpg?resize=16%2C12&amp;ssl=1 16w\" sizes=\"auto, (max-width: 1000px) 100vw, 1000px\" \/><figcaption class=\"wp-element-caption\">Entrada a la sede actual<\/figcaption><\/figure>\n<\/div>\n<\/div>\n<\/div>\n<\/div>\n\n\n\n<div class=\"nfd-container nfd-p-md  nfd-wb-features__features-15 is-style-nfd-theme-white wp-block-group has-background has-global-padding is-layout-constrained wp-block-group-is-layout-constrained\" style=\"background-color:#212121\">\n<h3 class=\"nfd-text-xl nfd-text-contrast nfd-text-balance wp-block-heading has-text-color has-link-color wp-elements-aa969e3b857459ca64778b4b185612c1\" style=\"color:#f9f9f9\">Nuestro asador<\/h3>\n\n\n\n<div class=\"nfd-gap-xl nfd-gap-y-2xl wp-block-columns is-layout-flex wp-container-core-columns-is-layout-28f84493 wp-block-columns-is-layout-flex\">\n<div class=\"wp-block-column is-layout-flow wp-block-column-is-layout-flow\">\n<figure class=\"nfd-rounded-sm wp-block-image size-large\"><a href=\"https:\/\/asadorfaneco.com\/gl\/gastronomia\/\"><img data-recalc-dims=\"1\" decoding=\"async\" width=\"1024\" height=\"768\" loading=\"lazy\" src=\"https:\/\/i0.wp.com\/asadorfaneco.com\/wp-content\/uploads\/2025\/07\/carne-parrilla.webp?resize=1024%2C768&#038;ssl=1\" alt=\"Gastronom\u00eda Asador O Faneco\" class=\"wp-image-245\" style=\"aspect-ratio:16\/9;object-fit:cover\" srcset=\"https:\/\/i0.wp.com\/asadorfaneco.com\/wp-content\/uploads\/2025\/07\/carne-parrilla.webp?resize=1024%2C768&amp;ssl=1 1024w, https:\/\/i0.wp.com\/asadorfaneco.com\/wp-content\/uploads\/2025\/07\/carne-parrilla.webp?resize=300%2C225&amp;ssl=1 300w, https:\/\/i0.wp.com\/asadorfaneco.com\/wp-content\/uploads\/2025\/07\/carne-parrilla.webp?resize=768%2C576&amp;ssl=1 768w, https:\/\/i0.wp.com\/asadorfaneco.com\/wp-content\/uploads\/2025\/07\/carne-parrilla.webp?resize=1536%2C1152&amp;ssl=1 1536w, https:\/\/i0.wp.com\/asadorfaneco.com\/wp-content\/uploads\/2025\/07\/carne-parrilla.webp?resize=16%2C12&amp;ssl=1 16w, https:\/\/i0.wp.com\/asadorfaneco.com\/wp-content\/uploads\/2025\/07\/carne-parrilla.webp?w=2000&amp;ssl=1 2000w\" sizes=\"auto, (max-width: 1000px) 100vw, 1000px\" \/><\/a><\/figure>\n\n\n\n<div class=\"wp-block-group is-vertical is-content-justification-stretch is-layout-flex wp-container-core-group-is-layout-38a18bb4 wp-block-group-is-layout-flex\">\n<h3 class=\"nfd-text-lg nfd-text-contrast wp-block-heading has-text-align-left has-text-color has-link-color wp-elements-882fef7119d097589930b56e0086ac54\" style=\"color:#f9f9f9fa;text-decoration:none\"><a href=\"https:\/\/asadorfaneco.com\/gl\/gastronomia\/\">Gastronom\u00eda<\/a><\/h3>\n\n\n\n<p class=\"nfd-text-base nfd-text-balance has-text-color has-link-color wp-elements-2e05131ab2fe1080038e04f252e4a309\" style=\"color:#f9f9f9\">Ofrecemos raciones t\u00edpicas de comida tradicional gallega. Destacan nuestras carnes y pescados a la brasa.<\/p>\n<\/div>\n<\/div>\n\n\n\n<div class=\"wp-block-column is-layout-flow wp-block-column-is-layout-flow\">\n<figure class=\"nfd-rounded-sm wp-block-image size-full\"><a href=\"https:\/\/asadorfaneco.com\/gl\/instalaciones\/\"><img data-recalc-dims=\"1\" decoding=\"async\" loading=\"lazy\" src=\"https:\/\/i0.wp.com\/asadorfaneco.com\/wp-content\/uploads\/2025\/08\/mesas-terraza.jpg?ssl=1\" alt=\"Instalaciones Asador O Faneco\" class=\"wp-image-585\" style=\"aspect-ratio:16\/9;object-fit:cover\"\/><\/a><\/figure>\n\n\n\n<div class=\"wp-block-group is-vertical is-content-justification-stretch is-layout-flex wp-container-core-group-is-layout-38a18bb4 wp-block-group-is-layout-flex\">\n<h3 class=\"nfd-text-lg nfd-text-contrast wp-block-heading has-text-align-left has-text-color has-link-color wp-elements-1480a66d5fb260cc95a5659c72aac51e\" style=\"color:#f9f9f9;text-decoration:none\"><a href=\"https:\/\/asadorfaneco.com\/gl\/instalaciones\/\">Instalaciones<\/a><\/h3>\n\n\n\n<p class=\"nfd-text-base nfd-text-balance has-text-color has-link-color wp-elements-fcd2d985f75609c21f1a87a83cfd0ca0\" style=\"color:#f9f9f9\">Tenemos una gran parrilla, un sal\u00f3n de comidas, dos terrazas al aire libre, escenario y bar exterior en verano.<\/p>\n<\/div>\n<\/div>\n\n\n\n<div class=\"wp-block-column is-layout-flow wp-block-column-is-layout-flow\">\n<figure class=\"nfd-rounded-sm wp-block-image size-large\"><a href=\"https:\/\/asadorfaneco.com\/gl\/eventos\/\"><img data-recalc-dims=\"1\" decoding=\"async\" width=\"1024\" height=\"698\" loading=\"lazy\" src=\"https:\/\/i0.wp.com\/asadorfaneco.com\/wp-content\/uploads\/2025\/08\/escenario-1.webp?resize=1024%2C698&#038;ssl=1\" alt=\"Eventos Asador O Faneco\" class=\"wp-image-597\" style=\"aspect-ratio:16\/9;object-fit:cover\" srcset=\"https:\/\/i0.wp.com\/asadorfaneco.com\/wp-content\/uploads\/2025\/08\/escenario-1-scaled.webp?resize=1024%2C698&amp;ssl=1 1024w, https:\/\/i0.wp.com\/asadorfaneco.com\/wp-content\/uploads\/2025\/08\/escenario-1-scaled.webp?resize=300%2C205&amp;ssl=1 300w, https:\/\/i0.wp.com\/asadorfaneco.com\/wp-content\/uploads\/2025\/08\/escenario-1-scaled.webp?resize=768%2C524&amp;ssl=1 768w, https:\/\/i0.wp.com\/asadorfaneco.com\/wp-content\/uploads\/2025\/08\/escenario-1-scaled.webp?resize=1536%2C1048&amp;ssl=1 1536w, https:\/\/i0.wp.com\/asadorfaneco.com\/wp-content\/uploads\/2025\/08\/escenario-1-scaled.webp?resize=2048%2C1397&amp;ssl=1 2048w, https:\/\/i0.wp.com\/asadorfaneco.com\/wp-content\/uploads\/2025\/08\/escenario-1-scaled.webp?resize=18%2C12&amp;ssl=1 18w\" sizes=\"auto, (max-width: 1000px) 100vw, 1000px\" \/><\/a><\/figure>\n\n\n\n<div class=\"wp-block-group is-vertical is-content-justification-stretch is-layout-flex wp-container-core-group-is-layout-38a18bb4 wp-block-group-is-layout-flex\">\n<h3 class=\"nfd-text-lg nfd-text-contrast wp-block-heading has-text-align-left has-text-color has-link-color wp-elements-e839e8dd2078354ad2ab19e63dcae4d5\" style=\"color:#f9f9f9;text-decoration:none\"><a href=\"https:\/\/asadorfaneco.com\/gl\/eventos\/\">Eventos<\/a><\/h3>\n\n\n\n<p class=\"nfd-text-base nfd-text-balance has-text-color has-link-color wp-elements-8d88bafa696439529e7a529fe7556dcb\" style=\"color:#f9f9f9\">Organiza eventos en nuestra terraza con escenario o en el la sala interior. Puede incluir oferta gastron\u00f3mica.<\/p>\n<\/div>\n<\/div>\n<\/div>\n<\/div>\n\n\n\n<div style=\"height:4vw\" aria-hidden=\"true\" class=\"wp-block-spacer\"><\/div>","protected":false},"excerpt":{"rendered":"<p>Historia Muy cerca de nuestro asador se encuenta la Ciudad Deportiva Afouteza. Es el complejo deportivo del Real Club Celta de Vigo ubicado en Mos. Inaugurada el 28 de noviembre de 2020, actualmente aloja entrenamientos del primer equipo y del filial. La fase inicial del proyecto, ejecutada por Grupo San Jos\u00e9, ocupa una parcela de [&hellip;]<\/p>\n","protected":false},"author":1,"featured_media":0,"parent":0,"menu_order":0,"comment_status":"closed","ping_status":"closed","template":"","meta":{"nf_dc_page":"","om_disable_all_campaigns":false,"_monsterinsights_skip_tracking":false,"_monsterinsights_sitenote_active":false,"_monsterinsights_sitenote_note":"","_monsterinsights_sitenote_category":0,"footnotes":""},"class_list":["post-230","page","type-page","status-publish","hentry"],"yoast_head":"<!-- This site is optimized with the Yoast SEO plugin v27.5 - https:\/\/yoast.com\/product\/yoast-seo-wordpress\/ -->\n<title>Ciudad Deportiva Afouteza - Asador Faneco<\/title>\n<meta name=\"robots\" content=\"index, follow, max-snippet:-1, max-image-preview:large, max-video-preview:-1\" \/>\n<link rel=\"canonical\" href=\"https:\/\/asadorfaneco.com\/gl\/ciudad-deportiva-afouteza\/\" \/>\n<meta property=\"og:locale\" content=\"gl_ES\" \/>\n<meta property=\"og:type\" content=\"article\" \/>\n<meta property=\"og:title\" content=\"Ciudad Deportiva Afouteza - Asador Faneco\" \/>\n<meta property=\"og:description\" content=\"Historia Muy cerca de nuestro asador se encuenta la Ciudad Deportiva Afouteza. Es el complejo deportivo del Real Club Celta de Vigo ubicado en Mos. Inaugurada el 28 de noviembre de 2020, actualmente aloja entrenamientos del primer equipo y del filial. La fase inicial del proyecto, ejecutada por Grupo San Jos\u00e9, ocupa una parcela de [&hellip;]\" \/>\n<meta property=\"og:url\" content=\"https:\/\/asadorfaneco.com\/gl\/ciudad-deportiva-afouteza\/\" \/>\n<meta property=\"og:site_name\" content=\"Asador Faneco\" \/>\n<meta property=\"article:modified_time\" content=\"2025-09-11T20:44:10+00:00\" \/>\n<meta property=\"og:image\" content=\"https:\/\/asadorfaneco.com\/wp-content\/uploads\/2025\/07\/campo-afouteza-1024x768.jpg\" \/>\n\t<meta property=\"og:image:width\" content=\"1024\" \/>\n\t<meta property=\"og:image:height\" content=\"768\" \/>\n\t<meta property=\"og:image:type\" content=\"image\/jpeg\" \/>\n<meta name=\"twitter:card\" content=\"summary_large_image\" \/>\n<meta name=\"twitter:label1\" content=\"Tempo de lectura\" \/>\n\t<meta name=\"twitter:data1\" content=\"4 minutos\" \/>\n<script type=\"application\/ld+json\" class=\"yoast-schema-graph\">{\"@context\":\"https:\\\/\\\/schema.org\",\"@graph\":[{\"@type\":\"WebPage\",\"@id\":\"https:\\\/\\\/asadorfaneco.com\\\/ciudad-deportiva-afouteza\\\/\",\"url\":\"https:\\\/\\\/asadorfaneco.com\\\/ciudad-deportiva-afouteza\\\/\",\"name\":\"Ciudad Deportiva Afouteza - Asador Faneco\",\"isPartOf\":{\"@id\":\"https:\\\/\\\/asadorfaneco.com\\\/#website\"},\"primaryImageOfPage\":{\"@id\":\"https:\\\/\\\/asadorfaneco.com\\\/ciudad-deportiva-afouteza\\\/#primaryimage\"},\"image\":{\"@id\":\"https:\\\/\\\/asadorfaneco.com\\\/ciudad-deportiva-afouteza\\\/#primaryimage\"},\"thumbnailUrl\":\"https:\\\/\\\/i0.wp.com\\\/asadorfaneco.com\\\/wp-content\\\/uploads\\\/2025\\\/07\\\/campo-afouteza.jpg?fit=2000%2C1500&amp;ssl=1\",\"datePublished\":\"2025-07-09T13:55:09+00:00\",\"dateModified\":\"2025-09-11T20:44:10+00:00\",\"breadcrumb\":{\"@id\":\"https:\\\/\\\/asadorfaneco.com\\\/ciudad-deportiva-afouteza\\\/#breadcrumb\"},\"inLanguage\":\"gl-ES\",\"potentialAction\":[{\"@type\":\"ReadAction\",\"target\":[\"https:\\\/\\\/asadorfaneco.com\\\/ciudad-deportiva-afouteza\\\/\"]}]},{\"@type\":\"ImageObject\",\"inLanguage\":\"gl-ES\",\"@id\":\"https:\\\/\\\/asadorfaneco.com\\\/ciudad-deportiva-afouteza\\\/#primaryimage\",\"url\":\"https:\\\/\\\/i0.wp.com\\\/asadorfaneco.com\\\/wp-content\\\/uploads\\\/2025\\\/07\\\/campo-afouteza.jpg?fit=2000%2C1500&amp;ssl=1\",\"contentUrl\":\"https:\\\/\\\/i0.wp.com\\\/asadorfaneco.com\\\/wp-content\\\/uploads\\\/2025\\\/07\\\/campo-afouteza.jpg?fit=2000%2C1500&amp;ssl=1\"},{\"@type\":\"BreadcrumbList\",\"@id\":\"https:\\\/\\\/asadorfaneco.com\\\/ciudad-deportiva-afouteza\\\/#breadcrumb\",\"itemListElement\":[{\"@type\":\"ListItem\",\"position\":1,\"name\":\"Home\",\"item\":\"https:\\\/\\\/asadorfaneco.com\\\/\"},{\"@type\":\"ListItem\",\"position\":2,\"name\":\"Ciudad Deportiva Afouteza\"}]},{\"@type\":\"WebSite\",\"@id\":\"https:\\\/\\\/asadorfaneco.com\\\/#website\",\"url\":\"https:\\\/\\\/asadorfaneco.com\\\/\",\"name\":\"Asador Faneco\",\"description\":\"Brasas, m\u00fasica y naturaleza\",\"potentialAction\":[{\"@type\":\"SearchAction\",\"target\":{\"@type\":\"EntryPoint\",\"urlTemplate\":\"https:\\\/\\\/asadorfaneco.com\\\/?s={search_term_string}\"},\"query-input\":{\"@type\":\"PropertyValueSpecification\",\"valueRequired\":true,\"valueName\":\"search_term_string\"}}],\"inLanguage\":\"gl-ES\"}]}<\/script>\n<!-- \/ Yoast SEO plugin. -->","yoast_head_json":{"title":"Ciudad Deportiva Afouteza - Asador Faneco","robots":{"index":"index","follow":"follow","max-snippet":"max-snippet:-1","max-image-preview":"max-image-preview:large","max-video-preview":"max-video-preview:-1"},"canonical":"https:\/\/asadorfaneco.com\/gl\/ciudad-deportiva-afouteza\/","og_locale":"gl_ES","og_type":"article","og_title":"Ciudad Deportiva Afouteza - Asador Faneco","og_description":"Historia Muy cerca de nuestro asador se encuenta la Ciudad Deportiva Afouteza. Es el complejo deportivo del Real Club Celta de Vigo ubicado en Mos. Inaugurada el 28 de noviembre de 2020, actualmente aloja entrenamientos del primer equipo y del filial. La fase inicial del proyecto, ejecutada por Grupo San Jos\u00e9, ocupa una parcela de [&hellip;]","og_url":"https:\/\/asadorfaneco.com\/gl\/ciudad-deportiva-afouteza\/","og_site_name":"Asador Faneco","article_modified_time":"2025-09-11T20:44:10+00:00","og_image":[{"width":1024,"height":768,"url":"https:\/\/asadorfaneco.com\/wp-content\/uploads\/2025\/07\/campo-afouteza-1024x768.jpg","type":"image\/jpeg"}],"twitter_card":"summary_large_image","twitter_misc":{"Tempo de lectura":"4 minutos"},"schema":{"@context":"https:\/\/schema.org","@graph":[{"@type":"WebPage","@id":"https:\/\/asadorfaneco.com\/ciudad-deportiva-afouteza\/","url":"https:\/\/asadorfaneco.com\/ciudad-deportiva-afouteza\/","name":"Ciudad Deportiva Afouteza - Asador Faneco","isPartOf":{"@id":"https:\/\/asadorfaneco.com\/#website"},"primaryImageOfPage":{"@id":"https:\/\/asadorfaneco.com\/ciudad-deportiva-afouteza\/#primaryimage"},"image":{"@id":"https:\/\/asadorfaneco.com\/ciudad-deportiva-afouteza\/#primaryimage"},"thumbnailUrl":"https:\/\/i0.wp.com\/asadorfaneco.com\/wp-content\/uploads\/2025\/07\/campo-afouteza.jpg?fit=2000%2C1500&amp;ssl=1","datePublished":"2025-07-09T13:55:09+00:00","dateModified":"2025-09-11T20:44:10+00:00","breadcrumb":{"@id":"https:\/\/asadorfaneco.com\/ciudad-deportiva-afouteza\/#breadcrumb"},"inLanguage":"gl-ES","potentialAction":[{"@type":"ReadAction","target":["https:\/\/asadorfaneco.com\/ciudad-deportiva-afouteza\/"]}]},{"@type":"ImageObject","inLanguage":"gl-ES","@id":"https:\/\/asadorfaneco.com\/ciudad-deportiva-afouteza\/#primaryimage","url":"https:\/\/i0.wp.com\/asadorfaneco.com\/wp-content\/uploads\/2025\/07\/campo-afouteza.jpg?fit=2000%2C1500&amp;ssl=1","contentUrl":"https:\/\/i0.wp.com\/asadorfaneco.com\/wp-content\/uploads\/2025\/07\/campo-afouteza.jpg?fit=2000%2C1500&amp;ssl=1"},{"@type":"BreadcrumbList","@id":"https:\/\/asadorfaneco.com\/ciudad-deportiva-afouteza\/#breadcrumb","itemListElement":[{"@type":"ListItem","position":1,"name":"Home","item":"https:\/\/asadorfaneco.com\/"},{"@type":"ListItem","position":2,"name":"Ciudad Deportiva Afouteza"}]},{"@type":"WebSite","@id":"https:\/\/asadorfaneco.com\/#website","url":"https:\/\/asadorfaneco.com\/","name":"Asador Faneco","description":"Brasas, m\u00fasica y naturaleza","potentialAction":[{"@type":"SearchAction","target":{"@type":"EntryPoint","urlTemplate":"https:\/\/asadorfaneco.com\/?s={search_term_string}"},"query-input":{"@type":"PropertyValueSpecification","valueRequired":true,"valueName":"search_term_string"}}],"inLanguage":"gl-ES"}]}},"jetpack_sharing_enabled":true,"_links":{"self":[{"href":"https:\/\/asadorfaneco.com\/gl\/wp-json\/wp\/v2\/pages\/230","targetHints":{"allow":["GET"]}}],"collection":[{"href":"https:\/\/asadorfaneco.com\/gl\/wp-json\/wp\/v2\/pages"}],"about":[{"href":"https:\/\/asadorfaneco.com\/gl\/wp-json\/wp\/v2\/types\/page"}],"author":[{"embeddable":true,"href":"https:\/\/asadorfaneco.com\/gl\/wp-json\/wp\/v2\/users\/1"}],"replies":[{"embeddable":true,"href":"https:\/\/asadorfaneco.com\/gl\/wp-json\/wp\/v2\/comments?post=230"}],"version-history":[{"count":5,"href":"https:\/\/asadorfaneco.com\/gl\/wp-json\/wp\/v2\/pages\/230\/revisions"}],"predecessor-version":[{"id":863,"href":"https:\/\/asadorfaneco.com\/gl\/wp-json\/wp\/v2\/pages\/230\/revisions\/863"}],"wp:attachment":[{"href":"https:\/\/asadorfaneco.com\/gl\/wp-json\/wp\/v2\/media?parent=230"}],"curies":[{"name":"wp","href":"https:\/\/api.w.org\/{rel}","templated":true}]}}